{"id":19535,"date":"2024-04-29T15:38:35","date_gmt":"2024-04-29T18:38:35","guid":{"rendered":"https:\/\/pc.sc.gov.br\/?page_id=19535"},"modified":"2024-08-06T12:52:20","modified_gmt":"2024-08-06T15:52:20","slug":"elementor-19535","status":"publish","type":"page","link":"https:\/\/pc.sc.gov.br\/?page_id=19535","title":{"rendered":"Elementor #19535"},"content":{"rendered":"\t\t<div data-elementor-type=\"wp-page\" data-elementor-id=\"19535\" class=\"elementor elementor-19535\" data-elementor-post-type=\"page\">\n\t\t\t\t\t\t<section class=\"elementor-section elementor-top-section elementor-element elementor-element-e648afe elementor-section-boxed elementor-section-height-default elementor-section-height-default\" data-id=\"e648afe\" data-element_type=\"section\">\n\t\t\t\t\t\t<div class=\"elementor-container elementor-column-gap-default\">\n\t\t\t\t\t<div class=\"elementor-column elementor-col-100 elementor-top-column elementor-element elementor-element-355fe43\" data-id=\"355fe43\" data-element_type=\"column\">\n\t\t\t<div class=\"elementor-widget-wrap elementor-element-populated\">\n\t\t\t\t\t\t<div class=\"elementor-element elementor-element-aea293c elementor-widget elementor-widget-heading\" data-id=\"aea293c\" data-element_type=\"widget\" data-widget_type=\"heading.default\">\n\t\t\t\t<div class=\"elementor-widget-container\">\n\t\t\t\t\t<h1 class=\"elementor-heading-title elementor-size-large\">Galeria de Delegados-Gerais da Pol\u00edcia Civil de Santa Catarina<\/h1>\t\t\t\t<\/div>\n\t\t\t\t<\/div>\n\t\t\t\t\t<\/div>\n\t\t<\/div>\n\t\t\t\t\t<\/div>\n\t\t<\/section>\n\t\t\t\t<section class=\"elementor-section elementor-top-section elementor-element elementor-element-25681fd elementor-section-boxed elementor-section-height-default elementor-section-height-default\" data-id=\"25681fd\" data-element_type=\"section\">\n\t\t\t\t\t\t<div class=\"elementor-container elementor-column-gap-default\">\n\t\t\t\t\t<div class=\"elementor-column elementor-col-100 elementor-top-column elementor-element elementor-element-b880b75\" data-id=\"b880b75\" data-element_type=\"column\">\n\t\t\t<div class=\"elementor-widget-wrap elementor-element-populated\">\n\t\t\t\t\t\t<div class=\"elementor-element elementor-element-b385201 elementor-widget elementor-widget-text-editor\" data-id=\"b385201\" data-element_type=\"widget\" data-widget_type=\"text-editor.default\">\n\t\t\t\t<div class=\"elementor-widget-container\">\n\t\t\t\t\t\t\t\t\t<p>\u00a0<\/p><p>\u00a0<\/p>\t\t\t\t\t\t\t\t<\/div>\n\t\t\t\t<\/div>\n\t\t\t\t\t<\/div>\n\t\t<\/div>\n\t\t\t\t\t<\/div>\n\t\t<\/section>\n\t\t\t\t<section class=\"elementor-section elementor-top-section elementor-element elementor-element-19d6d63 elementor-section-boxed elementor-section-height-default elementor-section-height-default\" data-id=\"19d6d63\" data-element_type=\"section\">\n\t\t\t\t\t\t<div class=\"elementor-container elementor-column-gap-default\">\n\t\t\t\t\t<div class=\"elementor-column elementor-col-25 elementor-top-column elementor-element elementor-element-a06a1a4\" data-id=\"a06a1a4\" data-element_type=\"column\">\n\t\t\t<div class=\"elementor-widget-wrap elementor-element-populated\">\n\t\t\t\t\t\t<div class=\"elementor-element elementor-element-da4e090 elementor-hidden-tablet elementor-hidden-mobile elementor-widget elementor-widget-image\" data-id=\"da4e090\" data-element_type=\"widget\" data-widget_type=\"image.default\">\n\t\t\t\t<div class=\"elementor-widget-container\">\n\t\t\t\t\t\t\t\t\t\t\t\t\t\t\t<img fetchpriority=\"high\" decoding=\"async\" width=\"355\" height=\"454\" src=\"https:\/\/pc.sc.gov.br\/\/wp-content\/uploads\/2024\/07\/del.ulisses.jpg\" class=\"attachment-large size-large wp-image-21916\" alt=\"\" srcset=\"https:\/\/pc.sc.gov.br\/\/wp-content\/uploads\/2024\/07\/del.ulisses.jpg 355w, https:\/\/pc.sc.gov.br\/\/wp-content\/uploads\/2024\/07\/del.ulisses-235x300.jpg 235w\" sizes=\"(max-width: 355px) 100vw, 355px\" \/>\t\t\t\t\t\t\t\t\t\t\t\t\t\t\t<\/div>\n\t\t\t\t<\/div>\n\t\t\t\t\t<\/div>\n\t\t<\/div>\n\t\t\t\t<div class=\"elementor-column elementor-col-50 elementor-top-column elementor-element elementor-element-8e9131c\" data-id=\"8e9131c\" data-element_type=\"column\">\n\t\t\t<div class=\"elementor-widget-wrap elementor-element-populated\">\n\t\t\t\t\t\t<div class=\"elementor-element elementor-element-076096a elementor-hidden-desktop elementor-widget elementor-widget-image\" data-id=\"076096a\" data-element_type=\"widget\" data-widget_type=\"image.default\">\n\t\t\t\t<div class=\"elementor-widget-container\">\n\t\t\t\t\t\t\t\t\t\t\t\t\t\t\t<img fetchpriority=\"high\" decoding=\"async\" width=\"355\" height=\"454\" src=\"https:\/\/pc.sc.gov.br\/\/wp-content\/uploads\/2024\/07\/del.ulisses.jpg\" class=\"attachment-large size-large wp-image-21916\" alt=\"\" srcset=\"https:\/\/pc.sc.gov.br\/\/wp-content\/uploads\/2024\/07\/del.ulisses.jpg 355w, https:\/\/pc.sc.gov.br\/\/wp-content\/uploads\/2024\/07\/del.ulisses-235x300.jpg 235w\" sizes=\"(max-width: 355px) 100vw, 355px\" \/>\t\t\t\t\t\t\t\t\t\t\t\t\t\t\t<\/div>\n\t\t\t\t<\/div>\n\t\t\t\t<div class=\"elementor-element elementor-element-d2b3707 elementor-widget elementor-widget-text-editor\" data-id=\"d2b3707\" data-element_type=\"widget\" data-widget_type=\"text-editor.default\">\n\t\t\t\t<div class=\"elementor-widget-container\">\n\t\t\t\t\t\t\t\t\t<h3 style=\"font-family: Montserrat, sans-serif;\"><span style=\"font-family: var( --e-global-typography-text-font-family ), Sans-serif;\">Ulisses Gabriel<\/span><\/h3><h3 style=\"font-family: Montserrat, sans-serif;\"><span style=\"font-family: var( --e-global-typography-text-font-family ), Sans-serif; font-size: var( --e-global-typography-text-font-size ); font-weight: var( --e-global-typography-text-font-weight );\">Catarinense de Turvo, casado com Thayni Librelato e pai da Maria Eduarda.<\/span><\/h3><p style=\"margin-bottom: 1.6rem; font-size: 16px;\">Delegado de Pol\u00edcia Civil desde 2007. Delegado-Geral da Pol\u00edcia Civil de Santa Catarina desde 2023. Graduado em Direito pela Universidade do Sul de Santa Catarina &#8211; Unisul. P\u00f3s-Graduado, &#8220;lato sensu&#8221;, em Direito Processual Civil pela Universidade do Vale do Itaja\u00ed &#8211; Univali. P\u00f3s-Graduado, &#8220;lato sensu&#8221;, em Marketing Empresarial pelo Centro Universit\u00e1rio Barriga Verde &#8211; Unibave. P\u00f3s-Graduando, &#8220;lato sensu&#8221;, em Gest\u00e3o Empresarial pelo Centro Universit\u00e1rio Barriga Verde &#8211; Unibave. Curso em Gest\u00e3o Corporativa pela Faculdades Energia &#8211; Facierc. Curso em Lideran\u00e7a e Desenvolvimento pela Universidade da Calif\u00f3rnia &#8211; UCSD.\u00a0<span style=\"font-family: var( --e-global-typography-text-font-family ), Sans-serif; font-size: var( --e-global-typography-text-font-size ); font-weight: var( --e-global-typography-text-font-weight );\">Mestre em Direito pela Unesc. Foi professor dos Cursos de Direito do Centro Universit\u00e1rio Barriga Verde &#8211; Unibave e da Universidade do Sul de Santa Catarina &#8211; Unisul. Professor da Academia de Pol\u00edcia Civil de Santa Catarina &#8211; Acadepol. Membro licenciado da Academia Orleanense de Letras &#8211; ACOL. Co-autor do livro &#8220;Entenda Direito&#8221;. Co-autor do livro &#8220;Tau&#8221;. Co-autor do livro &#8220;Ypsilon&#8221;. Organizador do livro Processo Penal e democracia. Articulista de jornais e revistas. Membro da Comiss\u00e3o Permanente de Concurso da Pol\u00edcia Civil de Santa Catarina no concursos para Delegado de Pol\u00edcia Civil em 2008 e 2015. Foi professor tutor do curso de p\u00f3s-gradua\u00e7\u00e3o virtual da Universidade do Sul de Santa Catarina &#8211; Unisul.<\/span><\/p>\t\t\t\t\t\t\t\t<\/div>\n\t\t\t\t<\/div>\n\t\t\t\t\t<\/div>\n\t\t<\/div>\n\t\t\t\t<div class=\"elementor-column elementor-col-25 elementor-top-column elementor-element elementor-element-cbfe579\" data-id=\"cbfe579\" data-element_type=\"column\">\n\t\t\t<div class=\"elementor-widget-wrap\">\n\t\t\t\t\t\t\t<\/div>\n\t\t<\/div>\n\t\t\t\t\t<\/div>\n\t\t<\/section>\n\t\t\t\t<section class=\"elementor-section elementor-top-section elementor-element elementor-element-ab18dd1 elementor-section-boxed elementor-section-height-default elementor-section-height-default\" data-id=\"ab18dd1\" data-element_type=\"section\">\n\t\t\t\t\t\t<div class=\"elementor-container elementor-column-gap-default\">\n\t\t\t\t\t<div class=\"elementor-column elementor-col-100 elementor-top-column elementor-element elementor-element-b760ff5\" data-id=\"b760ff5\" data-element_type=\"column\">\n\t\t\t<div class=\"elementor-widget-wrap elementor-element-populated\">\n\t\t\t\t\t\t<div class=\"elementor-element elementor-element-9fd1bb0 elementor-widget-divider--view-line elementor-widget elementor-widget-divider\" data-id=\"9fd1bb0\" data-element_type=\"widget\" data-widget_type=\"divider.default\">\n\t\t\t\t<div class=\"elementor-widget-container\">\n\t\t\t\t\t\t\t<div class=\"elementor-divider\">\n\t\t\t<span class=\"elementor-divider-separator\">\n\t\t\t\t\t\t<\/span>\n\t\t<\/div>\n\t\t\t\t\t\t<\/div>\n\t\t\t\t<\/div>\n\t\t\t\t\t<\/div>\n\t\t<\/div>\n\t\t\t\t\t<\/div>\n\t\t<\/section>\n\t\t\t\t<section class=\"elementor-section elementor-top-section elementor-element elementor-element-a832da4 elementor-section-boxed elementor-section-height-default elementor-section-height-default\" data-id=\"a832da4\" data-element_type=\"section\">\n\t\t\t\t\t\t<div class=\"elementor-container elementor-column-gap-default\">\n\t\t\t\t\t<div class=\"elementor-column elementor-col-25 elementor-top-column elementor-element elementor-element-59ebae5\" data-id=\"59ebae5\" data-element_type=\"column\">\n\t\t\t<div class=\"elementor-widget-wrap elementor-element-populated\">\n\t\t\t\t\t\t<div class=\"elementor-element elementor-element-581ced5 elementor-hidden-tablet elementor-hidden-mobile elementor-widget elementor-widget-image\" data-id=\"581ced5\" data-element_type=\"widget\" data-widget_type=\"image.default\">\n\t\t\t\t<div class=\"elementor-widget-container\">\n\t\t\t\t\t\t\t\t\t\t\t\t\t\t\t<img decoding=\"async\" width=\"636\" height=\"821\" src=\"https:\/\/pc.sc.gov.br\/\/wp-content\/uploads\/2024\/04\/Akira-Sato.jpg\" class=\"attachment-large size-large wp-image-19545\" alt=\"\" srcset=\"https:\/\/pc.sc.gov.br\/\/wp-content\/uploads\/2024\/04\/Akira-Sato.jpg 636w, https:\/\/pc.sc.gov.br\/\/wp-content\/uploads\/2024\/04\/Akira-Sato-232x300.jpg 232w\" sizes=\"(max-width: 636px) 100vw, 636px\" \/>\t\t\t\t\t\t\t\t\t\t\t\t\t\t\t<\/div>\n\t\t\t\t<\/div>\n\t\t\t\t\t<\/div>\n\t\t<\/div>\n\t\t\t\t<div class=\"elementor-column elementor-col-50 elementor-top-column elementor-element elementor-element-0ba2ec1\" data-id=\"0ba2ec1\" data-element_type=\"column\">\n\t\t\t<div class=\"elementor-widget-wrap elementor-element-populated\">\n\t\t\t\t\t\t<div class=\"elementor-element elementor-element-2377baf elementor-hidden-desktop elementor-widget elementor-widget-image\" data-id=\"2377baf\" data-element_type=\"widget\" data-widget_type=\"image.default\">\n\t\t\t\t<div class=\"elementor-widget-container\">\n\t\t\t\t\t\t\t\t\t\t\t\t\t\t\t<img decoding=\"async\" width=\"636\" height=\"821\" src=\"https:\/\/pc.sc.gov.br\/\/wp-content\/uploads\/2024\/04\/Akira-Sato.jpg\" class=\"attachment-large size-large wp-image-19545\" alt=\"\" srcset=\"https:\/\/pc.sc.gov.br\/\/wp-content\/uploads\/2024\/04\/Akira-Sato.jpg 636w, https:\/\/pc.sc.gov.br\/\/wp-content\/uploads\/2024\/04\/Akira-Sato-232x300.jpg 232w\" sizes=\"(max-width: 636px) 100vw, 636px\" \/>\t\t\t\t\t\t\t\t\t\t\t\t\t\t\t<\/div>\n\t\t\t\t<\/div>\n\t\t\t\t<div class=\"elementor-element elementor-element-a4c45de elementor-widget elementor-widget-text-editor\" data-id=\"a4c45de\" data-element_type=\"widget\" data-widget_type=\"text-editor.default\">\n\t\t\t\t<div class=\"elementor-widget-container\">\n\t\t\t\t\t\t\t\t\t<h3><span dir=\"ltr\">Laurito Akira Sato<\/span><\/h3><p><span dir=\"ltr\">09\/2021 a 10\/2021<\/span><\/p><p><span dir=\"ltr\">Akira \u00e9 Paulista e est\u00e1 na Pol\u00edcia Civil <\/span><span dir=\"ltr\">Catarinense desde 2006, trabalhando como Delegado de Pol\u00edcia. Ele tem vasta <\/span><span dir=\"ltr\">experi\u00eancia na \u00e1rea da seguran\u00e7a p\u00fablica, j\u00e1 atuou por 9 anos como investigador do <\/span><span dir=\"ltr\">Grupo Garra do ABC em S\u00e3o Paulo e em Santa Catarina, coordenou a Divis\u00e3o de <\/span><span dir=\"ltr\">Furtos e Roubos de Ve\u00edculos (DFRV) da Delegacia Especializada em Tr\u00e2nsito de <\/span><span dir=\"ltr\">Joinville. \u00c9 instrutor de Tiro e T\u00e1ticas Policiais da Acadepol (SC) e da For\u00e7a Nacional de <\/span><span dir=\"ltr\">Seguran\u00e7a P\u00fablica. Em Bras\u00edlia, desde o ano passado, coordenava as opera\u00e7\u00f5es da <\/span><span dir=\"ltr\">Pol\u00edcia Judici\u00e1ria do Departamento da For\u00e7a Nacional da Secretaria Nacional de <\/span><span dir=\"ltr\">Seguran\u00e7a P\u00fablica.<\/span><\/p>\t\t\t\t\t\t\t\t<\/div>\n\t\t\t\t<\/div>\n\t\t\t\t\t<\/div>\n\t\t<\/div>\n\t\t\t\t<div class=\"elementor-column elementor-col-25 elementor-top-column elementor-element elementor-element-07e26f5\" data-id=\"07e26f5\" data-element_type=\"column\">\n\t\t\t<div class=\"elementor-widget-wrap\">\n\t\t\t\t\t\t\t<\/div>\n\t\t<\/div>\n\t\t\t\t\t<\/div>\n\t\t<\/section>\n\t\t\t\t<section class=\"elementor-section elementor-top-section elementor-element elementor-element-3a19d37 elementor-section-boxed elementor-section-height-default elementor-section-height-default\" data-id=\"3a19d37\" data-element_type=\"section\">\n\t\t\t\t\t\t<div class=\"elementor-container elementor-column-gap-default\">\n\t\t\t\t\t<div class=\"elementor-column elementor-col-100 elementor-top-column elementor-element elementor-element-23fa4ae\" data-id=\"23fa4ae\" data-element_type=\"column\">\n\t\t\t<div class=\"elementor-widget-wrap elementor-element-populated\">\n\t\t\t\t\t\t<div class=\"elementor-element elementor-element-41f04c8 elementor-widget-divider--view-line elementor-widget elementor-widget-divider\" data-id=\"41f04c8\" data-element_type=\"widget\" data-widget_type=\"divider.default\">\n\t\t\t\t<div class=\"elementor-widget-container\">\n\t\t\t\t\t\t\t<div class=\"elementor-divider\">\n\t\t\t<span class=\"elementor-divider-separator\">\n\t\t\t\t\t\t<\/span>\n\t\t<\/div>\n\t\t\t\t\t\t<\/div>\n\t\t\t\t<\/div>\n\t\t\t\t\t<\/div>\n\t\t<\/div>\n\t\t\t\t\t<\/div>\n\t\t<\/section>\n\t\t\t\t<section class=\"elementor-section elementor-top-section elementor-element elementor-element-c0f77ea elementor-section-boxed elementor-section-height-default elementor-section-height-default\" data-id=\"c0f77ea\" data-element_type=\"section\">\n\t\t\t\t\t\t<div class=\"elementor-container elementor-column-gap-default\">\n\t\t\t\t\t<div class=\"elementor-column elementor-col-25 elementor-top-column elementor-element elementor-element-b99813f\" data-id=\"b99813f\" data-element_type=\"column\">\n\t\t\t<div class=\"elementor-widget-wrap elementor-element-populated\">\n\t\t\t\t\t\t<div class=\"elementor-element elementor-element-c17d6a1 elementor-hidden-tablet elementor-hidden-mobile elementor-widget elementor-widget-image\" data-id=\"c17d6a1\" data-element_type=\"widget\" data-widget_type=\"image.default\">\n\t\t\t\t<div class=\"elementor-widget-container\">\n\t\t\t\t\t\t\t\t\t\t\t\t\t\t\t<img decoding=\"async\" width=\"501\" height=\"768\" src=\"https:\/\/pc.sc.gov.br\/\/wp-content\/uploads\/2024\/04\/Paulo-Koerich.jpg\" class=\"attachment-large size-large wp-image-19566\" alt=\"\" srcset=\"https:\/\/pc.sc.gov.br\/\/wp-content\/uploads\/2024\/04\/Paulo-Koerich.jpg 501w, https:\/\/pc.sc.gov.br\/\/wp-content\/uploads\/2024\/04\/Paulo-Koerich-196x300.jpg 196w\" sizes=\"(max-width: 501px) 100vw, 501px\" \/>\t\t\t\t\t\t\t\t\t\t\t\t\t\t\t<\/div>\n\t\t\t\t<\/div>\n\t\t\t\t\t<\/div>\n\t\t<\/div>\n\t\t\t\t<div class=\"elementor-column elementor-col-50 elementor-top-column elementor-element elementor-element-8d9713e\" data-id=\"8d9713e\" data-element_type=\"column\">\n\t\t\t<div class=\"elementor-widget-wrap elementor-element-populated\">\n\t\t\t\t\t\t<div class=\"elementor-element elementor-element-f7f4fb2 elementor-hidden-desktop elementor-widget elementor-widget-image\" data-id=\"f7f4fb2\" data-element_type=\"widget\" data-widget_type=\"image.default\">\n\t\t\t\t<div class=\"elementor-widget-container\">\n\t\t\t\t\t\t\t\t\t\t\t\t\t\t\t<img decoding=\"async\" width=\"501\" height=\"768\" src=\"https:\/\/pc.sc.gov.br\/\/wp-content\/uploads\/2024\/04\/Paulo-Koerich.jpg\" class=\"attachment-large size-large wp-image-19566\" alt=\"\" srcset=\"https:\/\/pc.sc.gov.br\/\/wp-content\/uploads\/2024\/04\/Paulo-Koerich.jpg 501w, https:\/\/pc.sc.gov.br\/\/wp-content\/uploads\/2024\/04\/Paulo-Koerich-196x300.jpg 196w\" sizes=\"(max-width: 501px) 100vw, 501px\" \/>\t\t\t\t\t\t\t\t\t\t\t\t\t\t\t<\/div>\n\t\t\t\t<\/div>\n\t\t\t\t<div class=\"elementor-element elementor-element-c9ee642 elementor-widget elementor-widget-text-editor\" data-id=\"c9ee642\" data-element_type=\"widget\" data-widget_type=\"text-editor.default\">\n\t\t\t\t<div class=\"elementor-widget-container\">\n\t\t\t\t\t\t\t\t\t<h3><span dir=\"ltr\">Paulo Norberto Koerich<\/span><\/h3><p><span dir=\"ltr\">02\/2019 a 09\/2021<\/span><\/p><p><span dir=\"ltr\">N<\/span><span dir=\"ltr\">atural de Blumenau e formado em <\/span><span dir=\"ltr\">Direito pela FURB, atuou durante tr\u00eas anos como advogado at\u00e9 ingressar na carreira <\/span><span dir=\"ltr\">policial. Ingressou na Pol\u00edcia Civil de Santa Catarina no dia 12 de agosto de 1994, foi <\/span><span dir=\"ltr\">delegado nas comarcas de Blumenau, Itaja\u00ed e Joinville, al\u00e9m de Gaspar. Tamb\u00e9m atuou <\/span><span dir=\"ltr\">no Gaeco (Grupo de Atua\u00e7\u00e3o Especial de Combate a Organiza\u00e7\u00f5es Criminosas) de <\/span><span dir=\"ltr\">Blumenau e nas diretorias de pol\u00edcia do Litoral e do Interior.<\/span><\/p>\t\t\t\t\t\t\t\t<\/div>\n\t\t\t\t<\/div>\n\t\t\t\t\t<\/div>\n\t\t<\/div>\n\t\t\t\t<div class=\"elementor-column elementor-col-25 elementor-top-column elementor-element elementor-element-f5f9370\" data-id=\"f5f9370\" data-element_type=\"column\">\n\t\t\t<div class=\"elementor-widget-wrap\">\n\t\t\t\t\t\t\t<\/div>\n\t\t<\/div>\n\t\t\t\t\t<\/div>\n\t\t<\/section>\n\t\t\t\t<section class=\"elementor-section elementor-top-section elementor-element elementor-element-5f6e839 elementor-section-boxed elementor-section-height-default elementor-section-height-default\" data-id=\"5f6e839\" data-element_type=\"section\">\n\t\t\t\t\t\t<div class=\"elementor-container elementor-column-gap-default\">\n\t\t\t\t\t<div class=\"elementor-column elementor-col-100 elementor-top-column elementor-element elementor-element-328c8fb\" data-id=\"328c8fb\" data-element_type=\"column\">\n\t\t\t<div class=\"elementor-widget-wrap elementor-element-populated\">\n\t\t\t\t\t\t<div class=\"elementor-element elementor-element-a80bd1f elementor-widget-divider--view-line elementor-widget elementor-widget-divider\" data-id=\"a80bd1f\" data-element_type=\"widget\" data-widget_type=\"divider.default\">\n\t\t\t\t<div class=\"elementor-widget-container\">\n\t\t\t\t\t\t\t<div class=\"elementor-divider\">\n\t\t\t<span class=\"elementor-divider-separator\">\n\t\t\t\t\t\t<\/span>\n\t\t<\/div>\n\t\t\t\t\t\t<\/div>\n\t\t\t\t<\/div>\n\t\t\t\t\t<\/div>\n\t\t<\/div>\n\t\t\t\t\t<\/div>\n\t\t<\/section>\n\t\t\t\t<section class=\"elementor-section elementor-top-section elementor-element elementor-element-60f06b5 elementor-section-boxed elementor-section-height-default elementor-section-height-default\" data-id=\"60f06b5\" data-element_type=\"section\">\n\t\t\t\t\t\t<div class=\"elementor-container elementor-column-gap-default\">\n\t\t\t\t\t<div class=\"elementor-column elementor-col-25 elementor-top-column elementor-element elementor-element-f3afca7\" data-id=\"f3afca7\" data-element_type=\"column\">\n\t\t\t<div class=\"elementor-widget-wrap elementor-element-populated\">\n\t\t\t\t\t\t<div class=\"elementor-element elementor-element-f08b247 elementor-hidden-tablet elementor-hidden-mobile elementor-widget elementor-widget-image\" data-id=\"f08b247\" data-element_type=\"widget\" data-widget_type=\"image.default\">\n\t\t\t\t<div class=\"elementor-widget-container\">\n\t\t\t\t\t\t\t\t\t\t\t\t\t\t\t<img loading=\"lazy\" decoding=\"async\" width=\"688\" height=\"916\" src=\"https:\/\/pc.sc.gov.br\/\/wp-content\/uploads\/2024\/04\/Marcos-Ghizoni.jpeg\" class=\"attachment-large size-large wp-image-19563\" alt=\"\" srcset=\"https:\/\/pc.sc.gov.br\/\/wp-content\/uploads\/2024\/04\/Marcos-Ghizoni.jpeg 688w, https:\/\/pc.sc.gov.br\/\/wp-content\/uploads\/2024\/04\/Marcos-Ghizoni-225x300.jpeg 225w\" sizes=\"(max-width: 688px) 100vw, 688px\" \/>\t\t\t\t\t\t\t\t\t\t\t\t\t\t\t<\/div>\n\t\t\t\t<\/div>\n\t\t\t\t\t<\/div>\n\t\t<\/div>\n\t\t\t\t<div class=\"elementor-column elementor-col-50 elementor-top-column elementor-element elementor-element-4a91e09\" data-id=\"4a91e09\" data-element_type=\"column\">\n\t\t\t<div class=\"elementor-widget-wrap elementor-element-populated\">\n\t\t\t\t\t\t<div class=\"elementor-element elementor-element-dfbdb6c elementor-hidden-desktop elementor-widget elementor-widget-image\" data-id=\"dfbdb6c\" data-element_type=\"widget\" data-widget_type=\"image.default\">\n\t\t\t\t<div class=\"elementor-widget-container\">\n\t\t\t\t\t\t\t\t\t\t\t\t\t\t\t<img loading=\"lazy\" decoding=\"async\" width=\"688\" height=\"916\" src=\"https:\/\/pc.sc.gov.br\/\/wp-content\/uploads\/2024\/04\/Marcos-Ghizoni.jpeg\" class=\"attachment-large size-large wp-image-19563\" alt=\"\" srcset=\"https:\/\/pc.sc.gov.br\/\/wp-content\/uploads\/2024\/04\/Marcos-Ghizoni.jpeg 688w, https:\/\/pc.sc.gov.br\/\/wp-content\/uploads\/2024\/04\/Marcos-Ghizoni-225x300.jpeg 225w\" sizes=\"(max-width: 688px) 100vw, 688px\" \/>\t\t\t\t\t\t\t\t\t\t\t\t\t\t\t<\/div>\n\t\t\t\t<\/div>\n\t\t\t\t<div class=\"elementor-element elementor-element-fbf71a6 elementor-widget elementor-widget-text-editor\" data-id=\"fbf71a6\" data-element_type=\"widget\" data-widget_type=\"text-editor.default\">\n\t\t\t\t<div class=\"elementor-widget-container\">\n\t\t\t\t\t\t\t\t\t<h3><span dir=\"ltr\"> Marcos Ghizoni Junior<\/span><\/h3><p><span dir=\"ltr\">02\/2018 a 12\/2018 e 10\/2021 a 01\/2023<\/span><\/p><p><span dir=\"ltr\">Marcos Fl\u00e1vio <\/span><span dir=\"ltr\">Ghizoni J\u00fanior nasceu em 6 de novembro de 1972 e entrou para a Pol\u00edcia Civil em <\/span><span dir=\"ltr\">2006. De 2015 ao in\u00edcio de 2018, atuou como delegado geral adjunto, tendo assumido o <\/span><span dir=\"ltr\">comando da corpora\u00e7\u00e3o em 20 de fevereiro de 2018. Desde ent\u00e3o, atuou como <\/span><span dir=\"ltr\">controlador-geral da Assembleia Legislativa. Possui gradua\u00e7\u00e3o em Direito pela UNISUL, <\/span><span dir=\"ltr\">onde se formou em 2003, e gradua\u00e7\u00e3o em Ci\u00eancia da Computa\u00e7\u00e3o pela Universidade <\/span><span dir=\"ltr\">do Vale do Itaja\u00ed, a UNIVALI, onde se formou em 1999.<\/span><\/p>\t\t\t\t\t\t\t\t<\/div>\n\t\t\t\t<\/div>\n\t\t\t\t\t<\/div>\n\t\t<\/div>\n\t\t\t\t<div class=\"elementor-column elementor-col-25 elementor-top-column elementor-element elementor-element-0b4a10c\" data-id=\"0b4a10c\" data-element_type=\"column\">\n\t\t\t<div class=\"elementor-widget-wrap\">\n\t\t\t\t\t\t\t<\/div>\n\t\t<\/div>\n\t\t\t\t\t<\/div>\n\t\t<\/section>\n\t\t\t\t<section class=\"elementor-section elementor-top-section elementor-element elementor-element-72f4be5 elementor-section-boxed elementor-section-height-default elementor-section-height-default\" data-id=\"72f4be5\" data-element_type=\"section\">\n\t\t\t\t\t\t<div class=\"elementor-container elementor-column-gap-default\">\n\t\t\t\t\t<div class=\"elementor-column elementor-col-100 elementor-top-column elementor-element elementor-element-06a403a\" data-id=\"06a403a\" data-element_type=\"column\">\n\t\t\t<div class=\"elementor-widget-wrap elementor-element-populated\">\n\t\t\t\t\t\t<div class=\"elementor-element elementor-element-14c54cc elementor-widget-divider--view-line elementor-widget elementor-widget-divider\" data-id=\"14c54cc\" data-element_type=\"widget\" data-widget_type=\"divider.default\">\n\t\t\t\t<div class=\"elementor-widget-container\">\n\t\t\t\t\t\t\t<div class=\"elementor-divider\">\n\t\t\t<span class=\"elementor-divider-separator\">\n\t\t\t\t\t\t<\/span>\n\t\t<\/div>\n\t\t\t\t\t\t<\/div>\n\t\t\t\t<\/div>\n\t\t\t\t\t<\/div>\n\t\t<\/div>\n\t\t\t\t\t<\/div>\n\t\t<\/section>\n\t\t\t\t<section class=\"elementor-section elementor-top-section elementor-element elementor-element-821351c elementor-section-boxed elementor-section-height-default elementor-section-height-default\" data-id=\"821351c\" data-element_type=\"section\">\n\t\t\t\t\t\t<div class=\"elementor-container elementor-column-gap-default\">\n\t\t\t\t\t<div class=\"elementor-column elementor-col-25 elementor-top-column elementor-element elementor-element-5631778\" data-id=\"5631778\" data-element_type=\"column\">\n\t\t\t<div class=\"elementor-widget-wrap elementor-element-populated\">\n\t\t\t\t\t\t<div class=\"elementor-element elementor-element-f5d8637 elementor-hidden-tablet elementor-hidden-mobile elementor-widget elementor-widget-image\" data-id=\"f5d8637\" data-element_type=\"widget\" data-widget_type=\"image.default\">\n\t\t\t\t<div class=\"elementor-widget-container\">\n\t\t\t\t\t\t\t\t\t\t\t\t\t\t\t<img loading=\"lazy\" decoding=\"async\" width=\"463\" height=\"829\" src=\"https:\/\/pc.sc.gov.br\/\/wp-content\/uploads\/2024\/04\/Artur-Nitz.jpeg\" class=\"attachment-large size-large wp-image-19548\" alt=\"\" srcset=\"https:\/\/pc.sc.gov.br\/\/wp-content\/uploads\/2024\/04\/Artur-Nitz.jpeg 463w, https:\/\/pc.sc.gov.br\/\/wp-content\/uploads\/2024\/04\/Artur-Nitz-168x300.jpeg 168w\" sizes=\"(max-width: 463px) 100vw, 463px\" \/>\t\t\t\t\t\t\t\t\t\t\t\t\t\t\t<\/div>\n\t\t\t\t<\/div>\n\t\t\t\t\t<\/div>\n\t\t<\/div>\n\t\t\t\t<div class=\"elementor-column elementor-col-50 elementor-top-column elementor-element elementor-element-29842d7\" data-id=\"29842d7\" data-element_type=\"column\">\n\t\t\t<div class=\"elementor-widget-wrap elementor-element-populated\">\n\t\t\t\t\t\t<div class=\"elementor-element elementor-element-3e20611 elementor-hidden-desktop elementor-widget elementor-widget-image\" data-id=\"3e20611\" data-element_type=\"widget\" data-widget_type=\"image.default\">\n\t\t\t\t<div class=\"elementor-widget-container\">\n\t\t\t\t\t\t\t\t\t\t\t\t\t\t\t<img loading=\"lazy\" decoding=\"async\" width=\"463\" height=\"829\" src=\"https:\/\/pc.sc.gov.br\/\/wp-content\/uploads\/2024\/04\/Artur-Nitz.jpeg\" class=\"attachment-large size-large wp-image-19548\" alt=\"\" srcset=\"https:\/\/pc.sc.gov.br\/\/wp-content\/uploads\/2024\/04\/Artur-Nitz.jpeg 463w, https:\/\/pc.sc.gov.br\/\/wp-content\/uploads\/2024\/04\/Artur-Nitz-168x300.jpeg 168w\" sizes=\"(max-width: 463px) 100vw, 463px\" \/>\t\t\t\t\t\t\t\t\t\t\t\t\t\t\t<\/div>\n\t\t\t\t<\/div>\n\t\t\t\t<div class=\"elementor-element elementor-element-0209dd7 elementor-widget elementor-widget-text-editor\" data-id=\"0209dd7\" data-element_type=\"widget\" data-widget_type=\"text-editor.default\">\n\t\t\t\t<div class=\"elementor-widget-container\">\n\t\t\t\t\t\t\t\t\t<h3><span dir=\"ltr\">Artur Nitz <\/span><\/h3><p><span dir=\"ltr\">01\/2015 a 02\/2018<\/span><\/p><p><span dir=\"ltr\">Graduado em Direito pela Funda\u00e7\u00e3o de Ensino do Polo <\/span><span dir=\"ltr\">Geoeducacional do Vale do Itaja\u00ed \u2013 FEPEVI; Ingressou no Curso de Prepara\u00e7\u00e3o a <\/span><span dir=\"ltr\">Magistratura na Escola Superior da Magistratura de Santa Catarina; Ingressou no Curso <\/span><span dir=\"ltr\">de Delegado de Pol\u00edcia na Academia de Pol\u00edcia Civil; e P\u00f3s-Gradua\u00e7\u00e3o em Direito <\/span><span dir=\"ltr\">Penal e Processual Penal, na Faculdade Avantis. Atuou como Delegado de Pol\u00edcia das <\/span><span dir=\"ltr\">Comarcas respectivas de Cunha Por\u00e3 e Brusque. Foi Delegado de Pol\u00edcia na Comarca <\/span><span dir=\"ltr\">de Urussanga e Delegado Regional de Pol\u00edcia da Comarca de Curitibanos; Foi <\/span><span dir=\"ltr\">Assistente Pessoal de Secret\u00e1rio de Seguran\u00e7a P\u00fablica; Delegado de Pol\u00edcia da 1\u00aa <\/span><span dir=\"ltr\">Delegacia de Pol\u00edcia de Crici\u00fama; Delegado de Pol\u00edcia da Comarca de Balne\u00e1rio <\/span><span dir=\"ltr\">Cambori\u00fa e Diretor de Pol\u00edcia do Litoral<\/span><\/p>\t\t\t\t\t\t\t\t<\/div>\n\t\t\t\t<\/div>\n\t\t\t\t\t<\/div>\n\t\t<\/div>\n\t\t\t\t<div class=\"elementor-column elementor-col-25 elementor-top-column elementor-element elementor-element-0e4e17c\" data-id=\"0e4e17c\" data-element_type=\"column\">\n\t\t\t<div class=\"elementor-widget-wrap\">\n\t\t\t\t\t\t\t<\/div>\n\t\t<\/div>\n\t\t\t\t\t<\/div>\n\t\t<\/section>\n\t\t\t\t<section class=\"elementor-section elementor-top-section elementor-element elementor-element-0f4e806 elementor-section-boxed elementor-section-height-default elementor-section-height-default\" data-id=\"0f4e806\" data-element_type=\"section\">\n\t\t\t\t\t\t<div class=\"elementor-container elementor-column-gap-default\">\n\t\t\t\t\t<div class=\"elementor-column elementor-col-100 elementor-top-column elementor-element elementor-element-1dd86ce\" data-id=\"1dd86ce\" data-element_type=\"column\">\n\t\t\t<div class=\"elementor-widget-wrap elementor-element-populated\">\n\t\t\t\t\t\t<div class=\"elementor-element elementor-element-732c220 elementor-widget-divider--view-line elementor-widget elementor-widget-divider\" data-id=\"732c220\" data-element_type=\"widget\" data-widget_type=\"divider.default\">\n\t\t\t\t<div class=\"elementor-widget-container\">\n\t\t\t\t\t\t\t<div class=\"elementor-divider\">\n\t\t\t<span class=\"elementor-divider-separator\">\n\t\t\t\t\t\t<\/span>\n\t\t<\/div>\n\t\t\t\t\t\t<\/div>\n\t\t\t\t<\/div>\n\t\t\t\t\t<\/div>\n\t\t<\/div>\n\t\t\t\t\t<\/div>\n\t\t<\/section>\n\t\t\t\t<section class=\"elementor-section elementor-top-section elementor-element elementor-element-f2cd31d elementor-section-boxed elementor-section-height-default elementor-section-height-default\" data-id=\"f2cd31d\" data-element_type=\"section\">\n\t\t\t\t\t\t<div class=\"elementor-container elementor-column-gap-default\">\n\t\t\t\t\t<div class=\"elementor-column elementor-col-25 elementor-top-column elementor-element elementor-element-7280dbe\" data-id=\"7280dbe\" data-element_type=\"column\">\n\t\t\t<div class=\"elementor-widget-wrap elementor-element-populated\">\n\t\t\t\t\t\t<div class=\"elementor-element elementor-element-44ac31a elementor-hidden-tablet elementor-hidden-mobile elementor-widget elementor-widget-image\" data-id=\"44ac31a\" data-element_type=\"widget\" data-widget_type=\"image.default\">\n\t\t\t\t<div class=\"elementor-widget-container\">\n\t\t\t\t\t\t\t\t\t\t\t\t\t\t\t<img loading=\"lazy\" decoding=\"async\" width=\"590\" height=\"773\" src=\"https:\/\/pc.sc.gov.br\/\/wp-content\/uploads\/2024\/04\/Aldo-Pinheiro-Davilla.jpg\" class=\"attachment-large size-large wp-image-19546\" alt=\"\" srcset=\"https:\/\/pc.sc.gov.br\/\/wp-content\/uploads\/2024\/04\/Aldo-Pinheiro-Davilla.jpg 590w, https:\/\/pc.sc.gov.br\/\/wp-content\/uploads\/2024\/04\/Aldo-Pinheiro-Davilla-229x300.jpg 229w\" sizes=\"(max-width: 590px) 100vw, 590px\" \/>\t\t\t\t\t\t\t\t\t\t\t\t\t\t\t<\/div>\n\t\t\t\t<\/div>\n\t\t\t\t\t<\/div>\n\t\t<\/div>\n\t\t\t\t<div class=\"elementor-column elementor-col-50 elementor-top-column elementor-element elementor-element-5e3ed1a\" data-id=\"5e3ed1a\" data-element_type=\"column\">\n\t\t\t<div class=\"elementor-widget-wrap elementor-element-populated\">\n\t\t\t\t\t\t<div class=\"elementor-element elementor-element-12a7129 elementor-hidden-desktop elementor-widget elementor-widget-image\" data-id=\"12a7129\" data-element_type=\"widget\" data-widget_type=\"image.default\">\n\t\t\t\t<div class=\"elementor-widget-container\">\n\t\t\t\t\t\t\t\t\t\t\t\t\t\t\t<img loading=\"lazy\" decoding=\"async\" width=\"590\" height=\"773\" src=\"https:\/\/pc.sc.gov.br\/\/wp-content\/uploads\/2024\/04\/Aldo-Pinheiro-Davilla.jpg\" class=\"attachment-large size-large wp-image-19546\" alt=\"\" srcset=\"https:\/\/pc.sc.gov.br\/\/wp-content\/uploads\/2024\/04\/Aldo-Pinheiro-Davilla.jpg 590w, https:\/\/pc.sc.gov.br\/\/wp-content\/uploads\/2024\/04\/Aldo-Pinheiro-Davilla-229x300.jpg 229w\" sizes=\"(max-width: 590px) 100vw, 590px\" \/>\t\t\t\t\t\t\t\t\t\t\t\t\t\t\t<\/div>\n\t\t\t\t<\/div>\n\t\t\t\t<div class=\"elementor-element elementor-element-2ec7c95 elementor-widget elementor-widget-text-editor\" data-id=\"2ec7c95\" data-element_type=\"widget\" data-widget_type=\"text-editor.default\">\n\t\t\t\t<div class=\"elementor-widget-container\">\n\t\t\t\t\t\t\t\t\t<h3><span dir=\"ltr\">Aldo Pinheiro D&#8217;\u00e1vila<\/span><\/h3><p><span dir=\"ltr\">01\/2011 a 12\/2014<\/span><\/p><p><span dir=\"ltr\">Formado em Direito pela Universidade <\/span><span dir=\"ltr\">Federal de Santa Catarina (UFSC), \u00e9 p\u00f3s-graduado em Direito Penal e Processo Penal <\/span><span dir=\"ltr\">pela Universidade Regional de Blumenau (Furb) e mestre em Ci\u00eancia Jur\u00eddica pela <\/span><span dir=\"ltr\">Univali. Iniciou a carreira em Rio do Sul no ano de 1991. Foi delegado das comarcas de <\/span><span dir=\"ltr\">Rio do Sul, Trombudo Central, Ibirama e Ituporanga. Ocupou os cargos de delegado <\/span><span dir=\"ltr\">regional de Ituporanga e de Rio do Sul. Foi professor e diretor da Academia de Pol\u00edcia, <\/span><span dir=\"ltr\">onde ministrou a disciplina de Direito Penal. Exerceu o cargo de delegado-geral da <\/span><span dir=\"ltr\">Pol\u00edcia Civil de 2011 a 2014<\/span><\/p>\t\t\t\t\t\t\t\t<\/div>\n\t\t\t\t<\/div>\n\t\t\t\t\t<\/div>\n\t\t<\/div>\n\t\t\t\t<div class=\"elementor-column elementor-col-25 elementor-top-column elementor-element elementor-element-c224eae\" data-id=\"c224eae\" data-element_type=\"column\">\n\t\t\t<div class=\"elementor-widget-wrap\">\n\t\t\t\t\t\t\t<\/div>\n\t\t<\/div>\n\t\t\t\t\t<\/div>\n\t\t<\/section>\n\t\t\t\t<section class=\"elementor-section elementor-top-section elementor-element elementor-element-cf06fd1 elementor-section-boxed elementor-section-height-default elementor-section-height-default\" data-id=\"cf06fd1\" data-element_type=\"section\">\n\t\t\t\t\t\t<div class=\"elementor-container elementor-column-gap-default\">\n\t\t\t\t\t<div class=\"elementor-column elementor-col-100 elementor-top-column elementor-element elementor-element-fb9924b\" data-id=\"fb9924b\" data-element_type=\"column\">\n\t\t\t<div class=\"elementor-widget-wrap elementor-element-populated\">\n\t\t\t\t\t\t<div class=\"elementor-element elementor-element-a2efcc5 elementor-widget-divider--view-line elementor-widget elementor-widget-divider\" data-id=\"a2efcc5\" data-element_type=\"widget\" data-widget_type=\"divider.default\">\n\t\t\t\t<div class=\"elementor-widget-container\">\n\t\t\t\t\t\t\t<div class=\"elementor-divider\">\n\t\t\t<span class=\"elementor-divider-separator\">\n\t\t\t\t\t\t<\/span>\n\t\t<\/div>\n\t\t\t\t\t\t<\/div>\n\t\t\t\t<\/div>\n\t\t\t\t\t<\/div>\n\t\t<\/div>\n\t\t\t\t\t<\/div>\n\t\t<\/section>\n\t\t\t\t<section class=\"elementor-section elementor-top-section elementor-element elementor-element-a91cd8f elementor-section-boxed elementor-section-height-default elementor-section-height-default\" data-id=\"a91cd8f\" data-element_type=\"section\">\n\t\t\t\t\t\t<div class=\"elementor-container elementor-column-gap-default\">\n\t\t\t\t\t<div class=\"elementor-column elementor-col-25 elementor-top-column elementor-element elementor-element-8083071\" data-id=\"8083071\" data-element_type=\"column\">\n\t\t\t<div class=\"elementor-widget-wrap elementor-element-populated\">\n\t\t\t\t\t\t<div class=\"elementor-element elementor-element-6c6a4b4 elementor-hidden-tablet elementor-hidden-mobile elementor-widget elementor-widget-image\" data-id=\"6c6a4b4\" data-element_type=\"widget\" data-widget_type=\"image.default\">\n\t\t\t\t<div class=\"elementor-widget-container\">\n\t\t\t\t\t\t\t\t\t\t\t\t\t\t\t<img loading=\"lazy\" decoding=\"async\" width=\"696\" height=\"967\" src=\"https:\/\/pc.sc.gov.br\/\/wp-content\/uploads\/2024\/04\/Ademir-Serafim-737x1024.jpeg\" class=\"attachment-large size-large wp-image-19544\" alt=\"\" srcset=\"https:\/\/pc.sc.gov.br\/\/wp-content\/uploads\/2024\/04\/Ademir-Serafim-737x1024.jpeg 737w, https:\/\/pc.sc.gov.br\/\/wp-content\/uploads\/2024\/04\/Ademir-Serafim-216x300.jpeg 216w, https:\/\/pc.sc.gov.br\/\/wp-content\/uploads\/2024\/04\/Ademir-Serafim-768x1067.jpeg 768w, https:\/\/pc.sc.gov.br\/\/wp-content\/uploads\/2024\/04\/Ademir-Serafim.jpeg 921w\" sizes=\"(max-width: 696px) 100vw, 696px\" \/>\t\t\t\t\t\t\t\t\t\t\t\t\t\t\t<\/div>\n\t\t\t\t<\/div>\n\t\t\t\t\t<\/div>\n\t\t<\/div>\n\t\t\t\t<div class=\"elementor-column elementor-col-50 elementor-top-column elementor-element elementor-element-e6e609d\" data-id=\"e6e609d\" data-element_type=\"column\">\n\t\t\t<div class=\"elementor-widget-wrap elementor-element-populated\">\n\t\t\t\t\t\t<div class=\"elementor-element elementor-element-8f9cd75 elementor-hidden-desktop elementor-widget elementor-widget-image\" data-id=\"8f9cd75\" data-element_type=\"widget\" data-widget_type=\"image.default\">\n\t\t\t\t<div class=\"elementor-widget-container\">\n\t\t\t\t\t\t\t\t\t\t\t\t\t\t\t<img loading=\"lazy\" decoding=\"async\" width=\"696\" height=\"967\" src=\"https:\/\/pc.sc.gov.br\/\/wp-content\/uploads\/2024\/04\/Ademir-Serafim-737x1024.jpeg\" class=\"attachment-large size-large wp-image-19544\" alt=\"\" srcset=\"https:\/\/pc.sc.gov.br\/\/wp-content\/uploads\/2024\/04\/Ademir-Serafim-737x1024.jpeg 737w, https:\/\/pc.sc.gov.br\/\/wp-content\/uploads\/2024\/04\/Ademir-Serafim-216x300.jpeg 216w, https:\/\/pc.sc.gov.br\/\/wp-content\/uploads\/2024\/04\/Ademir-Serafim-768x1067.jpeg 768w, https:\/\/pc.sc.gov.br\/\/wp-content\/uploads\/2024\/04\/Ademir-Serafim.jpeg 921w\" sizes=\"(max-width: 696px) 100vw, 696px\" \/>\t\t\t\t\t\t\t\t\t\t\t\t\t\t\t<\/div>\n\t\t\t\t<\/div>\n\t\t\t\t<div class=\"elementor-element elementor-element-59ba1f8 elementor-widget elementor-widget-text-editor\" data-id=\"59ba1f8\" data-element_type=\"widget\" data-widget_type=\"text-editor.default\">\n\t\t\t\t<div class=\"elementor-widget-container\">\n\t\t\t\t\t\t\t\t\t<h3><span dir=\"ltr\">Ademir Serafim<\/span><\/h3><p><span dir=\"ltr\">03\/2010 a 12\/2010<\/span><\/p><p><span dir=\"ltr\">Ingressou na Pol\u00edcia Civil no dia 28 de agosto de <\/span><span dir=\"ltr\">1974 como Comiss\u00e1rio, atuando nas cidades de Joa\u00e7aba e Lages. Ainda como <\/span><span dir=\"ltr\">Comiss\u00e1rio de Pol\u00edcia mudou-se para Gaspar em 07 de janeiro de 1980 tendo em <\/span><span dir=\"ltr\">18\/06\/1981. Formou-se em Direito pela antiga FEPEVI (atualmente UNIVALI \u2013 Itaja\u00ed) e <\/span><span dir=\"ltr\">ap\u00f3s prestar concurso, iniciou sua carreira de Delegado de Pol\u00edcia Civil, passando a <\/span><span dir=\"ltr\">exercer sua profiss\u00e3o nas cidades de Palmitos, Chapec\u00f3, Gaspar, Rio do Sul, <\/span><span dir=\"ltr\">Blumenau, Lages, Balne\u00e1rio Cambori\u00fa e Florian\u00f3polis. Em Gaspar, al\u00e9m de ter atuado <\/span><span dir=\"ltr\">como Comiss\u00e1rio de Pol\u00edcia no in\u00edcio da carreira de janeiro de 1980 a julho de 1985, <\/span><span dir=\"ltr\">trabalhou como Delegado de Pol\u00edcia nos per\u00edodo de julho de 1985 \u00e0 julho de 1987 e de <\/span><span dir=\"ltr\">julho de 1993 \u00e0 abril de 1995, No per\u00edodo de 11 de janeiro de 1999 a junho de 2001, <\/span><span dir=\"ltr\">ocupou o cargo de Delegado Regional de Pol\u00edcia Civil de Blumenau onde criou o <\/span><span dir=\"ltr\">Central de Opera\u00e7\u00f5es da Pol\u00edcia Civil (COPOC) que serviu de modelo para posterior <\/span><span dir=\"ltr\">implanta\u00e7\u00e3o em todo o estado das Divis\u00e3o de Investiga\u00e7\u00e3o Criminal (DICs), atualmente <\/span><span dir=\"ltr\">podendo ser comparadas inclusive com as Centrais Regionais de Plant\u00e3o de Pol\u00edcia. De <\/span><span dir=\"ltr\">Blumenau, foi convidado pelo ent\u00e3o Governador do Estado para assumir como Diretor <\/span><span dir=\"ltr\">Geral do Departamento Estadual de Tr\u00e2nsito \u2013 DETRAN, onde permaneceu at\u00e9 o final <\/span><span dir=\"ltr\">do ano de 2002. Desde o in\u00edcio do ano de 2007, atuou como Diretor de Intelig\u00eancia da <\/span><span dir=\"ltr\">Pol\u00edcia Civil, estando diretamente ligado ao Delegado-Geral que o convidou para dividir <\/span><span dir=\"ltr\">o desafio, exercendo ent\u00e3o, importantes fun\u00e7\u00f5es no constante desafio de combate \u00e0 <\/span><span dir=\"ltr\">criminalidade. Em 2008, assumiu o cargo de Delegado Regional de Balne\u00e1rio Cambori\u00fa <\/span><span dir=\"ltr\">onde conseguiu impor um ritmo de trabalho, rendimento e qualidade nos servi\u00e7os tendo <\/span><span dir=\"ltr\">sido reconhecido por diferentes entidades e autoridades. Em 05\/04\/2010, assumiu a <\/span><span dir=\"ltr\">Delegacia Geral de Pol\u00edcia Civil e posteriormente permaneceu durante um tempo lotado <\/span><span dir=\"ltr\">na Diretoria de Pol\u00edcia do Litoral at\u00e9 encerrar suas atividades profissionais na Pol\u00edcia <\/span><span dir=\"ltr\">Civil de Balne\u00e1rio Cambori\u00fa. <\/span><\/p>\t\t\t\t\t\t\t\t<\/div>\n\t\t\t\t<\/div>\n\t\t\t\t\t<\/div>\n\t\t<\/div>\n\t\t\t\t<div class=\"elementor-column elementor-col-25 elementor-top-column elementor-element elementor-element-d31cbf7\" data-id=\"d31cbf7\" data-element_type=\"column\">\n\t\t\t<div class=\"elementor-widget-wrap\">\n\t\t\t\t\t\t\t<\/div>\n\t\t<\/div>\n\t\t\t\t\t<\/div>\n\t\t<\/section>\n\t\t\t\t<section class=\"elementor-section elementor-top-section elementor-element elementor-element-c6b9b44 elementor-section-boxed elementor-section-height-default elementor-section-height-default\" data-id=\"c6b9b44\" data-element_type=\"section\">\n\t\t\t\t\t\t<div class=\"elementor-container elementor-column-gap-default\">\n\t\t\t\t\t<div class=\"elementor-column elementor-col-100 elementor-top-column elementor-element elementor-element-dad5774\" data-id=\"dad5774\" data-element_type=\"column\">\n\t\t\t<div class=\"elementor-widget-wrap elementor-element-populated\">\n\t\t\t\t\t\t<div class=\"elementor-element elementor-element-13619a9 elementor-widget-divider--view-line elementor-widget elementor-widget-divider\" data-id=\"13619a9\" data-element_type=\"widget\" data-widget_type=\"divider.default\">\n\t\t\t\t<div class=\"elementor-widget-container\">\n\t\t\t\t\t\t\t<div class=\"elementor-divider\">\n\t\t\t<span class=\"elementor-divider-separator\">\n\t\t\t\t\t\t<\/span>\n\t\t<\/div>\n\t\t\t\t\t\t<\/div>\n\t\t\t\t<\/div>\n\t\t\t\t\t<\/div>\n\t\t<\/div>\n\t\t\t\t\t<\/div>\n\t\t<\/section>\n\t\t\t\t<section class=\"elementor-section elementor-top-section elementor-element elementor-element-c841d2b elementor-section-boxed elementor-section-height-default elementor-section-height-default\" data-id=\"c841d2b\" data-element_type=\"section\">\n\t\t\t\t\t\t<div class=\"elementor-container elementor-column-gap-default\">\n\t\t\t\t\t<div class=\"elementor-column elementor-col-25 elementor-top-column elementor-element elementor-element-5376ff1\" data-id=\"5376ff1\" data-element_type=\"column\">\n\t\t\t<div class=\"elementor-widget-wrap elementor-element-populated\">\n\t\t\t\t\t\t<div class=\"elementor-element elementor-element-7a4335a elementor-hidden-tablet elementor-hidden-mobile elementor-widget elementor-widget-image\" data-id=\"7a4335a\" data-element_type=\"widget\" data-widget_type=\"image.default\">\n\t\t\t\t<div class=\"elementor-widget-container\">\n\t\t\t\t\t\t\t\t\t\t\t\t\t\t\t<img loading=\"lazy\" decoding=\"async\" width=\"529\" height=\"630\" src=\"https:\/\/pc.sc.gov.br\/\/wp-content\/uploads\/2024\/04\/Mauricio-Eskudlark.png\" class=\"attachment-large size-large wp-image-19564\" alt=\"\" srcset=\"https:\/\/pc.sc.gov.br\/\/wp-content\/uploads\/2024\/04\/Mauricio-Eskudlark.png 529w, https:\/\/pc.sc.gov.br\/\/wp-content\/uploads\/2024\/04\/Mauricio-Eskudlark-252x300.png 252w\" sizes=\"(max-width: 529px) 100vw, 529px\" \/>\t\t\t\t\t\t\t\t\t\t\t\t\t\t\t<\/div>\n\t\t\t\t<\/div>\n\t\t\t\t\t<\/div>\n\t\t<\/div>\n\t\t\t\t<div class=\"elementor-column elementor-col-50 elementor-top-column elementor-element elementor-element-5f1648b\" data-id=\"5f1648b\" data-element_type=\"column\">\n\t\t\t<div class=\"elementor-widget-wrap elementor-element-populated\">\n\t\t\t\t\t\t<div class=\"elementor-element elementor-element-3e779e6 elementor-hidden-desktop elementor-widget elementor-widget-image\" data-id=\"3e779e6\" data-element_type=\"widget\" data-widget_type=\"image.default\">\n\t\t\t\t<div class=\"elementor-widget-container\">\n\t\t\t\t\t\t\t\t\t\t\t\t\t\t\t<img loading=\"lazy\" decoding=\"async\" width=\"529\" height=\"630\" src=\"https:\/\/pc.sc.gov.br\/\/wp-content\/uploads\/2024\/04\/Mauricio-Eskudlark.png\" class=\"attachment-large size-large wp-image-19564\" alt=\"\" srcset=\"https:\/\/pc.sc.gov.br\/\/wp-content\/uploads\/2024\/04\/Mauricio-Eskudlark.png 529w, https:\/\/pc.sc.gov.br\/\/wp-content\/uploads\/2024\/04\/Mauricio-Eskudlark-252x300.png 252w\" sizes=\"(max-width: 529px) 100vw, 529px\" \/>\t\t\t\t\t\t\t\t\t\t\t\t\t\t\t<\/div>\n\t\t\t\t<\/div>\n\t\t\t\t<div class=\"elementor-element elementor-element-0a10442 elementor-widget elementor-widget-text-editor\" data-id=\"0a10442\" data-element_type=\"widget\" data-widget_type=\"text-editor.default\">\n\t\t\t\t<div class=\"elementor-widget-container\">\n\t\t\t\t\t\t\t\t\t<h3><span dir=\"ltr\">Maur\u00edcio Jos\u00e9 Eskudlark<\/span><\/h3><p><span dir=\"ltr\">01\/2007 a 03\/2010<\/span><\/p><p><span dir=\"ltr\">Delegado aposentado com mais de 30 <\/span><span dir=\"ltr\">anos de experi\u00eancia no setor de seguran\u00e7a p\u00fablica, cursou Direito pela UNIVALI <\/span><span dir=\"ltr\">(Universidade do Vale do Itaja\u00ed) Maur\u00edcio Eskudlark \u00e9 P\u00f3s-Graduado em Direito Penal, <\/span><span dir=\"ltr\">pela FUOC (Funda\u00e7\u00e3o Educacional do Oeste Catarinense &#8211; Joa\u00e7aba), e tamb\u00e9m P\u00f3s-<\/span><span dir=\"ltr\">Graduado, em n\u00edvel de Especializa\u00e7\u00e3o, em Direito Administrativo, pela FURB <\/span><span dir=\"ltr\">(Universidade Regional de Blumenau). Foi delegado Regional em S\u00e3o Miguel do <\/span><span dir=\"ltr\">Oeste\/SC e de Balne\u00e1rio Cambori\u00fa\/SC, al\u00e9m de diretor da Pol\u00edcia Civil do Interior e do <\/span><span dir=\"ltr\">Litoral. Assumiu em 2006 como Deputado na Assembleia Legislativa do Estado de <\/span><span dir=\"ltr\">Santa Catarina e atua no Poder Legislativo do Estado at\u00e9 os dias atuais.<\/span><\/p>\t\t\t\t\t\t\t\t<\/div>\n\t\t\t\t<\/div>\n\t\t\t\t\t<\/div>\n\t\t<\/div>\n\t\t\t\t<div class=\"elementor-column elementor-col-25 elementor-top-column elementor-element elementor-element-36757e6\" data-id=\"36757e6\" data-element_type=\"column\">\n\t\t\t<div class=\"elementor-widget-wrap\">\n\t\t\t\t\t\t\t<\/div>\n\t\t<\/div>\n\t\t\t\t\t<\/div>\n\t\t<\/section>\n\t\t\t\t<section class=\"elementor-section elementor-top-section elementor-element elementor-element-7ffb2be elementor-section-boxed elementor-section-height-default elementor-section-height-default\" data-id=\"7ffb2be\" data-element_type=\"section\">\n\t\t\t\t\t\t<div class=\"elementor-container elementor-column-gap-default\">\n\t\t\t\t\t<div class=\"elementor-column elementor-col-100 elementor-top-column elementor-element elementor-element-01de2df\" data-id=\"01de2df\" data-element_type=\"column\">\n\t\t\t<div class=\"elementor-widget-wrap elementor-element-populated\">\n\t\t\t\t\t\t<div class=\"elementor-element elementor-element-1f19583 elementor-widget-divider--view-line elementor-widget elementor-widget-divider\" data-id=\"1f19583\" data-element_type=\"widget\" data-widget_type=\"divider.default\">\n\t\t\t\t<div class=\"elementor-widget-container\">\n\t\t\t\t\t\t\t<div class=\"elementor-divider\">\n\t\t\t<span class=\"elementor-divider-separator\">\n\t\t\t\t\t\t<\/span>\n\t\t<\/div>\n\t\t\t\t\t\t<\/div>\n\t\t\t\t<\/div>\n\t\t\t\t\t<\/div>\n\t\t<\/div>\n\t\t\t\t\t<\/div>\n\t\t<\/section>\n\t\t\t\t<section class=\"elementor-section elementor-top-section elementor-element elementor-element-dafa5f8 elementor-section-boxed elementor-section-height-default elementor-section-height-default\" data-id=\"dafa5f8\" data-element_type=\"section\">\n\t\t\t\t\t\t<div class=\"elementor-container elementor-column-gap-default\">\n\t\t\t\t\t<div class=\"elementor-column elementor-col-25 elementor-top-column elementor-element elementor-element-2152cfc\" data-id=\"2152cfc\" data-element_type=\"column\">\n\t\t\t<div class=\"elementor-widget-wrap elementor-element-populated\">\n\t\t\t\t\t\t<div class=\"elementor-element elementor-element-3c598d9 elementor-hidden-tablet elementor-hidden-mobile elementor-widget elementor-widget-image\" data-id=\"3c598d9\" data-element_type=\"widget\" data-widget_type=\"image.default\">\n\t\t\t\t<div class=\"elementor-widget-container\">\n\t\t\t\t\t\t\t\t\t\t\t\t\t\t\t<img loading=\"lazy\" decoding=\"async\" width=\"468\" height=\"589\" src=\"https:\/\/pc.sc.gov.br\/\/wp-content\/uploads\/2024\/04\/Ilson-da-Silva.jpg\" class=\"attachment-large size-large wp-image-19553\" alt=\"\" srcset=\"https:\/\/pc.sc.gov.br\/\/wp-content\/uploads\/2024\/04\/Ilson-da-Silva.jpg 468w, https:\/\/pc.sc.gov.br\/\/wp-content\/uploads\/2024\/04\/Ilson-da-Silva-238x300.jpg 238w\" sizes=\"(max-width: 468px) 100vw, 468px\" \/>\t\t\t\t\t\t\t\t\t\t\t\t\t\t\t<\/div>\n\t\t\t\t<\/div>\n\t\t\t\t\t<\/div>\n\t\t<\/div>\n\t\t\t\t<div class=\"elementor-column elementor-col-50 elementor-top-column elementor-element elementor-element-ff586bf\" data-id=\"ff586bf\" data-element_type=\"column\">\n\t\t\t<div class=\"elementor-widget-wrap elementor-element-populated\">\n\t\t\t\t\t\t<div class=\"elementor-element elementor-element-20b1f7e elementor-hidden-desktop elementor-widget elementor-widget-image\" data-id=\"20b1f7e\" data-element_type=\"widget\" data-widget_type=\"image.default\">\n\t\t\t\t<div class=\"elementor-widget-container\">\n\t\t\t\t\t\t\t\t\t\t\t\t\t\t\t<img loading=\"lazy\" decoding=\"async\" width=\"468\" height=\"589\" src=\"https:\/\/pc.sc.gov.br\/\/wp-content\/uploads\/2024\/04\/Ilson-da-Silva.jpg\" class=\"attachment-large size-large wp-image-19553\" alt=\"\" srcset=\"https:\/\/pc.sc.gov.br\/\/wp-content\/uploads\/2024\/04\/Ilson-da-Silva.jpg 468w, https:\/\/pc.sc.gov.br\/\/wp-content\/uploads\/2024\/04\/Ilson-da-Silva-238x300.jpg 238w\" sizes=\"(max-width: 468px) 100vw, 468px\" \/>\t\t\t\t\t\t\t\t\t\t\t\t\t\t\t<\/div>\n\t\t\t\t<\/div>\n\t\t\t\t<div class=\"elementor-element elementor-element-467fb98 elementor-widget elementor-widget-text-editor\" data-id=\"467fb98\" data-element_type=\"widget\" data-widget_type=\"text-editor.default\">\n\t\t\t\t<div class=\"elementor-widget-container\">\n\t\t\t\t\t\t\t\t\t<h3><span dir=\"ltr\"> Ilson da Silva<\/span><\/h3><p><span dir=\"ltr\">08\/2005 a 12\/2006<\/span><\/p><p>Ilson da Silva, natural de Florian\u00f3polis-SC, nascido aos 15.01.1950, com gradua\u00e7\u00e3o nas \u00e1reas de Geografia, Estudos Sociais e Direito pela Funda\u00e7\u00e3o de Ensino do Polo Geoeducacional do Vale do Itaja\u00ed &#8211; FEPEVI,\u00a0 especializa\u00e7\u00e3o em Seguran\u00e7a P\u00fablica . Ingressou na Pol\u00edcia Civil\u00a0 em 1974, como Escriv\u00e3o de Pol\u00edcia, exercendo suas atividades nas Delegacias de Joa\u00e7aba, Herval Do Oeste, Furtos e Roubos da Capital, Corregedoria da Pol\u00edcia Civil, entre outras. Em 1985 ingressou para a carreira de\u00a0 Delegado de Pol\u00edcia onde exerceu suas fun\u00e7\u00f5es nas Comarcas de Abelardo Luz, Urussanga, Crici\u00fama, Tubar\u00e3o, Palho\u00e7a e Florian\u00f3polis.\u00a0 Ocupou v\u00e1rios cargos dentro da Secretaria da Seguran\u00e7a P\u00fablica\/Pol\u00edcia\u00a0Civil de SC,\u00a0 tais como: Delegado Regional de Pol\u00edcia de de Crici\u00fama e de Palho\u00e7a, Diretor de Pol\u00edcia\u00a0da Grande Fpolis (2 gest\u00f5es), Diretor de Investiga\u00e7\u00f5es Criminais de SC- DEIC (2 gest\u00f5es), Diretor da Polinter,\u00a0 Diretor da DINT e, Delegado Chefe de Pol\u00edcia Civil de Santa Catarina. Em raz\u00e3o de Conv\u00eanio entre a SSP e Tribunal de Justi\u00e7a de Santa Catarina, foi o primeiro Delegado de Pol\u00edcia convidado a ocupar o Conselho de Seguran\u00e7a Institucional do TJSC. Aposentou-se em 2016, ap\u00f3s ter sua miss\u00e3o cumprida por mais de quatro d\u00e9cadas de trabalho em prol da Seguran\u00e7a P\u00fablica de Santa Catarina.<\/p>\t\t\t\t\t\t\t\t<\/div>\n\t\t\t\t<\/div>\n\t\t\t\t\t<\/div>\n\t\t<\/div>\n\t\t\t\t<div class=\"elementor-column elementor-col-25 elementor-top-column elementor-element elementor-element-1d69ac2\" data-id=\"1d69ac2\" data-element_type=\"column\">\n\t\t\t<div class=\"elementor-widget-wrap\">\n\t\t\t\t\t\t\t<\/div>\n\t\t<\/div>\n\t\t\t\t\t<\/div>\n\t\t<\/section>\n\t\t\t\t<section class=\"elementor-section elementor-top-section elementor-element elementor-element-a721c98 elementor-section-boxed elementor-section-height-default elementor-section-height-default\" data-id=\"a721c98\" data-element_type=\"section\">\n\t\t\t\t\t\t<div class=\"elementor-container elementor-column-gap-default\">\n\t\t\t\t\t<div class=\"elementor-column elementor-col-100 elementor-top-column elementor-element elementor-element-fb7771a\" data-id=\"fb7771a\" data-element_type=\"column\">\n\t\t\t<div class=\"elementor-widget-wrap elementor-element-populated\">\n\t\t\t\t\t\t<div class=\"elementor-element elementor-element-90a889f elementor-widget-divider--view-line elementor-widget elementor-widget-divider\" data-id=\"90a889f\" data-element_type=\"widget\" data-widget_type=\"divider.default\">\n\t\t\t\t<div class=\"elementor-widget-container\">\n\t\t\t\t\t\t\t<div class=\"elementor-divider\">\n\t\t\t<span class=\"elementor-divider-separator\">\n\t\t\t\t\t\t<\/span>\n\t\t<\/div>\n\t\t\t\t\t\t<\/div>\n\t\t\t\t<\/div>\n\t\t\t\t\t<\/div>\n\t\t<\/div>\n\t\t\t\t\t<\/div>\n\t\t<\/section>\n\t\t\t\t<section class=\"elementor-section elementor-top-section elementor-element elementor-element-a8f61f5 elementor-section-boxed elementor-section-height-default elementor-section-height-default\" data-id=\"a8f61f5\" data-element_type=\"section\">\n\t\t\t\t\t\t<div class=\"elementor-container elementor-column-gap-default\">\n\t\t\t\t\t<div class=\"elementor-column elementor-col-25 elementor-top-column elementor-element elementor-element-5a11fac\" data-id=\"5a11fac\" data-element_type=\"column\">\n\t\t\t<div class=\"elementor-widget-wrap elementor-element-populated\">\n\t\t\t\t\t\t<div class=\"elementor-element elementor-element-079a81c elementor-hidden-tablet elementor-hidden-mobile elementor-widget elementor-widget-image\" data-id=\"079a81c\" data-element_type=\"widget\" data-widget_type=\"image.default\">\n\t\t\t\t<div class=\"elementor-widget-container\">\n\t\t\t\t\t\t\t\t\t\t\t\t\t\t\t<img loading=\"lazy\" decoding=\"async\" width=\"615\" height=\"922\" src=\"https:\/\/pc.sc.gov.br\/\/wp-content\/uploads\/2024\/04\/Ricardo-Lemos-Thome.jpg\" class=\"attachment-large size-large wp-image-19568\" alt=\"\" srcset=\"https:\/\/pc.sc.gov.br\/\/wp-content\/uploads\/2024\/04\/Ricardo-Lemos-Thome.jpg 615w, https:\/\/pc.sc.gov.br\/\/wp-content\/uploads\/2024\/04\/Ricardo-Lemos-Thome-200x300.jpg 200w\" sizes=\"(max-width: 615px) 100vw, 615px\" \/>\t\t\t\t\t\t\t\t\t\t\t\t\t\t\t<\/div>\n\t\t\t\t<\/div>\n\t\t\t\t\t<\/div>\n\t\t<\/div>\n\t\t\t\t<div class=\"elementor-column elementor-col-50 elementor-top-column elementor-element elementor-element-ec5fa25\" data-id=\"ec5fa25\" data-element_type=\"column\">\n\t\t\t<div class=\"elementor-widget-wrap elementor-element-populated\">\n\t\t\t\t\t\t<div class=\"elementor-element elementor-element-6c8b66d elementor-hidden-desktop elementor-widget elementor-widget-image\" data-id=\"6c8b66d\" data-element_type=\"widget\" data-widget_type=\"image.default\">\n\t\t\t\t<div class=\"elementor-widget-container\">\n\t\t\t\t\t\t\t\t\t\t\t\t\t\t\t<img loading=\"lazy\" decoding=\"async\" width=\"615\" height=\"922\" src=\"https:\/\/pc.sc.gov.br\/\/wp-content\/uploads\/2024\/04\/Ricardo-Lemos-Thome.jpg\" class=\"attachment-large size-large wp-image-19568\" alt=\"\" srcset=\"https:\/\/pc.sc.gov.br\/\/wp-content\/uploads\/2024\/04\/Ricardo-Lemos-Thome.jpg 615w, https:\/\/pc.sc.gov.br\/\/wp-content\/uploads\/2024\/04\/Ricardo-Lemos-Thome-200x300.jpg 200w\" sizes=\"(max-width: 615px) 100vw, 615px\" \/>\t\t\t\t\t\t\t\t\t\t\t\t\t\t\t<\/div>\n\t\t\t\t<\/div>\n\t\t\t\t<div class=\"elementor-element elementor-element-cefad52 elementor-widget elementor-widget-text-editor\" data-id=\"cefad52\" data-element_type=\"widget\" data-widget_type=\"text-editor.default\">\n\t\t\t\t<div class=\"elementor-widget-container\">\n\t\t\t\t\t\t\t\t\t<h3><span dir=\"ltr\">Ricardo Lemos Thom\u00e9<\/span><\/h3><p><span dir=\"ltr\">04\/2004 a 08\/2005<\/span><\/p><p><span dir=\"ltr\">Formado em Direito pela Universidade do <\/span><span dir=\"ltr\">Vale do Rio dos Sinos. Especialista em Direito pela UFSC e em Administra\u00e7\u00e3o pela <\/span><span dir=\"ltr\">UDESC. Mestre em Administra\u00e7\u00e3o pela UNISUL, com Doutorado em Direito pela <\/span><span dir=\"ltr\">UMSA-Buenos Aires. Autor de quatro obras na \u00e1rea da seguran\u00e7a p\u00fablica. Exerceu o <\/span><span dir=\"ltr\">cargo de Diretor de Planejamento da Seguran\u00e7a P\u00fablica do Estado de Santa Catarina, <\/span><span dir=\"ltr\">foi Chefe de Pol\u00edcia Civil do Estado de Santa Catarina (2004\/2005), Ouvidor da <\/span><span dir=\"ltr\">Secretaria de Seguran\u00e7a P\u00fablica (2007 a 2014), Diretor Parlamentar da Associa\u00e7\u00e3o dos <\/span><span dir=\"ltr\">Delegados de Pol\u00edcia, ADEPOL-SC, Presidente do Sindicato dos Delegados de Pol\u00edcia, <\/span><span dir=\"ltr\">SINDPESC. Foi Coordenador-Geral do N\u00facleo de Pesquisa e Intelig\u00eancia e Gest\u00e3o da <\/span><span dir=\"ltr\">ACADEPOL-IES e Coordenador da Assessoria Jur\u00eddica da Pol\u00edcia Civil do Estado de <\/span><span dir=\"ltr\">Santa Catarina (2019-2021)<\/span><\/p>\t\t\t\t\t\t\t\t<\/div>\n\t\t\t\t<\/div>\n\t\t\t\t\t<\/div>\n\t\t<\/div>\n\t\t\t\t<div class=\"elementor-column elementor-col-25 elementor-top-column elementor-element elementor-element-7afd871\" data-id=\"7afd871\" data-element_type=\"column\">\n\t\t\t<div class=\"elementor-widget-wrap\">\n\t\t\t\t\t\t\t<\/div>\n\t\t<\/div>\n\t\t\t\t\t<\/div>\n\t\t<\/section>\n\t\t\t\t<section class=\"elementor-section elementor-top-section elementor-element elementor-element-7c18a51 elementor-section-boxed elementor-section-height-default elementor-section-height-default\" data-id=\"7c18a51\" data-element_type=\"section\">\n\t\t\t\t\t\t<div class=\"elementor-container elementor-column-gap-default\">\n\t\t\t\t\t<div class=\"elementor-column elementor-col-100 elementor-top-column elementor-element elementor-element-979391a\" data-id=\"979391a\" data-element_type=\"column\">\n\t\t\t<div class=\"elementor-widget-wrap elementor-element-populated\">\n\t\t\t\t\t\t<div class=\"elementor-element elementor-element-2c329da elementor-widget-divider--view-line elementor-widget elementor-widget-divider\" data-id=\"2c329da\" data-element_type=\"widget\" data-widget_type=\"divider.default\">\n\t\t\t\t<div class=\"elementor-widget-container\">\n\t\t\t\t\t\t\t<div class=\"elementor-divider\">\n\t\t\t<span class=\"elementor-divider-separator\">\n\t\t\t\t\t\t<\/span>\n\t\t<\/div>\n\t\t\t\t\t\t<\/div>\n\t\t\t\t<\/div>\n\t\t\t\t\t<\/div>\n\t\t<\/div>\n\t\t\t\t\t<\/div>\n\t\t<\/section>\n\t\t\t\t<section class=\"elementor-section elementor-top-section elementor-element elementor-element-0723afc elementor-section-boxed elementor-section-height-default elementor-section-height-default\" data-id=\"0723afc\" data-element_type=\"section\">\n\t\t\t\t\t\t<div class=\"elementor-container elementor-column-gap-default\">\n\t\t\t\t\t<div class=\"elementor-column elementor-col-25 elementor-top-column elementor-element elementor-element-b1b49b3\" data-id=\"b1b49b3\" data-element_type=\"column\">\n\t\t\t<div class=\"elementor-widget-wrap elementor-element-populated\">\n\t\t\t\t\t\t<div class=\"elementor-element elementor-element-8128386 elementor-hidden-tablet elementor-hidden-mobile elementor-widget elementor-widget-image\" data-id=\"8128386\" data-element_type=\"widget\" data-widget_type=\"image.default\">\n\t\t\t\t<div class=\"elementor-widget-container\">\n\t\t\t\t\t\t\t\t\t\t\t\t\t\t\t<img loading=\"lazy\" decoding=\"async\" width=\"519\" height=\"579\" src=\"https:\/\/pc.sc.gov.br\/\/wp-content\/uploads\/2024\/04\/Dirceu-Augusto-Silveira-Junior.jpg\" class=\"attachment-large size-large wp-image-19549\" alt=\"\" srcset=\"https:\/\/pc.sc.gov.br\/\/wp-content\/uploads\/2024\/04\/Dirceu-Augusto-Silveira-Junior.jpg 519w, https:\/\/pc.sc.gov.br\/\/wp-content\/uploads\/2024\/04\/Dirceu-Augusto-Silveira-Junior-269x300.jpg 269w\" sizes=\"(max-width: 519px) 100vw, 519px\" \/>\t\t\t\t\t\t\t\t\t\t\t\t\t\t\t<\/div>\n\t\t\t\t<\/div>\n\t\t\t\t\t<\/div>\n\t\t<\/div>\n\t\t\t\t<div class=\"elementor-column elementor-col-50 elementor-top-column elementor-element elementor-element-3e5f76c\" data-id=\"3e5f76c\" data-element_type=\"column\">\n\t\t\t<div class=\"elementor-widget-wrap elementor-element-populated\">\n\t\t\t\t\t\t<div class=\"elementor-element elementor-element-8d9a19b elementor-hidden-desktop elementor-widget elementor-widget-image\" data-id=\"8d9a19b\" data-element_type=\"widget\" data-widget_type=\"image.default\">\n\t\t\t\t<div class=\"elementor-widget-container\">\n\t\t\t\t\t\t\t\t\t\t\t\t\t\t\t<img loading=\"lazy\" decoding=\"async\" width=\"519\" height=\"579\" src=\"https:\/\/pc.sc.gov.br\/\/wp-content\/uploads\/2024\/04\/Dirceu-Augusto-Silveira-Junior.jpg\" class=\"attachment-large size-large wp-image-19549\" alt=\"\" srcset=\"https:\/\/pc.sc.gov.br\/\/wp-content\/uploads\/2024\/04\/Dirceu-Augusto-Silveira-Junior.jpg 519w, https:\/\/pc.sc.gov.br\/\/wp-content\/uploads\/2024\/04\/Dirceu-Augusto-Silveira-Junior-269x300.jpg 269w\" sizes=\"(max-width: 519px) 100vw, 519px\" \/>\t\t\t\t\t\t\t\t\t\t\t\t\t\t\t<\/div>\n\t\t\t\t<\/div>\n\t\t\t\t<div class=\"elementor-element elementor-element-c72183d elementor-widget elementor-widget-text-editor\" data-id=\"c72183d\" data-element_type=\"widget\" data-widget_type=\"text-editor.default\">\n\t\t\t\t<div class=\"elementor-widget-container\">\n\t\t\t\t\t\t\t\t\t<h3><span dir=\"ltr\">Dirceu Augusto Silveira Junior<\/span><\/h3><p><span dir=\"ltr\">01\/2003 a 04\/2004<\/span><\/p><p><span dir=\"ltr\">Nascido em 16\/04\/1960, na <\/span><span dir=\"ltr\">cidade da Lapa\/PR, Ingressou na Pol\u00edcia Civil de Santa Catarina no Ano de 1985 no <\/span><span dir=\"ltr\">cargo de Delegado de Pol\u00edcia; &#8211; J\u00e1 exerceu as fun\u00e7\u00f5es de Delegado Geral da Pol\u00edcia <\/span><span dir=\"ltr\">Civil, de Diretor de Pol\u00edcia da Diretoria Estadual de Investiga\u00e7\u00f5es Policiais &#8211; DEIC e <\/span><span dir=\"ltr\">Delegado Regional de Pol\u00edcia da 2 Regi\u00e3o, na comarca de Joinville; &#8211; Atualmente <\/span><span dir=\"ltr\">encontra-se lotado na Delegacia de Pol\u00edcia de Homic\u00eddios na Comarca de Joinville<\/span><\/p>\t\t\t\t\t\t\t\t<\/div>\n\t\t\t\t<\/div>\n\t\t\t\t\t<\/div>\n\t\t<\/div>\n\t\t\t\t<div class=\"elementor-column elementor-col-25 elementor-top-column elementor-element elementor-element-2a0d780\" data-id=\"2a0d780\" data-element_type=\"column\">\n\t\t\t<div class=\"elementor-widget-wrap\">\n\t\t\t\t\t\t\t<\/div>\n\t\t<\/div>\n\t\t\t\t\t<\/div>\n\t\t<\/section>\n\t\t\t\t<section class=\"elementor-section elementor-top-section elementor-element elementor-element-381d9e6 elementor-section-boxed elementor-section-height-default elementor-section-height-default\" data-id=\"381d9e6\" data-element_type=\"section\">\n\t\t\t\t\t\t<div class=\"elementor-container elementor-column-gap-default\">\n\t\t\t\t\t<div class=\"elementor-column elementor-col-100 elementor-top-column elementor-element elementor-element-e290682\" data-id=\"e290682\" data-element_type=\"column\">\n\t\t\t<div class=\"elementor-widget-wrap elementor-element-populated\">\n\t\t\t\t\t\t<div class=\"elementor-element elementor-element-3dfec92 elementor-widget-divider--view-line elementor-widget elementor-widget-divider\" data-id=\"3dfec92\" data-element_type=\"widget\" data-widget_type=\"divider.default\">\n\t\t\t\t<div class=\"elementor-widget-container\">\n\t\t\t\t\t\t\t<div class=\"elementor-divider\">\n\t\t\t<span class=\"elementor-divider-separator\">\n\t\t\t\t\t\t<\/span>\n\t\t<\/div>\n\t\t\t\t\t\t<\/div>\n\t\t\t\t<\/div>\n\t\t\t\t\t<\/div>\n\t\t<\/div>\n\t\t\t\t\t<\/div>\n\t\t<\/section>\n\t\t\t\t<section class=\"elementor-section elementor-top-section elementor-element elementor-element-40721a6 elementor-section-boxed elementor-section-height-default elementor-section-height-default\" data-id=\"40721a6\" data-element_type=\"section\">\n\t\t\t\t\t\t<div class=\"elementor-container elementor-column-gap-default\">\n\t\t\t\t\t<div class=\"elementor-column elementor-col-25 elementor-top-column elementor-element elementor-element-964917d\" data-id=\"964917d\" data-element_type=\"column\">\n\t\t\t<div class=\"elementor-widget-wrap elementor-element-populated\">\n\t\t\t\t\t\t<div class=\"elementor-element elementor-element-78f94ae elementor-hidden-tablet elementor-hidden-mobile elementor-widget elementor-widget-image\" data-id=\"78f94ae\" data-element_type=\"widget\" data-widget_type=\"image.default\">\n\t\t\t\t<div class=\"elementor-widget-container\">\n\t\t\t\t\t\t\t\t\t\t\t\t\t\t\t<img loading=\"lazy\" decoding=\"async\" width=\"376\" height=\"491\" src=\"https:\/\/pc.sc.gov.br\/\/wp-content\/uploads\/2024\/04\/Joao-Manoel-Lipinski.jpg\" class=\"attachment-large size-large wp-image-19556\" alt=\"\" srcset=\"https:\/\/pc.sc.gov.br\/\/wp-content\/uploads\/2024\/04\/Joao-Manoel-Lipinski.jpg 376w, https:\/\/pc.sc.gov.br\/\/wp-content\/uploads\/2024\/04\/Joao-Manoel-Lipinski-230x300.jpg 230w\" sizes=\"(max-width: 376px) 100vw, 376px\" \/>\t\t\t\t\t\t\t\t\t\t\t\t\t\t\t<\/div>\n\t\t\t\t<\/div>\n\t\t\t\t\t<\/div>\n\t\t<\/div>\n\t\t\t\t<div class=\"elementor-column elementor-col-50 elementor-top-column elementor-element elementor-element-dfc663c\" data-id=\"dfc663c\" data-element_type=\"column\">\n\t\t\t<div class=\"elementor-widget-wrap elementor-element-populated\">\n\t\t\t\t\t\t<div class=\"elementor-element elementor-element-1c1eaeb elementor-hidden-desktop elementor-widget elementor-widget-image\" data-id=\"1c1eaeb\" data-element_type=\"widget\" data-widget_type=\"image.default\">\n\t\t\t\t<div class=\"elementor-widget-container\">\n\t\t\t\t\t\t\t\t\t\t\t\t\t\t\t<img loading=\"lazy\" decoding=\"async\" width=\"376\" height=\"491\" src=\"https:\/\/pc.sc.gov.br\/\/wp-content\/uploads\/2024\/04\/Joao-Manoel-Lipinski.jpg\" class=\"attachment-large size-large wp-image-19556\" alt=\"\" srcset=\"https:\/\/pc.sc.gov.br\/\/wp-content\/uploads\/2024\/04\/Joao-Manoel-Lipinski.jpg 376w, https:\/\/pc.sc.gov.br\/\/wp-content\/uploads\/2024\/04\/Joao-Manoel-Lipinski-230x300.jpg 230w\" sizes=\"(max-width: 376px) 100vw, 376px\" \/>\t\t\t\t\t\t\t\t\t\t\t\t\t\t\t<\/div>\n\t\t\t\t<\/div>\n\t\t\t\t<div class=\"elementor-element elementor-element-a36c8f7 elementor-widget elementor-widget-text-editor\" data-id=\"a36c8f7\" data-element_type=\"widget\" data-widget_type=\"text-editor.default\">\n\t\t\t\t<div class=\"elementor-widget-container\">\n\t\t\t\t\t\t\t\t\t<h3><span dir=\"ltr\">Jo\u00e3o Manoel Lipinski<\/span><\/h3><p><span dir=\"ltr\">05\/2000 a 12\/2002<\/span><\/p><p><span dir=\"ltr\">O delegado Lipinski ingressou na Pol\u00edcia <\/span><span dir=\"ltr\">Civil em 1972 como comiss\u00e1rio de pol\u00edcia. Em julho de 1985 foi nomeado delegado. <\/span><span dir=\"ltr\">Trabalhou nos munic\u00edpios de Chapec\u00f3, Joinville, Ibirama, Urubici, Brusque e <\/span><span dir=\"ltr\">Florian\u00f3polis, cidades onde exerceu com compet\u00eancia e presteza as atividades <\/span><span dir=\"ltr\">policiais. Foi Corregedor Geral e Delegado Geral da Pol\u00edcia Civil (05\/2000 a 06\/2002). <\/span><span dir=\"ltr\">Aposentou-se em 2008, ap\u00f3s 36 anos de trabalho policial.<\/span><\/p>\t\t\t\t\t\t\t\t<\/div>\n\t\t\t\t<\/div>\n\t\t\t\t\t<\/div>\n\t\t<\/div>\n\t\t\t\t<div class=\"elementor-column elementor-col-25 elementor-top-column elementor-element elementor-element-ada1909\" data-id=\"ada1909\" data-element_type=\"column\">\n\t\t\t<div class=\"elementor-widget-wrap\">\n\t\t\t\t\t\t\t<\/div>\n\t\t<\/div>\n\t\t\t\t\t<\/div>\n\t\t<\/section>\n\t\t\t\t<section class=\"elementor-section elementor-top-section elementor-element elementor-element-ebd2e5a elementor-section-boxed elementor-section-height-default elementor-section-height-default\" data-id=\"ebd2e5a\" data-element_type=\"section\">\n\t\t\t\t\t\t<div class=\"elementor-container elementor-column-gap-default\">\n\t\t\t\t\t<div class=\"elementor-column elementor-col-100 elementor-top-column elementor-element elementor-element-43907a6\" data-id=\"43907a6\" data-element_type=\"column\">\n\t\t\t<div class=\"elementor-widget-wrap elementor-element-populated\">\n\t\t\t\t\t\t<div class=\"elementor-element elementor-element-9d832b1 elementor-widget-divider--view-line elementor-widget elementor-widget-divider\" data-id=\"9d832b1\" data-element_type=\"widget\" data-widget_type=\"divider.default\">\n\t\t\t\t<div class=\"elementor-widget-container\">\n\t\t\t\t\t\t\t<div class=\"elementor-divider\">\n\t\t\t<span class=\"elementor-divider-separator\">\n\t\t\t\t\t\t<\/span>\n\t\t<\/div>\n\t\t\t\t\t\t<\/div>\n\t\t\t\t<\/div>\n\t\t\t\t\t<\/div>\n\t\t<\/div>\n\t\t\t\t\t<\/div>\n\t\t<\/section>\n\t\t\t\t<section class=\"elementor-section elementor-top-section elementor-element elementor-element-af0ff2c elementor-section-boxed elementor-section-height-default elementor-section-height-default\" data-id=\"af0ff2c\" data-element_type=\"section\">\n\t\t\t\t\t\t<div class=\"elementor-container elementor-column-gap-default\">\n\t\t\t\t\t<div class=\"elementor-column elementor-col-25 elementor-top-column elementor-element elementor-element-1da4f45\" data-id=\"1da4f45\" data-element_type=\"column\">\n\t\t\t<div class=\"elementor-widget-wrap elementor-element-populated\">\n\t\t\t\t\t\t<div class=\"elementor-element elementor-element-39d5a29 elementor-hidden-tablet elementor-hidden-mobile elementor-widget elementor-widget-image\" data-id=\"39d5a29\" data-element_type=\"widget\" data-widget_type=\"image.default\">\n\t\t\t\t<div class=\"elementor-widget-container\">\n\t\t\t\t\t\t\t\t\t\t\t\t\t\t\t<img loading=\"lazy\" decoding=\"async\" width=\"636\" height=\"1024\" src=\"https:\/\/pc.sc.gov.br\/\/wp-content\/uploads\/2024\/04\/JACEGUAY-MARQUES-TRILHA-636x1024.jpg\" class=\"attachment-large size-large wp-image-19554\" alt=\"\" srcset=\"https:\/\/pc.sc.gov.br\/\/wp-content\/uploads\/2024\/04\/JACEGUAY-MARQUES-TRILHA-636x1024.jpg 636w, https:\/\/pc.sc.gov.br\/\/wp-content\/uploads\/2024\/04\/JACEGUAY-MARQUES-TRILHA-186x300.jpg 186w, https:\/\/pc.sc.gov.br\/\/wp-content\/uploads\/2024\/04\/JACEGUAY-MARQUES-TRILHA-768x1237.jpg 768w, https:\/\/pc.sc.gov.br\/\/wp-content\/uploads\/2024\/04\/JACEGUAY-MARQUES-TRILHA.jpg 795w\" sizes=\"(max-width: 636px) 100vw, 636px\" \/>\t\t\t\t\t\t\t\t\t\t\t\t\t\t\t<\/div>\n\t\t\t\t<\/div>\n\t\t\t\t\t<\/div>\n\t\t<\/div>\n\t\t\t\t<div class=\"elementor-column elementor-col-50 elementor-top-column elementor-element elementor-element-f387c12\" data-id=\"f387c12\" data-element_type=\"column\">\n\t\t\t<div class=\"elementor-widget-wrap elementor-element-populated\">\n\t\t\t\t\t\t<div class=\"elementor-element elementor-element-5b24f20 elementor-hidden-desktop elementor-widget elementor-widget-image\" data-id=\"5b24f20\" data-element_type=\"widget\" data-widget_type=\"image.default\">\n\t\t\t\t<div class=\"elementor-widget-container\">\n\t\t\t\t\t\t\t\t\t\t\t\t\t\t\t<img loading=\"lazy\" decoding=\"async\" width=\"636\" height=\"1024\" src=\"https:\/\/pc.sc.gov.br\/\/wp-content\/uploads\/2024\/04\/JACEGUAY-MARQUES-TRILHA-636x1024.jpg\" class=\"attachment-large size-large wp-image-19554\" alt=\"\" srcset=\"https:\/\/pc.sc.gov.br\/\/wp-content\/uploads\/2024\/04\/JACEGUAY-MARQUES-TRILHA-636x1024.jpg 636w, https:\/\/pc.sc.gov.br\/\/wp-content\/uploads\/2024\/04\/JACEGUAY-MARQUES-TRILHA-186x300.jpg 186w, https:\/\/pc.sc.gov.br\/\/wp-content\/uploads\/2024\/04\/JACEGUAY-MARQUES-TRILHA-768x1237.jpg 768w, https:\/\/pc.sc.gov.br\/\/wp-content\/uploads\/2024\/04\/JACEGUAY-MARQUES-TRILHA.jpg 795w\" sizes=\"(max-width: 636px) 100vw, 636px\" \/>\t\t\t\t\t\t\t\t\t\t\t\t\t\t\t<\/div>\n\t\t\t\t<\/div>\n\t\t\t\t<div class=\"elementor-element elementor-element-f82c729 elementor-widget elementor-widget-text-editor\" data-id=\"f82c729\" data-element_type=\"widget\" data-widget_type=\"text-editor.default\">\n\t\t\t\t<div class=\"elementor-widget-container\">\n\t\t\t\t\t\t\t\t\t<h3><span dir=\"ltr\">Jaceguay Marques Trilha<\/span><\/h3><p><span dir=\"ltr\">08\/1997 a 01\/1999<\/span><\/p><p><span dir=\"ltr\">Ingressou na Pol\u00edcia Civil no dia 30 de <\/span><span dir=\"ltr\">mar\u00e7o de 1974, assumiu a DPCO de S\u00e3o Miguel do Oeste e, logo em seguida, em <\/span><span dir=\"ltr\">meados de julho de 1974, recebeu o convite para trabalhar na DPCO de Ca\u00e7ador. <\/span><span dir=\"ltr\">Ficou trabalhando na cidade, onde posteriormente se tornou Delegado regional, at\u00e9 <\/span><span dir=\"ltr\">outubro de 1976, quando sofreu um atentado e solicitou sair da cidade por prote\u00e7\u00e3o, <\/span><span dir=\"ltr\">especialmente de sua fam\u00edlia. Em maio de 1977 foi convidado e iniciou seus trabalhos <\/span><span dir=\"ltr\">na Delegacia de Furtos, Roubos e Defrauda\u00e7\u00f5es de S\u00e3o Jos\u00e9, que na \u00e9poca tinha <\/span><span dir=\"ltr\">atua\u00e7\u00e3o estadual, como adjunto desta delegacia. No in\u00edcio de 1981, come\u00e7ou a atuar na <\/span><span dir=\"ltr\">Polinter. Entre 1981 e 1982, trabalhou em um setor de Servi\u00e7os Complementar de <\/span><span dir=\"ltr\">Inqu\u00e9ritos Policiais, para finalizar os IP que ainda estavam em aberto na Capital e enviar ao F\u00f3rum, al\u00e9m de um Setor de Cataloga\u00e7\u00e3o de Objetos Apreendidos, que tamb\u00e9m era enviado para o F\u00f3rum. Em janeiro de 1995, a convite do Governador Paulo Afonso, assumiu como Corregedor-Geral da Pol\u00edcia Civil, at\u00e9 setembro de 1997. Nesta \u00e9poca, ent\u00e3o, foi convidado pelo ent\u00e3o Governador Paulo Afonso, com apoio da ent\u00e3o Secret\u00e1ria de Seguran\u00e7a L\u00facia, a assumir como Delegado-geral da Pol\u00edcia Civil, onde ficou at\u00e9 dezembro de 1998 e, posteriormente, ap\u00f3s 41 anos e 11 meses de servi\u00e7o, sendo 25 na PCSC, aposentou-se. Como DGPC, o Delegado Trilha destacou dois momentos: no segundo semestre de 1998, \u00e0 pedido do ent\u00e3o Governador, representou o chefe do Estado Catarinense na reuni\u00e3o do ent\u00e3o Presidente fernando Henrique Cardozo para falar sobre a Seguran\u00e7a P\u00fablica em Santa Catarina; e, em dezembro de 1998, representou o Governador, a pedido deste, na abertura do Encontro dos Direitos dos Povos das Am\u00e9ricas que foi realizado em Florian\u00f3polis<\/span><\/p>\t\t\t\t\t\t\t\t<\/div>\n\t\t\t\t<\/div>\n\t\t\t\t\t<\/div>\n\t\t<\/div>\n\t\t\t\t<div class=\"elementor-column elementor-col-25 elementor-top-column elementor-element elementor-element-92f090b\" data-id=\"92f090b\" data-element_type=\"column\">\n\t\t\t<div class=\"elementor-widget-wrap\">\n\t\t\t\t\t\t\t<\/div>\n\t\t<\/div>\n\t\t\t\t\t<\/div>\n\t\t<\/section>\n\t\t\t\t<section class=\"elementor-section elementor-top-section elementor-element elementor-element-3b1a991 elementor-section-boxed elementor-section-height-default elementor-section-height-default\" data-id=\"3b1a991\" data-element_type=\"section\">\n\t\t\t\t\t\t<div class=\"elementor-container elementor-column-gap-default\">\n\t\t\t\t\t<div class=\"elementor-column elementor-col-100 elementor-top-column elementor-element elementor-element-9656dfc\" data-id=\"9656dfc\" data-element_type=\"column\">\n\t\t\t<div class=\"elementor-widget-wrap elementor-element-populated\">\n\t\t\t\t\t\t<div class=\"elementor-element elementor-element-e1d8e31 elementor-widget-divider--view-line elementor-widget elementor-widget-divider\" data-id=\"e1d8e31\" data-element_type=\"widget\" data-widget_type=\"divider.default\">\n\t\t\t\t<div class=\"elementor-widget-container\">\n\t\t\t\t\t\t\t<div class=\"elementor-divider\">\n\t\t\t<span class=\"elementor-divider-separator\">\n\t\t\t\t\t\t<\/span>\n\t\t<\/div>\n\t\t\t\t\t\t<\/div>\n\t\t\t\t<\/div>\n\t\t\t\t\t<\/div>\n\t\t<\/div>\n\t\t\t\t\t<\/div>\n\t\t<\/section>\n\t\t\t\t<section class=\"elementor-section elementor-top-section elementor-element elementor-element-35e4d25 elementor-section-boxed elementor-section-height-default elementor-section-height-default\" data-id=\"35e4d25\" data-element_type=\"section\">\n\t\t\t\t\t\t<div class=\"elementor-container elementor-column-gap-default\">\n\t\t\t\t\t<div class=\"elementor-column elementor-col-25 elementor-top-column elementor-element elementor-element-f6baa24\" data-id=\"f6baa24\" data-element_type=\"column\">\n\t\t\t<div class=\"elementor-widget-wrap elementor-element-populated\">\n\t\t\t\t\t\t<div class=\"elementor-element elementor-element-70be807 elementor-hidden-tablet elementor-hidden-mobile elementor-widget elementor-widget-image\" data-id=\"70be807\" data-element_type=\"widget\" data-widget_type=\"image.default\">\n\t\t\t\t<div class=\"elementor-widget-container\">\n\t\t\t\t\t\t\t\t\t\t\t\t\t\t\t<img loading=\"lazy\" decoding=\"async\" width=\"590\" height=\"740\" src=\"https:\/\/pc.sc.gov.br\/\/wp-content\/uploads\/2024\/04\/Evaldo-Moretto.jpg\" class=\"attachment-large size-large wp-image-19550\" alt=\"\" srcset=\"https:\/\/pc.sc.gov.br\/\/wp-content\/uploads\/2024\/04\/Evaldo-Moretto.jpg 590w, https:\/\/pc.sc.gov.br\/\/wp-content\/uploads\/2024\/04\/Evaldo-Moretto-239x300.jpg 239w\" sizes=\"(max-width: 590px) 100vw, 590px\" \/>\t\t\t\t\t\t\t\t\t\t\t\t\t\t\t<\/div>\n\t\t\t\t<\/div>\n\t\t\t\t\t<\/div>\n\t\t<\/div>\n\t\t\t\t<div class=\"elementor-column elementor-col-50 elementor-top-column elementor-element elementor-element-2817ede\" data-id=\"2817ede\" data-element_type=\"column\">\n\t\t\t<div class=\"elementor-widget-wrap elementor-element-populated\">\n\t\t\t\t\t\t<div class=\"elementor-element elementor-element-c37a7c2 elementor-hidden-desktop elementor-widget elementor-widget-image\" data-id=\"c37a7c2\" data-element_type=\"widget\" data-widget_type=\"image.default\">\n\t\t\t\t<div class=\"elementor-widget-container\">\n\t\t\t\t\t\t\t\t\t\t\t\t\t\t\t<img loading=\"lazy\" decoding=\"async\" width=\"590\" height=\"740\" src=\"https:\/\/pc.sc.gov.br\/\/wp-content\/uploads\/2024\/04\/Evaldo-Moretto.jpg\" class=\"attachment-large size-large wp-image-19550\" alt=\"\" srcset=\"https:\/\/pc.sc.gov.br\/\/wp-content\/uploads\/2024\/04\/Evaldo-Moretto.jpg 590w, https:\/\/pc.sc.gov.br\/\/wp-content\/uploads\/2024\/04\/Evaldo-Moretto-239x300.jpg 239w\" sizes=\"(max-width: 590px) 100vw, 590px\" \/>\t\t\t\t\t\t\t\t\t\t\t\t\t\t\t<\/div>\n\t\t\t\t<\/div>\n\t\t\t\t<div class=\"elementor-element elementor-element-b8c9d38 elementor-widget elementor-widget-text-editor\" data-id=\"b8c9d38\" data-element_type=\"widget\" data-widget_type=\"text-editor.default\">\n\t\t\t\t<div class=\"elementor-widget-container\">\n\t\t\t\t\t\t\t\t\t<h3><span dir=\"ltr\">Evaldo Moretto<\/span><\/h3><p><span dir=\"ltr\">01\/1995 a 08\/1997 e 01\/1999 a 05\/2000<\/span><\/p><p><span dir=\"ltr\">Evaldo Moretto foi <\/span><span dir=\"ltr\">delegado-geral da Pol\u00edcia Civil de Santa Catarina na d\u00e9cada de 1990 e na d\u00e9cada de <\/span><span dir=\"ltr\">2000. Ao longo da carreira, exerceu tamb\u00e9m outras importantes fun\u00e7\u00f5es na carreira, <\/span><span dir=\"ltr\">como delegado regional em Lages e em S\u00e3o Jos\u00e9, al\u00e9m de diretor de pol\u00edcia do Interior. <\/span><span dir=\"ltr\">\u00c9 pai do delegado Ronaldo Neckel Moretto, tinha 71 anos e morava em Florian\u00f3polis. <\/span><span dir=\"ltr\">\u201cO doutor Evaldo Moretto foi um homem que pautou a sua vida pela retid\u00e3o, pelo <\/span><span dir=\"ltr\">comprometimento, pela lealdade para com a Pol\u00edcia Civil, assim como para com a sua <\/span><span dir=\"ltr\">fam\u00edlia. Ao longo da carreira, desempenhou v\u00e1rios cargos na Institui\u00e7\u00e3o e, <\/span><span dir=\"ltr\">principalmente, conquistou amigos, fi\u00e9is e leais. A sua partida deixa um grande vazio <\/span><span dir=\"ltr\">para todos n\u00f3s\u201d, destacou o ex-delegado geral da Pol\u00edcia Civil de Santa Catarina, Paulo <\/span><span dir=\"ltr\">Koerich<\/span><\/p>\t\t\t\t\t\t\t\t<\/div>\n\t\t\t\t<\/div>\n\t\t\t\t\t<\/div>\n\t\t<\/div>\n\t\t\t\t<div class=\"elementor-column elementor-col-25 elementor-top-column elementor-element elementor-element-881fe23\" data-id=\"881fe23\" data-element_type=\"column\">\n\t\t\t<div class=\"elementor-widget-wrap\">\n\t\t\t\t\t\t\t<\/div>\n\t\t<\/div>\n\t\t\t\t\t<\/div>\n\t\t<\/section>\n\t\t\t\t<section class=\"elementor-section elementor-top-section elementor-element elementor-element-992985d elementor-section-boxed elementor-section-height-default elementor-section-height-default\" data-id=\"992985d\" data-element_type=\"section\">\n\t\t\t\t\t\t<div class=\"elementor-container elementor-column-gap-default\">\n\t\t\t\t\t<div class=\"elementor-column elementor-col-100 elementor-top-column elementor-element elementor-element-202142e\" data-id=\"202142e\" data-element_type=\"column\">\n\t\t\t<div class=\"elementor-widget-wrap elementor-element-populated\">\n\t\t\t\t\t\t<div class=\"elementor-element elementor-element-2129207 elementor-widget-divider--view-line elementor-widget elementor-widget-divider\" data-id=\"2129207\" data-element_type=\"widget\" data-widget_type=\"divider.default\">\n\t\t\t\t<div class=\"elementor-widget-container\">\n\t\t\t\t\t\t\t<div class=\"elementor-divider\">\n\t\t\t<span class=\"elementor-divider-separator\">\n\t\t\t\t\t\t<\/span>\n\t\t<\/div>\n\t\t\t\t\t\t<\/div>\n\t\t\t\t<\/div>\n\t\t\t\t\t<\/div>\n\t\t<\/div>\n\t\t\t\t\t<\/div>\n\t\t<\/section>\n\t\t\t\t<section class=\"elementor-section elementor-top-section elementor-element elementor-element-f186add elementor-section-boxed elementor-section-height-default elementor-section-height-default\" data-id=\"f186add\" data-element_type=\"section\">\n\t\t\t\t\t\t<div class=\"elementor-container elementor-column-gap-default\">\n\t\t\t\t\t<div class=\"elementor-column elementor-col-25 elementor-top-column elementor-element elementor-element-2953edf\" data-id=\"2953edf\" data-element_type=\"column\">\n\t\t\t<div class=\"elementor-widget-wrap elementor-element-populated\">\n\t\t\t\t\t\t<div class=\"elementor-element elementor-element-2017c9c elementor-hidden-tablet elementor-hidden-mobile elementor-widget elementor-widget-image\" data-id=\"2017c9c\" data-element_type=\"widget\" data-widget_type=\"image.default\">\n\t\t\t\t<div class=\"elementor-widget-container\">\n\t\t\t\t\t\t\t\t\t\t\t\t\t\t\t<img loading=\"lazy\" decoding=\"async\" width=\"696\" height=\"929\" src=\"https:\/\/pc.sc.gov.br\/\/wp-content\/uploads\/2024\/04\/Ademar-Rezende.jpg\" class=\"attachment-large size-large wp-image-19543\" alt=\"\" srcset=\"https:\/\/pc.sc.gov.br\/\/wp-content\/uploads\/2024\/04\/Ademar-Rezende.jpg 742w, https:\/\/pc.sc.gov.br\/\/wp-content\/uploads\/2024\/04\/Ademar-Rezende-225x300.jpg 225w\" sizes=\"(max-width: 696px) 100vw, 696px\" \/>\t\t\t\t\t\t\t\t\t\t\t\t\t\t\t<\/div>\n\t\t\t\t<\/div>\n\t\t\t\t\t<\/div>\n\t\t<\/div>\n\t\t\t\t<div class=\"elementor-column elementor-col-50 elementor-top-column elementor-element elementor-element-9d319db\" data-id=\"9d319db\" data-element_type=\"column\">\n\t\t\t<div class=\"elementor-widget-wrap elementor-element-populated\">\n\t\t\t\t\t\t<div class=\"elementor-element elementor-element-a6aa63c elementor-hidden-desktop elementor-widget elementor-widget-image\" data-id=\"a6aa63c\" data-element_type=\"widget\" data-widget_type=\"image.default\">\n\t\t\t\t<div class=\"elementor-widget-container\">\n\t\t\t\t\t\t\t\t\t\t\t\t\t\t\t<img loading=\"lazy\" decoding=\"async\" width=\"696\" height=\"929\" src=\"https:\/\/pc.sc.gov.br\/\/wp-content\/uploads\/2024\/04\/Ademar-Rezende.jpg\" class=\"attachment-large size-large wp-image-19543\" alt=\"\" srcset=\"https:\/\/pc.sc.gov.br\/\/wp-content\/uploads\/2024\/04\/Ademar-Rezende.jpg 742w, https:\/\/pc.sc.gov.br\/\/wp-content\/uploads\/2024\/04\/Ademar-Rezende-225x300.jpg 225w\" sizes=\"(max-width: 696px) 100vw, 696px\" \/>\t\t\t\t\t\t\t\t\t\t\t\t\t\t\t<\/div>\n\t\t\t\t<\/div>\n\t\t\t\t<div class=\"elementor-element elementor-element-e23ee06 elementor-widget elementor-widget-text-editor\" data-id=\"e23ee06\" data-element_type=\"widget\" data-widget_type=\"text-editor.default\">\n\t\t\t\t<div class=\"elementor-widget-container\">\n\t\t\t\t\t\t\t\t\t<h3><span dir=\"ltr\">Ademar Jo\u00e3o Rezende<\/span><\/h3><p><span dir=\"ltr\">04\/1994 a 01\/1995<\/span><\/p><p><span dir=\"ltr\">Ingressou na Pol\u00edcia Civil em janeiro de <\/span><span dir=\"ltr\">1973, quando assumiu a Delegacia de Seguran\u00e7a Pessoal em Fpolis. De abril de 1974 <\/span><span dir=\"ltr\">a maio de 1976 foi Delegado Regional de Ca\u00e7ador; de maio de 1976 a dezembro de <\/span><span dir=\"ltr\">1978, atuou como Corregedor Policial; em janeiro de 1979 at\u00e9 at\u00e9 mar\u00e7o de 1983 <\/span><span dir=\"ltr\">esteve como Diretor da Pol\u00edcia Civil (que na \u00e9poca comandava todas as delegacias, <\/span><span dir=\"ltr\">salvo na Grande Florian\u00f3polis e Especializadas); de abril de 1983 at\u00e9 final deste mesmo <\/span><span dir=\"ltr\">ano, foi Vice-Diretor da Acadepol e, em seguida, assumiu at\u00e9 mar\u00e7o de 1987 como <\/span><span dir=\"ltr\">Corregedor Policial. De abril de 1987 at\u00e9 mar\u00e7o de 1988, foi Diretor da Acadepol, em <\/span><span dir=\"ltr\">seguida assumiu a Diretoria de Pol\u00edcia T\u00e9cnica e Cient\u00edfica at\u00e9 final de 1989. Em 1990 <\/span><span dir=\"ltr\">voltou como Diretor da Acadepol, onde ficou at\u00e9 o final daquele ano. Entre janeiro de <\/span><span dir=\"ltr\">1991 e 1992 foi Assessor de Planejamento da SSP, Diretor da Diretoria Central de <\/span><span dir=\"ltr\">Informa\u00e7\u00f5es (DCI) e novamente Diretor da Pol\u00edcia T\u00e9cnica e Cient\u00edfica. Em 1993 a 1994 <\/span><span dir=\"ltr\">atuou como Corregedor Geral da Pol\u00edcia Civil. Uma das conquistas como Delegado <\/span><span dir=\"ltr\">Geral, em 1994, foi, atrav\u00e9s de Ordem de Servi\u00e7o, proibir o recebimento em todos os <\/span><span dir=\"ltr\">\u00f3rg\u00e3os policiais civis de pessoas embriagadas ou drogadas que n\u00e3o estivessem <\/span><span dir=\"ltr\">envolvidas em delitos, algo que tomava tempo e que n\u00e3o era atribui\u00e7\u00e3o da Pol\u00edcia Civil <\/span><span dir=\"ltr\">Catarinense.<\/span><\/p>\t\t\t\t\t\t\t\t<\/div>\n\t\t\t\t<\/div>\n\t\t\t\t\t<\/div>\n\t\t<\/div>\n\t\t\t\t<div class=\"elementor-column elementor-col-25 elementor-top-column elementor-element elementor-element-d16df5f\" data-id=\"d16df5f\" data-element_type=\"column\">\n\t\t\t<div class=\"elementor-widget-wrap\">\n\t\t\t\t\t\t\t<\/div>\n\t\t<\/div>\n\t\t\t\t\t<\/div>\n\t\t<\/section>\n\t\t\t\t<section class=\"elementor-section elementor-top-section elementor-element elementor-element-94fbfd3 elementor-section-boxed elementor-section-height-default elementor-section-height-default\" data-id=\"94fbfd3\" data-element_type=\"section\">\n\t\t\t\t\t\t<div class=\"elementor-container elementor-column-gap-default\">\n\t\t\t\t\t<div class=\"elementor-column elementor-col-100 elementor-top-column elementor-element elementor-element-d0e08d5\" data-id=\"d0e08d5\" data-element_type=\"column\">\n\t\t\t<div class=\"elementor-widget-wrap elementor-element-populated\">\n\t\t\t\t\t\t<div class=\"elementor-element elementor-element-6717455 elementor-widget-divider--view-line elementor-widget elementor-widget-divider\" data-id=\"6717455\" data-element_type=\"widget\" data-widget_type=\"divider.default\">\n\t\t\t\t<div class=\"elementor-widget-container\">\n\t\t\t\t\t\t\t<div class=\"elementor-divider\">\n\t\t\t<span class=\"elementor-divider-separator\">\n\t\t\t\t\t\t<\/span>\n\t\t<\/div>\n\t\t\t\t\t\t<\/div>\n\t\t\t\t<\/div>\n\t\t\t\t\t<\/div>\n\t\t<\/div>\n\t\t\t\t\t<\/div>\n\t\t<\/section>\n\t\t\t\t<section class=\"elementor-section elementor-top-section elementor-element elementor-element-4e2a786 elementor-section-boxed elementor-section-height-default elementor-section-height-default\" data-id=\"4e2a786\" data-element_type=\"section\">\n\t\t\t\t\t\t<div class=\"elementor-container elementor-column-gap-default\">\n\t\t\t\t\t<div class=\"elementor-column elementor-col-25 elementor-top-column elementor-element elementor-element-0990e44\" data-id=\"0990e44\" data-element_type=\"column\">\n\t\t\t<div class=\"elementor-widget-wrap elementor-element-populated\">\n\t\t\t\t\t\t<div class=\"elementor-element elementor-element-4f555ba elementor-hidden-tablet elementor-hidden-mobile elementor-widget elementor-widget-image\" data-id=\"4f555ba\" data-element_type=\"widget\" data-widget_type=\"image.default\">\n\t\t\t\t<div class=\"elementor-widget-container\">\n\t\t\t\t\t\t\t\t\t\t\t\t\t\t\t<img loading=\"lazy\" decoding=\"async\" width=\"616\" height=\"931\" src=\"https:\/\/pc.sc.gov.br\/\/wp-content\/uploads\/2024\/04\/Oscar-Peixoto-Sobrinho.jpg\" class=\"attachment-large size-large wp-image-19565\" alt=\"\" srcset=\"https:\/\/pc.sc.gov.br\/\/wp-content\/uploads\/2024\/04\/Oscar-Peixoto-Sobrinho.jpg 616w, https:\/\/pc.sc.gov.br\/\/wp-content\/uploads\/2024\/04\/Oscar-Peixoto-Sobrinho-198x300.jpg 198w\" sizes=\"(max-width: 616px) 100vw, 616px\" \/>\t\t\t\t\t\t\t\t\t\t\t\t\t\t\t<\/div>\n\t\t\t\t<\/div>\n\t\t\t\t\t<\/div>\n\t\t<\/div>\n\t\t\t\t<div class=\"elementor-column elementor-col-50 elementor-top-column elementor-element elementor-element-a3737c4\" data-id=\"a3737c4\" data-element_type=\"column\">\n\t\t\t<div class=\"elementor-widget-wrap elementor-element-populated\">\n\t\t\t\t\t\t<div class=\"elementor-element elementor-element-1f4c3a1 elementor-hidden-desktop elementor-widget elementor-widget-image\" data-id=\"1f4c3a1\" data-element_type=\"widget\" data-widget_type=\"image.default\">\n\t\t\t\t<div class=\"elementor-widget-container\">\n\t\t\t\t\t\t\t\t\t\t\t\t\t\t\t<img loading=\"lazy\" decoding=\"async\" width=\"616\" height=\"931\" src=\"https:\/\/pc.sc.gov.br\/\/wp-content\/uploads\/2024\/04\/Oscar-Peixoto-Sobrinho.jpg\" class=\"attachment-large size-large wp-image-19565\" alt=\"\" srcset=\"https:\/\/pc.sc.gov.br\/\/wp-content\/uploads\/2024\/04\/Oscar-Peixoto-Sobrinho.jpg 616w, https:\/\/pc.sc.gov.br\/\/wp-content\/uploads\/2024\/04\/Oscar-Peixoto-Sobrinho-198x300.jpg 198w\" sizes=\"(max-width: 616px) 100vw, 616px\" \/>\t\t\t\t\t\t\t\t\t\t\t\t\t\t\t<\/div>\n\t\t\t\t<\/div>\n\t\t\t\t<div class=\"elementor-element elementor-element-3e3ff39 elementor-widget elementor-widget-text-editor\" data-id=\"3e3ff39\" data-element_type=\"widget\" data-widget_type=\"text-editor.default\">\n\t\t\t\t<div class=\"elementor-widget-container\">\n\t\t\t\t\t\t\t\t\t<h3><span dir=\"ltr\"> Oscar Peixoto Sobrinho<\/span><\/h3><p><span dir=\"ltr\">08\/1993 a 03\/1994<\/span><\/p><p><span dir=\"ltr\">Formado em Direito, em 1968, pela <\/span><span dir=\"ltr\">UFSC; ingressou na Pol\u00edcia Civil no dia 09 de fevereiro de 1971, atuou nas ent\u00e3o <\/span><span dir=\"ltr\">Delegacias Especializadas de Furtos, Costumes e Menores e Jogos e Divers\u00f5es, Seguran\u00e7a Pessoal, Homic\u00eddios, Delegado Titular do 2\u00ba Distrito Policial e, por \u00faltimo, na Delegacia de T\u00f3xicos e Entorpecentes. Tamb\u00e9m trabalhou nas Comarcas de Bigua\u00e7u e Santo Amaro da Imperatriz. Foi Delegado Regional em S\u00e3o Miguel do Oeste, Ca\u00e7ador e Lages. Ocupou os cargos comissionados de Diretor da Pol\u00edcia Civil, Corregedor Policial e Corregedor Geral da Pol\u00edcia Civil<\/span><\/p>\t\t\t\t\t\t\t\t<\/div>\n\t\t\t\t<\/div>\n\t\t\t\t\t<\/div>\n\t\t<\/div>\n\t\t\t\t<div class=\"elementor-column elementor-col-25 elementor-top-column elementor-element elementor-element-c538512\" data-id=\"c538512\" data-element_type=\"column\">\n\t\t\t<div class=\"elementor-widget-wrap\">\n\t\t\t\t\t\t\t<\/div>\n\t\t<\/div>\n\t\t\t\t\t<\/div>\n\t\t<\/section>\n\t\t\t\t<section class=\"elementor-section elementor-top-section elementor-element elementor-element-9f16c04 elementor-section-boxed elementor-section-height-default elementor-section-height-default\" data-id=\"9f16c04\" data-element_type=\"section\">\n\t\t\t\t\t\t<div class=\"elementor-container elementor-column-gap-default\">\n\t\t\t\t\t<div class=\"elementor-column elementor-col-100 elementor-top-column elementor-element elementor-element-f244482\" data-id=\"f244482\" data-element_type=\"column\">\n\t\t\t<div class=\"elementor-widget-wrap elementor-element-populated\">\n\t\t\t\t\t\t<div class=\"elementor-element elementor-element-425de35 elementor-widget-divider--view-line elementor-widget elementor-widget-divider\" data-id=\"425de35\" data-element_type=\"widget\" data-widget_type=\"divider.default\">\n\t\t\t\t<div class=\"elementor-widget-container\">\n\t\t\t\t\t\t\t<div class=\"elementor-divider\">\n\t\t\t<span class=\"elementor-divider-separator\">\n\t\t\t\t\t\t<\/span>\n\t\t<\/div>\n\t\t\t\t\t\t<\/div>\n\t\t\t\t<\/div>\n\t\t\t\t\t<\/div>\n\t\t<\/div>\n\t\t\t\t\t<\/div>\n\t\t<\/section>\n\t\t\t\t<section class=\"elementor-section elementor-top-section elementor-element elementor-element-e340b81 elementor-section-boxed elementor-section-height-default elementor-section-height-default\" data-id=\"e340b81\" data-element_type=\"section\">\n\t\t\t\t\t\t<div class=\"elementor-container elementor-column-gap-default\">\n\t\t\t\t\t<div class=\"elementor-column elementor-col-25 elementor-top-column elementor-element elementor-element-2c5f8ca\" data-id=\"2c5f8ca\" data-element_type=\"column\">\n\t\t\t<div class=\"elementor-widget-wrap elementor-element-populated\">\n\t\t\t\t\t\t<div class=\"elementor-element elementor-element-378d7a0 elementor-hidden-tablet elementor-hidden-mobile elementor-widget elementor-widget-image\" data-id=\"378d7a0\" data-element_type=\"widget\" data-widget_type=\"image.default\">\n\t\t\t\t<div class=\"elementor-widget-container\">\n\t\t\t\t\t\t\t\t\t\t\t\t\t\t\t<img loading=\"lazy\" decoding=\"async\" width=\"666\" height=\"844\" src=\"https:\/\/pc.sc.gov.br\/\/wp-content\/uploads\/2024\/04\/Jorge-Cesar-Xavier.jpg\" class=\"attachment-large size-large wp-image-19557\" alt=\"\" srcset=\"https:\/\/pc.sc.gov.br\/\/wp-content\/uploads\/2024\/04\/Jorge-Cesar-Xavier.jpg 666w, https:\/\/pc.sc.gov.br\/\/wp-content\/uploads\/2024\/04\/Jorge-Cesar-Xavier-237x300.jpg 237w\" sizes=\"(max-width: 666px) 100vw, 666px\" \/>\t\t\t\t\t\t\t\t\t\t\t\t\t\t\t<\/div>\n\t\t\t\t<\/div>\n\t\t\t\t\t<\/div>\n\t\t<\/div>\n\t\t\t\t<div class=\"elementor-column elementor-col-50 elementor-top-column elementor-element elementor-element-64deec1\" data-id=\"64deec1\" data-element_type=\"column\">\n\t\t\t<div class=\"elementor-widget-wrap elementor-element-populated\">\n\t\t\t\t\t\t<div class=\"elementor-element elementor-element-b45d6a5 elementor-hidden-desktop elementor-widget elementor-widget-image\" data-id=\"b45d6a5\" data-element_type=\"widget\" data-widget_type=\"image.default\">\n\t\t\t\t<div class=\"elementor-widget-container\">\n\t\t\t\t\t\t\t\t\t\t\t\t\t\t\t<img loading=\"lazy\" decoding=\"async\" width=\"666\" height=\"844\" src=\"https:\/\/pc.sc.gov.br\/\/wp-content\/uploads\/2024\/04\/Jorge-Cesar-Xavier.jpg\" class=\"attachment-large size-large wp-image-19557\" alt=\"\" srcset=\"https:\/\/pc.sc.gov.br\/\/wp-content\/uploads\/2024\/04\/Jorge-Cesar-Xavier.jpg 666w, https:\/\/pc.sc.gov.br\/\/wp-content\/uploads\/2024\/04\/Jorge-Cesar-Xavier-237x300.jpg 237w\" sizes=\"(max-width: 666px) 100vw, 666px\" \/>\t\t\t\t\t\t\t\t\t\t\t\t\t\t\t<\/div>\n\t\t\t\t<\/div>\n\t\t\t\t<div class=\"elementor-element elementor-element-7e4b34d elementor-widget elementor-widget-text-editor\" data-id=\"7e4b34d\" data-element_type=\"widget\" data-widget_type=\"text-editor.default\">\n\t\t\t\t<div class=\"elementor-widget-container\">\n\t\t\t\t\t\t\t\t\t<h3><span dir=\"ltr\">Jorge C\u00e9sar Xavier<\/span><\/h3><p><span dir=\"ltr\">03\/1991 a 08\/1993<\/span><\/p><p><span dir=\"ltr\">Formado em Direito pela Universidade <\/span><span dir=\"ltr\">Federal de Santa Catarina (1968), <\/span><span dir=\"ltr\">ingressou na Pol\u00edcia Civil no dia 09 de fevereiro de <\/span><span dir=\"ltr\">1971. Em 08\/09\/1983 foi nomeado Diretor de Investiga\u00e7\u00f5es (atual DEIC) e em <\/span><span dir=\"ltr\">12\/03\/1984 Diretor do Departamento de Pol\u00edcia T\u00e9cnica. Foi Assessor T\u00e9cnico <\/span><span dir=\"ltr\">Administrativo da SSP e em 20\/03\/1991 assumiu como Delegado-Geral da Pol\u00edcia Civil <\/span><span dir=\"ltr\">de Santa Catarina.<\/span><\/p>\t\t\t\t\t\t\t\t<\/div>\n\t\t\t\t<\/div>\n\t\t\t\t\t<\/div>\n\t\t<\/div>\n\t\t\t\t<div class=\"elementor-column elementor-col-25 elementor-top-column elementor-element elementor-element-c8bcf36\" data-id=\"c8bcf36\" data-element_type=\"column\">\n\t\t\t<div class=\"elementor-widget-wrap\">\n\t\t\t\t\t\t\t<\/div>\n\t\t<\/div>\n\t\t\t\t\t<\/div>\n\t\t<\/section>\n\t\t\t\t<section class=\"elementor-section elementor-top-section elementor-element elementor-element-6ef51d3 elementor-section-boxed elementor-section-height-default elementor-section-height-default\" data-id=\"6ef51d3\" data-element_type=\"section\">\n\t\t\t\t\t\t<div class=\"elementor-container elementor-column-gap-default\">\n\t\t\t\t\t<div class=\"elementor-column elementor-col-100 elementor-top-column elementor-element elementor-element-8a3200d\" data-id=\"8a3200d\" data-element_type=\"column\">\n\t\t\t<div class=\"elementor-widget-wrap elementor-element-populated\">\n\t\t\t\t\t\t<div class=\"elementor-element elementor-element-e716a2b elementor-widget-divider--view-line elementor-widget elementor-widget-divider\" data-id=\"e716a2b\" data-element_type=\"widget\" data-widget_type=\"divider.default\">\n\t\t\t\t<div class=\"elementor-widget-container\">\n\t\t\t\t\t\t\t<div class=\"elementor-divider\">\n\t\t\t<span class=\"elementor-divider-separator\">\n\t\t\t\t\t\t<\/span>\n\t\t<\/div>\n\t\t\t\t\t\t<\/div>\n\t\t\t\t<\/div>\n\t\t\t\t\t<\/div>\n\t\t<\/div>\n\t\t\t\t\t<\/div>\n\t\t<\/section>\n\t\t\t\t<section class=\"elementor-section elementor-top-section elementor-element elementor-element-dd56221 elementor-section-boxed elementor-section-height-default elementor-section-height-default\" data-id=\"dd56221\" data-element_type=\"section\">\n\t\t\t\t\t\t<div class=\"elementor-container elementor-column-gap-default\">\n\t\t\t\t\t<div class=\"elementor-column elementor-col-25 elementor-top-column elementor-element elementor-element-ca9ee3e\" data-id=\"ca9ee3e\" data-element_type=\"column\">\n\t\t\t<div class=\"elementor-widget-wrap elementor-element-populated\">\n\t\t\t\t\t\t<div class=\"elementor-element elementor-element-4d75a84 elementor-hidden-tablet elementor-hidden-mobile elementor-widget elementor-widget-image\" data-id=\"4d75a84\" data-element_type=\"widget\" data-widget_type=\"image.default\">\n\t\t\t\t<div class=\"elementor-widget-container\">\n\t\t\t\t\t\t\t\t\t\t\t\t\t\t\t<img loading=\"lazy\" decoding=\"async\" width=\"696\" height=\"966\" src=\"https:\/\/pc.sc.gov.br\/\/wp-content\/uploads\/2024\/04\/Lucia-Maria-Stefanovich-738x1024.jpg\" class=\"attachment-large size-large wp-image-19559\" alt=\"\" srcset=\"https:\/\/pc.sc.gov.br\/\/wp-content\/uploads\/2024\/04\/Lucia-Maria-Stefanovich-738x1024.jpg 738w, https:\/\/pc.sc.gov.br\/\/wp-content\/uploads\/2024\/04\/Lucia-Maria-Stefanovich-216x300.jpg 216w, https:\/\/pc.sc.gov.br\/\/wp-content\/uploads\/2024\/04\/Lucia-Maria-Stefanovich-768x1065.jpg 768w, https:\/\/pc.sc.gov.br\/\/wp-content\/uploads\/2024\/04\/Lucia-Maria-Stefanovich.jpg 923w\" sizes=\"(max-width: 696px) 100vw, 696px\" \/>\t\t\t\t\t\t\t\t\t\t\t\t\t\t\t<\/div>\n\t\t\t\t<\/div>\n\t\t\t\t\t<\/div>\n\t\t<\/div>\n\t\t\t\t<div class=\"elementor-column elementor-col-50 elementor-top-column elementor-element elementor-element-9795fcd\" data-id=\"9795fcd\" data-element_type=\"column\">\n\t\t\t<div class=\"elementor-widget-wrap elementor-element-populated\">\n\t\t\t\t\t\t<div class=\"elementor-element elementor-element-c04cb4a elementor-hidden-desktop elementor-widget elementor-widget-image\" data-id=\"c04cb4a\" data-element_type=\"widget\" data-widget_type=\"image.default\">\n\t\t\t\t<div class=\"elementor-widget-container\">\n\t\t\t\t\t\t\t\t\t\t\t\t\t\t\t<img loading=\"lazy\" decoding=\"async\" width=\"696\" height=\"966\" src=\"https:\/\/pc.sc.gov.br\/\/wp-content\/uploads\/2024\/04\/Lucia-Maria-Stefanovich-738x1024.jpg\" class=\"attachment-large size-large wp-image-19559\" alt=\"\" srcset=\"https:\/\/pc.sc.gov.br\/\/wp-content\/uploads\/2024\/04\/Lucia-Maria-Stefanovich-738x1024.jpg 738w, https:\/\/pc.sc.gov.br\/\/wp-content\/uploads\/2024\/04\/Lucia-Maria-Stefanovich-216x300.jpg 216w, https:\/\/pc.sc.gov.br\/\/wp-content\/uploads\/2024\/04\/Lucia-Maria-Stefanovich-768x1065.jpg 768w, https:\/\/pc.sc.gov.br\/\/wp-content\/uploads\/2024\/04\/Lucia-Maria-Stefanovich.jpg 923w\" sizes=\"(max-width: 696px) 100vw, 696px\" \/>\t\t\t\t\t\t\t\t\t\t\t\t\t\t\t<\/div>\n\t\t\t\t<\/div>\n\t\t\t\t<div class=\"elementor-element elementor-element-ce6daa1 elementor-widget elementor-widget-text-editor\" data-id=\"ce6daa1\" data-element_type=\"widget\" data-widget_type=\"text-editor.default\">\n\t\t\t\t<div class=\"elementor-widget-container\">\n\t\t\t\t\t\t\t\t\t<h3><span dir=\"ltr\"> L\u00facia Maria Stefanovich<\/span><\/h3><p><span dir=\"ltr\">04\/1990 a 03\/1991<\/span><\/p><p><span dir=\"ltr\">L\u00facia Maria Stefanovich era natural de <\/span><span dir=\"ltr\">Lauro M\u00fcller, e chegou a Florian\u00f3polis em 1960. Ingressou na Pol\u00edcia Civil, por <\/span><span dir=\"ltr\">concurso P\u00fablico, em 28 de setembro de 1972, data da publica\u00e7\u00e3o do ato de nomea\u00e7\u00e3o <\/span><span dir=\"ltr\">no Di\u00e1rio Oficial. Ela se tornou a primeira delegada do Brasil. Foi Delegada Regional de <\/span><span dir=\"ltr\">Rio do Sul e atuou na comarca de Ibirama. Exerceu diversos cargos na estrutura da <\/span><span dir=\"ltr\">Seguran\u00e7a P\u00fablica. Em 1987, criou a 6\u00aa Delegacia de Pol\u00edcia de da Mulher e do Menor, <\/span><span dir=\"ltr\">hoje 6\u00aa DPCAMI \u2013 Delegacia de Pol\u00edcia da Crian\u00e7a, Adolescente, Mulher e Idoso. <\/span><span dir=\"ltr\">Exerceu de 1990 a 1991 o cargo de Superintendente da Pol\u00edcia Civil. Em 1995 foi a <\/span><span dir=\"ltr\">escolhida pelo ent\u00e3o Governador Paulo Afonso Vieira para ocupar o cargo de Secret\u00e1ria <\/span><span dir=\"ltr\">de Estado da Seguran\u00e7a P\u00fablica.<\/span><\/p>\t\t\t\t\t\t\t\t<\/div>\n\t\t\t\t<\/div>\n\t\t\t\t\t<\/div>\n\t\t<\/div>\n\t\t\t\t<div class=\"elementor-column elementor-col-25 elementor-top-column elementor-element elementor-element-d2f428d\" data-id=\"d2f428d\" data-element_type=\"column\">\n\t\t\t<div class=\"elementor-widget-wrap\">\n\t\t\t\t\t\t\t<\/div>\n\t\t<\/div>\n\t\t\t\t\t<\/div>\n\t\t<\/section>\n\t\t\t\t<section class=\"elementor-section elementor-top-section elementor-element elementor-element-544eeff elementor-section-boxed elementor-section-height-default elementor-section-height-default\" data-id=\"544eeff\" data-element_type=\"section\">\n\t\t\t\t\t\t<div class=\"elementor-container elementor-column-gap-default\">\n\t\t\t\t\t<div class=\"elementor-column elementor-col-100 elementor-top-column elementor-element elementor-element-78f4c69\" data-id=\"78f4c69\" data-element_type=\"column\">\n\t\t\t<div class=\"elementor-widget-wrap elementor-element-populated\">\n\t\t\t\t\t\t<div class=\"elementor-element elementor-element-3d1df93 elementor-widget-divider--view-line elementor-widget elementor-widget-divider\" data-id=\"3d1df93\" data-element_type=\"widget\" data-widget_type=\"divider.default\">\n\t\t\t\t<div class=\"elementor-widget-container\">\n\t\t\t\t\t\t\t<div class=\"elementor-divider\">\n\t\t\t<span class=\"elementor-divider-separator\">\n\t\t\t\t\t\t<\/span>\n\t\t<\/div>\n\t\t\t\t\t\t<\/div>\n\t\t\t\t<\/div>\n\t\t\t\t\t<\/div>\n\t\t<\/div>\n\t\t\t\t\t<\/div>\n\t\t<\/section>\n\t\t\t\t<section class=\"elementor-section elementor-top-section elementor-element elementor-element-cace6c5 elementor-section-boxed elementor-section-height-default elementor-section-height-default\" data-id=\"cace6c5\" data-element_type=\"section\">\n\t\t\t\t\t\t<div class=\"elementor-container elementor-column-gap-default\">\n\t\t\t\t\t<div class=\"elementor-column elementor-col-25 elementor-top-column elementor-element elementor-element-8d4744f\" data-id=\"8d4744f\" data-element_type=\"column\">\n\t\t\t<div class=\"elementor-widget-wrap elementor-element-populated\">\n\t\t\t\t\t\t<div class=\"elementor-element elementor-element-0bb5597 elementor-hidden-tablet elementor-hidden-mobile elementor-widget elementor-widget-image\" data-id=\"0bb5597\" data-element_type=\"widget\" data-widget_type=\"image.default\">\n\t\t\t\t<div class=\"elementor-widget-container\">\n\t\t\t\t\t\t\t\t\t\t\t\t\t\t\t<img loading=\"lazy\" decoding=\"async\" width=\"696\" height=\"902\" src=\"https:\/\/pc.sc.gov.br\/\/wp-content\/uploads\/2024\/04\/Luiz-M.-Bahia-S.-Bittencourt.jpg\" class=\"attachment-large size-large wp-image-19561\" alt=\"\" srcset=\"https:\/\/pc.sc.gov.br\/\/wp-content\/uploads\/2024\/04\/Luiz-M.-Bahia-S.-Bittencourt.jpg 745w, https:\/\/pc.sc.gov.br\/\/wp-content\/uploads\/2024\/04\/Luiz-M.-Bahia-S.-Bittencourt-231x300.jpg 231w\" sizes=\"(max-width: 696px) 100vw, 696px\" \/>\t\t\t\t\t\t\t\t\t\t\t\t\t\t\t<\/div>\n\t\t\t\t<\/div>\n\t\t\t\t\t<\/div>\n\t\t<\/div>\n\t\t\t\t<div class=\"elementor-column elementor-col-50 elementor-top-column elementor-element elementor-element-67ef4d9\" data-id=\"67ef4d9\" data-element_type=\"column\">\n\t\t\t<div class=\"elementor-widget-wrap elementor-element-populated\">\n\t\t\t\t\t\t<div class=\"elementor-element elementor-element-08b3cfa elementor-hidden-desktop elementor-widget elementor-widget-image\" data-id=\"08b3cfa\" data-element_type=\"widget\" data-widget_type=\"image.default\">\n\t\t\t\t<div class=\"elementor-widget-container\">\n\t\t\t\t\t\t\t\t\t\t\t\t\t\t\t<img loading=\"lazy\" decoding=\"async\" width=\"696\" height=\"902\" src=\"https:\/\/pc.sc.gov.br\/\/wp-content\/uploads\/2024\/04\/Luiz-M.-Bahia-S.-Bittencourt.jpg\" class=\"attachment-large size-large wp-image-19561\" alt=\"\" srcset=\"https:\/\/pc.sc.gov.br\/\/wp-content\/uploads\/2024\/04\/Luiz-M.-Bahia-S.-Bittencourt.jpg 745w, https:\/\/pc.sc.gov.br\/\/wp-content\/uploads\/2024\/04\/Luiz-M.-Bahia-S.-Bittencourt-231x300.jpg 231w\" sizes=\"(max-width: 696px) 100vw, 696px\" \/>\t\t\t\t\t\t\t\t\t\t\t\t\t\t\t<\/div>\n\t\t\t\t<\/div>\n\t\t\t\t<div class=\"elementor-element elementor-element-f385f54 elementor-widget elementor-widget-text-editor\" data-id=\"f385f54\" data-element_type=\"widget\" data-widget_type=\"text-editor.default\">\n\t\t\t\t<div class=\"elementor-widget-container\">\n\t\t\t\t\t\t\t\t\t<h3><span dir=\"ltr\"> Luiz Magno Bahia Spinola Bittencourt<\/span><\/h3><p><span dir=\"ltr\">12\/1989 a 04\/1990<\/span><\/p><p><span dir=\"ltr\">Natural de Itaja\u00ed e <\/span><span dir=\"ltr\">formado em Direito pela UFSC, ingressou na Pol\u00edcia Civil como Delegado em 1972 e ao <\/span><span dir=\"ltr\">longo da carreira se especializou em diversas \u00e1reas da Criminal\u00edstica. Recebeu da SSP <\/span><span dir=\"ltr\">a medalha de bronze e elogio pelos relevantes trabalhos prestados \u00e0 seguran\u00e7a p\u00fablica <\/span><span dir=\"ltr\">catarinense em 1989, foi Diretor da Academia de Pol\u00edcia Civil ACADEPOL, Diretor de <\/span><span dir=\"ltr\">Informa\u00e7\u00e3o e Comunica\u00e7\u00f5es da PCSC, Corregedor-Geral da PCSC e Consultor Jur\u00eddico <\/span><span dir=\"ltr\">na SSP. No dia 04 janeiro de 1990, foi nomeado como Superintendente da Pol\u00edcia Civil <\/span><span dir=\"ltr\">de Santa Catarina.<\/span><\/p>\t\t\t\t\t\t\t\t<\/div>\n\t\t\t\t<\/div>\n\t\t\t\t\t<\/div>\n\t\t<\/div>\n\t\t\t\t<div class=\"elementor-column elementor-col-25 elementor-top-column elementor-element elementor-element-7e2890e\" data-id=\"7e2890e\" data-element_type=\"column\">\n\t\t\t<div class=\"elementor-widget-wrap\">\n\t\t\t\t\t\t\t<\/div>\n\t\t<\/div>\n\t\t\t\t\t<\/div>\n\t\t<\/section>\n\t\t\t\t<section class=\"elementor-section elementor-top-section elementor-element elementor-element-a2bf14d elementor-section-boxed elementor-section-height-default elementor-section-height-default\" data-id=\"a2bf14d\" data-element_type=\"section\">\n\t\t\t\t\t\t<div class=\"elementor-container elementor-column-gap-default\">\n\t\t\t\t\t<div class=\"elementor-column elementor-col-100 elementor-top-column elementor-element elementor-element-c69f42b\" data-id=\"c69f42b\" data-element_type=\"column\">\n\t\t\t<div class=\"elementor-widget-wrap elementor-element-populated\">\n\t\t\t\t\t\t<div class=\"elementor-element elementor-element-a16bdbb elementor-widget-divider--view-line elementor-widget elementor-widget-divider\" data-id=\"a16bdbb\" data-element_type=\"widget\" data-widget_type=\"divider.default\">\n\t\t\t\t<div class=\"elementor-widget-container\">\n\t\t\t\t\t\t\t<div class=\"elementor-divider\">\n\t\t\t<span class=\"elementor-divider-separator\">\n\t\t\t\t\t\t<\/span>\n\t\t<\/div>\n\t\t\t\t\t\t<\/div>\n\t\t\t\t<\/div>\n\t\t\t\t\t<\/div>\n\t\t<\/div>\n\t\t\t\t\t<\/div>\n\t\t<\/section>\n\t\t\t\t<section class=\"elementor-section elementor-top-section elementor-element elementor-element-90443b1 elementor-section-boxed elementor-section-height-default elementor-section-height-default\" data-id=\"90443b1\" data-element_type=\"section\">\n\t\t\t\t\t\t<div class=\"elementor-container elementor-column-gap-default\">\n\t\t\t\t\t<div class=\"elementor-column elementor-col-25 elementor-top-column elementor-element elementor-element-6ed272b\" data-id=\"6ed272b\" data-element_type=\"column\">\n\t\t\t<div class=\"elementor-widget-wrap elementor-element-populated\">\n\t\t\t\t\t\t<div class=\"elementor-element elementor-element-6eedc23 elementor-hidden-tablet elementor-hidden-mobile elementor-widget elementor-widget-image\" data-id=\"6eedc23\" data-element_type=\"widget\" data-widget_type=\"image.default\">\n\t\t\t\t<div class=\"elementor-widget-container\">\n\t\t\t\t\t\t\t\t\t\t\t\t\t\t\t<img loading=\"lazy\" decoding=\"async\" width=\"421\" height=\"578\" src=\"https:\/\/pc.sc.gov.br\/\/wp-content\/uploads\/2024\/04\/Antonio-Abelardo-Bado.jpg\" class=\"attachment-large size-large wp-image-19547\" alt=\"\" srcset=\"https:\/\/pc.sc.gov.br\/\/wp-content\/uploads\/2024\/04\/Antonio-Abelardo-Bado.jpg 421w, https:\/\/pc.sc.gov.br\/\/wp-content\/uploads\/2024\/04\/Antonio-Abelardo-Bado-219x300.jpg 219w\" sizes=\"(max-width: 421px) 100vw, 421px\" \/>\t\t\t\t\t\t\t\t\t\t\t\t\t\t\t<\/div>\n\t\t\t\t<\/div>\n\t\t\t\t\t<\/div>\n\t\t<\/div>\n\t\t\t\t<div class=\"elementor-column elementor-col-50 elementor-top-column elementor-element elementor-element-065e39e\" data-id=\"065e39e\" data-element_type=\"column\">\n\t\t\t<div class=\"elementor-widget-wrap elementor-element-populated\">\n\t\t\t\t\t\t<div class=\"elementor-element elementor-element-4a1ef45 elementor-hidden-desktop elementor-widget elementor-widget-image\" data-id=\"4a1ef45\" data-element_type=\"widget\" data-widget_type=\"image.default\">\n\t\t\t\t<div class=\"elementor-widget-container\">\n\t\t\t\t\t\t\t\t\t\t\t\t\t\t\t<img loading=\"lazy\" decoding=\"async\" width=\"421\" height=\"578\" src=\"https:\/\/pc.sc.gov.br\/\/wp-content\/uploads\/2024\/04\/Antonio-Abelardo-Bado.jpg\" class=\"attachment-large size-large wp-image-19547\" alt=\"\" srcset=\"https:\/\/pc.sc.gov.br\/\/wp-content\/uploads\/2024\/04\/Antonio-Abelardo-Bado.jpg 421w, https:\/\/pc.sc.gov.br\/\/wp-content\/uploads\/2024\/04\/Antonio-Abelardo-Bado-219x300.jpg 219w\" sizes=\"(max-width: 421px) 100vw, 421px\" \/>\t\t\t\t\t\t\t\t\t\t\t\t\t\t\t<\/div>\n\t\t\t\t<\/div>\n\t\t\t\t<div class=\"elementor-element elementor-element-c820196 elementor-widget elementor-widget-text-editor\" data-id=\"c820196\" data-element_type=\"widget\" data-widget_type=\"text-editor.default\">\n\t\t\t\t<div class=\"elementor-widget-container\">\n\t\t\t\t\t\t\t\t\t<h3><span dir=\"ltr\">Ant\u00f4nio Abelardo Bado<\/span><\/h3><p><span dir=\"ltr\">03\/1987 a 12\/1989<\/span><\/p><p><span dir=\"ltr\">Cursou Direito pela FURB (Blumenau) e <\/span><span dir=\"ltr\">na Funda\u00e7\u00e3o de Ensino do Polo Geo-Educacional do Vale do Itaja\u00ed. Foi Vice-Prefeito de <\/span><span dir=\"ltr\">Brusque (1973 a 1977), formou-se Delegado de Pol\u00edcia (1974) e foi nomeado para a <\/span><span dir=\"ltr\">Delegacia Regional de Rio do Sul (1976). Ocupou o cargo de Superintendente da <\/span><span dir=\"ltr\">Pol\u00edcia Civil (1989) e foi o \u00faltimo secret\u00e1rio de Seguran\u00e7a P\u00fablica do governo Pedro Ivo <\/span><span dir=\"ltr\">Campos<\/span><\/p>\t\t\t\t\t\t\t\t<\/div>\n\t\t\t\t<\/div>\n\t\t\t\t\t<\/div>\n\t\t<\/div>\n\t\t\t\t<div class=\"elementor-column elementor-col-25 elementor-top-column elementor-element elementor-element-0682b30\" data-id=\"0682b30\" data-element_type=\"column\">\n\t\t\t<div class=\"elementor-widget-wrap\">\n\t\t\t\t\t\t\t<\/div>\n\t\t<\/div>\n\t\t\t\t\t<\/div>\n\t\t<\/section>\n\t\t\t\t<section class=\"elementor-section elementor-top-section elementor-element elementor-element-eac16fc elementor-section-boxed elementor-section-height-default elementor-section-height-default\" data-id=\"eac16fc\" data-element_type=\"section\">\n\t\t\t\t\t\t<div class=\"elementor-container elementor-column-gap-default\">\n\t\t\t\t\t<div class=\"elementor-column elementor-col-100 elementor-top-column elementor-element elementor-element-16b432d\" data-id=\"16b432d\" data-element_type=\"column\">\n\t\t\t<div class=\"elementor-widget-wrap elementor-element-populated\">\n\t\t\t\t\t\t<div class=\"elementor-element elementor-element-8f175f6 elementor-widget-divider--view-line elementor-widget elementor-widget-divider\" data-id=\"8f175f6\" data-element_type=\"widget\" data-widget_type=\"divider.default\">\n\t\t\t\t<div class=\"elementor-widget-container\">\n\t\t\t\t\t\t\t<div class=\"elementor-divider\">\n\t\t\t<span class=\"elementor-divider-separator\">\n\t\t\t\t\t\t<\/span>\n\t\t<\/div>\n\t\t\t\t\t\t<\/div>\n\t\t\t\t<\/div>\n\t\t\t\t\t<\/div>\n\t\t<\/div>\n\t\t\t\t\t<\/div>\n\t\t<\/section>\n\t\t\t\t<section class=\"elementor-section elementor-top-section elementor-element elementor-element-84ae084 elementor-section-boxed elementor-section-height-default elementor-section-height-default\" data-id=\"84ae084\" data-element_type=\"section\">\n\t\t\t\t\t\t<div class=\"elementor-container elementor-column-gap-default\">\n\t\t\t\t\t<div class=\"elementor-column elementor-col-25 elementor-top-column elementor-element elementor-element-e2a753d\" data-id=\"e2a753d\" data-element_type=\"column\">\n\t\t\t<div class=\"elementor-widget-wrap elementor-element-populated\">\n\t\t\t\t\t\t<div class=\"elementor-element elementor-element-6be9e08 elementor-hidden-tablet elementor-hidden-mobile elementor-widget elementor-widget-image\" data-id=\"6be9e08\" data-element_type=\"widget\" data-widget_type=\"image.default\">\n\t\t\t\t<div class=\"elementor-widget-container\">\n\t\t\t\t\t\t\t\t\t\t\t\t\t\t\t<img loading=\"lazy\" decoding=\"async\" width=\"659\" height=\"853\" src=\"https:\/\/pc.sc.gov.br\/\/wp-content\/uploads\/2024\/04\/Pedro-Francisco-Benedek-Bardio.jpg\" class=\"attachment-large size-large wp-image-19567\" alt=\"\" srcset=\"https:\/\/pc.sc.gov.br\/\/wp-content\/uploads\/2024\/04\/Pedro-Francisco-Benedek-Bardio.jpg 659w, https:\/\/pc.sc.gov.br\/\/wp-content\/uploads\/2024\/04\/Pedro-Francisco-Benedek-Bardio-232x300.jpg 232w\" sizes=\"(max-width: 659px) 100vw, 659px\" \/>\t\t\t\t\t\t\t\t\t\t\t\t\t\t\t<\/div>\n\t\t\t\t<\/div>\n\t\t\t\t\t<\/div>\n\t\t<\/div>\n\t\t\t\t<div class=\"elementor-column elementor-col-50 elementor-top-column elementor-element elementor-element-9f0e309\" data-id=\"9f0e309\" data-element_type=\"column\">\n\t\t\t<div class=\"elementor-widget-wrap elementor-element-populated\">\n\t\t\t\t\t\t<div class=\"elementor-element elementor-element-4dd272b elementor-hidden-desktop elementor-widget elementor-widget-image\" data-id=\"4dd272b\" data-element_type=\"widget\" data-widget_type=\"image.default\">\n\t\t\t\t<div class=\"elementor-widget-container\">\n\t\t\t\t\t\t\t\t\t\t\t\t\t\t\t<img loading=\"lazy\" decoding=\"async\" width=\"659\" height=\"853\" src=\"https:\/\/pc.sc.gov.br\/\/wp-content\/uploads\/2024\/04\/Pedro-Francisco-Benedek-Bardio.jpg\" class=\"attachment-large size-large wp-image-19567\" alt=\"\" srcset=\"https:\/\/pc.sc.gov.br\/\/wp-content\/uploads\/2024\/04\/Pedro-Francisco-Benedek-Bardio.jpg 659w, https:\/\/pc.sc.gov.br\/\/wp-content\/uploads\/2024\/04\/Pedro-Francisco-Benedek-Bardio-232x300.jpg 232w\" sizes=\"(max-width: 659px) 100vw, 659px\" \/>\t\t\t\t\t\t\t\t\t\t\t\t\t\t\t<\/div>\n\t\t\t\t<\/div>\n\t\t\t\t<div class=\"elementor-element elementor-element-8503ba0 elementor-widget elementor-widget-text-editor\" data-id=\"8503ba0\" data-element_type=\"widget\" data-widget_type=\"text-editor.default\">\n\t\t\t\t<div class=\"elementor-widget-container\">\n\t\t\t\t\t\t\t\t\t<h3><span dir=\"ltr\">Pedro Francisco Benedeck B\u00e1rdio<\/span><\/h3><p><span dir=\"ltr\">09\/1983 a 03\/1987<\/span><\/p><p><span dir=\"ltr\">I<\/span><span dir=\"ltr\">niciou sua carreira na Pol\u00edcia <\/span><span dir=\"ltr\">Civil no ano de 1969, como Comiss\u00e1rio de Pol\u00edcia. Foi o primeiro Delegado de Pol\u00edcia <\/span><span dir=\"ltr\">da Comarca de Balne\u00e1rio Cambori\u00fa em 1973. No ano de 1975, assumiu a Delegacia <\/span><span dir=\"ltr\">Regional de Joa\u00e7aba. Mais tarde, em 1980 atuou junto \u00e0 Corregedoria da Pol\u00edcia Civil. <\/span><span dir=\"ltr\">Em 1981, foi Delegado Regional de Rio do Sul. No per\u00edodo de 1983 a 1987 foi o <\/span><span dir=\"ltr\">Superintendente (cargo atualmente conhecido como Delegado Geral) da Pol\u00edcia Civil.<\/span><\/p>\t\t\t\t\t\t\t\t<\/div>\n\t\t\t\t<\/div>\n\t\t\t\t\t<\/div>\n\t\t<\/div>\n\t\t\t\t<div class=\"elementor-column elementor-col-25 elementor-top-column elementor-element elementor-element-060e199\" data-id=\"060e199\" data-element_type=\"column\">\n\t\t\t<div class=\"elementor-widget-wrap\">\n\t\t\t\t\t\t\t<\/div>\n\t\t<\/div>\n\t\t\t\t\t<\/div>\n\t\t<\/section>\n\t\t\t\t<section class=\"elementor-section elementor-top-section elementor-element elementor-element-0914ca3 elementor-section-boxed elementor-section-height-default elementor-section-height-default\" data-id=\"0914ca3\" data-element_type=\"section\">\n\t\t\t\t\t\t<div class=\"elementor-container elementor-column-gap-default\">\n\t\t\t\t\t<div class=\"elementor-column elementor-col-100 elementor-top-column elementor-element elementor-element-8bdb9fc\" data-id=\"8bdb9fc\" data-element_type=\"column\">\n\t\t\t<div class=\"elementor-widget-wrap elementor-element-populated\">\n\t\t\t\t\t\t<div class=\"elementor-element elementor-element-427ad6c elementor-widget-divider--view-line elementor-widget elementor-widget-divider\" data-id=\"427ad6c\" data-element_type=\"widget\" data-widget_type=\"divider.default\">\n\t\t\t\t<div class=\"elementor-widget-container\">\n\t\t\t\t\t\t\t<div class=\"elementor-divider\">\n\t\t\t<span class=\"elementor-divider-separator\">\n\t\t\t\t\t\t<\/span>\n\t\t<\/div>\n\t\t\t\t\t\t<\/div>\n\t\t\t\t<\/div>\n\t\t\t\t\t<\/div>\n\t\t<\/div>\n\t\t\t\t\t<\/div>\n\t\t<\/section>\n\t\t\t\t<section class=\"elementor-section elementor-top-section elementor-element elementor-element-4abaef4 elementor-section-boxed elementor-section-height-default elementor-section-height-default\" data-id=\"4abaef4\" data-element_type=\"section\">\n\t\t\t\t\t\t<div class=\"elementor-container elementor-column-gap-default\">\n\t\t\t\t\t<div class=\"elementor-column elementor-col-25 elementor-top-column elementor-element elementor-element-3a12486\" data-id=\"3a12486\" data-element_type=\"column\">\n\t\t\t<div class=\"elementor-widget-wrap elementor-element-populated\">\n\t\t\t\t\t\t<div class=\"elementor-element elementor-element-f8608a2 elementor-hidden-tablet elementor-hidden-mobile elementor-widget elementor-widget-image\" data-id=\"f8608a2\" data-element_type=\"widget\" data-widget_type=\"image.default\">\n\t\t\t\t<div class=\"elementor-widget-container\">\n\t\t\t\t\t\t\t\t\t\t\t\t\t\t\t<img loading=\"lazy\" decoding=\"async\" width=\"587\" height=\"775\" src=\"https:\/\/pc.sc.gov.br\/\/wp-content\/uploads\/2024\/04\/Manoel-dos-Santos-Dias.jpg\" class=\"attachment-large size-large wp-image-19562\" alt=\"\" srcset=\"https:\/\/pc.sc.gov.br\/\/wp-content\/uploads\/2024\/04\/Manoel-dos-Santos-Dias.jpg 587w, https:\/\/pc.sc.gov.br\/\/wp-content\/uploads\/2024\/04\/Manoel-dos-Santos-Dias-227x300.jpg 227w\" sizes=\"(max-width: 587px) 100vw, 587px\" \/>\t\t\t\t\t\t\t\t\t\t\t\t\t\t\t<\/div>\n\t\t\t\t<\/div>\n\t\t\t\t\t<\/div>\n\t\t<\/div>\n\t\t\t\t<div class=\"elementor-column elementor-col-50 elementor-top-column elementor-element elementor-element-979beb1\" data-id=\"979beb1\" data-element_type=\"column\">\n\t\t\t<div class=\"elementor-widget-wrap elementor-element-populated\">\n\t\t\t\t\t\t<div class=\"elementor-element elementor-element-2378f3f elementor-hidden-desktop elementor-widget elementor-widget-image\" data-id=\"2378f3f\" data-element_type=\"widget\" data-widget_type=\"image.default\">\n\t\t\t\t<div class=\"elementor-widget-container\">\n\t\t\t\t\t\t\t\t\t\t\t\t\t\t\t<img loading=\"lazy\" decoding=\"async\" width=\"587\" height=\"775\" src=\"https:\/\/pc.sc.gov.br\/\/wp-content\/uploads\/2024\/04\/Manoel-dos-Santos-Dias.jpg\" class=\"attachment-large size-large wp-image-19562\" alt=\"\" srcset=\"https:\/\/pc.sc.gov.br\/\/wp-content\/uploads\/2024\/04\/Manoel-dos-Santos-Dias.jpg 587w, https:\/\/pc.sc.gov.br\/\/wp-content\/uploads\/2024\/04\/Manoel-dos-Santos-Dias-227x300.jpg 227w\" sizes=\"(max-width: 587px) 100vw, 587px\" \/>\t\t\t\t\t\t\t\t\t\t\t\t\t\t\t<\/div>\n\t\t\t\t<\/div>\n\t\t\t\t<div class=\"elementor-element elementor-element-240c726 elementor-widget elementor-widget-text-editor\" data-id=\"240c726\" data-element_type=\"widget\" data-widget_type=\"text-editor.default\">\n\t\t\t\t<div class=\"elementor-widget-container\">\n\t\t\t\t\t\t\t\t\t<h3><span dir=\"ltr\">Manoel dos Santos Dias<\/span><\/h3><p><span dir=\"ltr\">03\/1983 a 09\/1983<\/span><\/p><p><span dir=\"ltr\">Foi o primeiro colocado do concurso <\/span><span dir=\"ltr\">para ingresso na carreira de Delegado de Pol\u00edcia no ano de 1969. Ocupou v\u00e1rios cargos <\/span><span dir=\"ltr\">no comando da Pol\u00edcia Civil, iniciou como Delegado Especializado de Furtos, Roubos e <\/span><span dir=\"ltr\">Defrauda\u00e7\u00f5es (Portarias de 20.01.1970). Depois, foi para a Delegacia Especializada de <\/span><span dir=\"ltr\">Seguran\u00e7a Pessoal (Portarias de 21.05.1970). Tamb\u00e9m desde cedo foi designado para <\/span><span dir=\"ltr\">atuar como Professor da Escola de Pol\u00edcia. No ano de 1973 passou a ocupar o cargo de <\/span><span dir=\"ltr\">Subdiretor das Delegacias de Pol\u00edcia Especializadas da SPC (1973). Ocupou o cargo <\/span><span dir=\"ltr\">de Delegado Regional de Florian\u00f3polis, \u00e0 Chefia da Pol\u00edcia Civil (Superintendente da <\/span><span dir=\"ltr\">Pol\u00edcia Civil \u2013 1982\/1983). Elegeu-se Presidente da Associa\u00e7\u00e3o dos Delegados de <\/span><span dir=\"ltr\">Pol\u00edcia do Estado de Santa Catarina 1983\/1985. Tamb\u00e9m foi Diretor de Investiga\u00e7\u00f5es \u2013 <\/span><span dir=\"ltr\">\u201cDI\u201d (atual DEIC).<\/span><\/p>\t\t\t\t\t\t\t\t<\/div>\n\t\t\t\t<\/div>\n\t\t\t\t\t<\/div>\n\t\t<\/div>\n\t\t\t\t<div class=\"elementor-column elementor-col-25 elementor-top-column elementor-element elementor-element-f9829a9\" data-id=\"f9829a9\" data-element_type=\"column\">\n\t\t\t<div class=\"elementor-widget-wrap\">\n\t\t\t\t\t\t\t<\/div>\n\t\t<\/div>\n\t\t\t\t\t<\/div>\n\t\t<\/section>\n\t\t\t\t<section class=\"elementor-section elementor-top-section elementor-element elementor-element-93ee290 elementor-section-boxed elementor-section-height-default elementor-section-height-default\" data-id=\"93ee290\" data-element_type=\"section\">\n\t\t\t\t\t\t<div class=\"elementor-container elementor-column-gap-default\">\n\t\t\t\t\t<div class=\"elementor-column elementor-col-100 elementor-top-column elementor-element elementor-element-7ba5f9b\" data-id=\"7ba5f9b\" data-element_type=\"column\">\n\t\t\t<div class=\"elementor-widget-wrap elementor-element-populated\">\n\t\t\t\t\t\t<div class=\"elementor-element elementor-element-f8cb027 elementor-widget-divider--view-line elementor-widget elementor-widget-divider\" data-id=\"f8cb027\" data-element_type=\"widget\" data-widget_type=\"divider.default\">\n\t\t\t\t<div class=\"elementor-widget-container\">\n\t\t\t\t\t\t\t<div class=\"elementor-divider\">\n\t\t\t<span class=\"elementor-divider-separator\">\n\t\t\t\t\t\t<\/span>\n\t\t<\/div>\n\t\t\t\t\t\t<\/div>\n\t\t\t\t<\/div>\n\t\t\t\t\t<\/div>\n\t\t<\/div>\n\t\t\t\t\t<\/div>\n\t\t<\/section>\n\t\t\t\t<section class=\"elementor-section elementor-top-section elementor-element elementor-element-a757adc elementor-section-boxed elementor-section-height-default elementor-section-height-default\" data-id=\"a757adc\" data-element_type=\"section\">\n\t\t\t\t\t\t<div class=\"elementor-container elementor-column-gap-default\">\n\t\t\t\t\t<div class=\"elementor-column elementor-col-25 elementor-top-column elementor-element elementor-element-882777a\" data-id=\"882777a\" data-element_type=\"column\">\n\t\t\t<div class=\"elementor-widget-wrap elementor-element-populated\">\n\t\t\t\t\t\t<div class=\"elementor-element elementor-element-73d6f34 elementor-hidden-tablet elementor-hidden-mobile elementor-widget elementor-widget-image\" data-id=\"73d6f34\" data-element_type=\"widget\" data-widget_type=\"image.default\">\n\t\t\t\t<div class=\"elementor-widget-container\">\n\t\t\t\t\t\t\t\t\t\t\t\t\t\t\t<img loading=\"lazy\" decoding=\"async\" width=\"422\" height=\"564\" src=\"https:\/\/pc.sc.gov.br\/\/wp-content\/uploads\/2024\/04\/Luiz-Darcy-da-Rocha.jpg\" class=\"attachment-large size-large wp-image-19560\" alt=\"\" srcset=\"https:\/\/pc.sc.gov.br\/\/wp-content\/uploads\/2024\/04\/Luiz-Darcy-da-Rocha.jpg 422w, https:\/\/pc.sc.gov.br\/\/wp-content\/uploads\/2024\/04\/Luiz-Darcy-da-Rocha-224x300.jpg 224w\" sizes=\"(max-width: 422px) 100vw, 422px\" \/>\t\t\t\t\t\t\t\t\t\t\t\t\t\t\t<\/div>\n\t\t\t\t<\/div>\n\t\t\t\t\t<\/div>\n\t\t<\/div>\n\t\t\t\t<div class=\"elementor-column elementor-col-50 elementor-top-column elementor-element elementor-element-8d25936\" data-id=\"8d25936\" data-element_type=\"column\">\n\t\t\t<div class=\"elementor-widget-wrap elementor-element-populated\">\n\t\t\t\t\t\t<div class=\"elementor-element elementor-element-5c2ed31 elementor-hidden-desktop elementor-widget elementor-widget-image\" data-id=\"5c2ed31\" data-element_type=\"widget\" data-widget_type=\"image.default\">\n\t\t\t\t<div class=\"elementor-widget-container\">\n\t\t\t\t\t\t\t\t\t\t\t\t\t\t\t<img loading=\"lazy\" decoding=\"async\" width=\"422\" height=\"564\" src=\"https:\/\/pc.sc.gov.br\/\/wp-content\/uploads\/2024\/04\/Luiz-Darcy-da-Rocha.jpg\" class=\"attachment-large size-large wp-image-19560\" alt=\"\" srcset=\"https:\/\/pc.sc.gov.br\/\/wp-content\/uploads\/2024\/04\/Luiz-Darcy-da-Rocha.jpg 422w, https:\/\/pc.sc.gov.br\/\/wp-content\/uploads\/2024\/04\/Luiz-Darcy-da-Rocha-224x300.jpg 224w\" sizes=\"(max-width: 422px) 100vw, 422px\" \/>\t\t\t\t\t\t\t\t\t\t\t\t\t\t\t<\/div>\n\t\t\t\t<\/div>\n\t\t\t\t<div class=\"elementor-element elementor-element-123037d elementor-widget elementor-widget-text-editor\" data-id=\"123037d\" data-element_type=\"widget\" data-widget_type=\"text-editor.default\">\n\t\t\t\t<div class=\"elementor-widget-container\">\n\t\t\t\t\t\t\t\t\t<h3><span dir=\"ltr\">Luiz Darci da Rocha<\/span><\/h3><p><span dir=\"ltr\">03\/1979 a 03\/1983<\/span><\/p><p><span dir=\"ltr\">Formado em Direito pela UFSC em 1969. <\/span><span dir=\"ltr\">Nomeado Delegado de Pol\u00edcia em 13\/01\/1971. Foi Vice-Diretor da Escola de Pol\u00edcia <\/span><span dir=\"ltr\">Civil em 04\/02\/1971 e Diretor da Escola de Pol\u00edcia Civil 19\/04\/1971. Professor das <\/span><span dir=\"ltr\">cadeiras de Portugu\u00eas e Direito Constitucional e Administrativo na Escola de Pol\u00edcia. <\/span><span dir=\"ltr\">Cedido ao Minist\u00e9rio da Educa\u00e7\u00e3o em Cultura no per\u00edodo de julho de 1975 a janeiro de <\/span><span dir=\"ltr\">1977. Corregedor Geral da Pol\u00edcia Civil de abril de 1977 a mar\u00e7o de 1979. Presidente <\/span><span dir=\"ltr\">da Adepol de 1977 a 1979. Assessor Especial do Gabinete do Secret\u00e1rio da Seguran\u00e7a <\/span><span dir=\"ltr\">P\u00fablica de abril a setembro de 1983. Diretor Geral do DETRAN de outubro de 1983 a <\/span><span dir=\"ltr\">junho de 1985. Instituiu a Carteira de Identidade do Policial Civil; Ampliou o n\u00famero de <\/span><span dir=\"ltr\">Delegacias Regionais; transforma\u00e7\u00e3o de algumas Delegacias de Pol\u00edcia em Distritos <\/span><span dir=\"ltr\">Policiais; amplia\u00e7\u00e3o e moderniza\u00e7\u00e3o da rede de comunica\u00e7\u00e3o da Pol\u00edcia Civil; aquisi\u00e7\u00e3o <\/span><span dir=\"ltr\">dos primeiros equipamentos que deram origem ao Servi\u00e7o de Intelig\u00eancia da PC; <\/span><span dir=\"ltr\">Concurso de Ingresso na Pol\u00edcia Civil durante todo o per\u00edodo e para todas as carreiras. <\/span><span dir=\"ltr\">Forte presen\u00e7a pessoal nas unidades da Pol\u00edcia Civil em todo o Estado. Em toda a <\/span><span dir=\"ltr\">carreira, participou na elabora\u00e7\u00e3o da legisla\u00e7\u00e3o referente \u00e0 Pol\u00edcia Civil. Fortalecimento <\/span><span dir=\"ltr\">da coopera\u00e7\u00e3o entre as Pol\u00edcias Civis de Santa Catarina, Rio Grande do Sul e Paran\u00e1.<\/span><\/p>\t\t\t\t\t\t\t\t<\/div>\n\t\t\t\t<\/div>\n\t\t\t\t\t<\/div>\n\t\t<\/div>\n\t\t\t\t<div class=\"elementor-column elementor-col-25 elementor-top-column elementor-element elementor-element-625205b\" data-id=\"625205b\" data-element_type=\"column\">\n\t\t\t<div class=\"elementor-widget-wrap\">\n\t\t\t\t\t\t\t<\/div>\n\t\t<\/div>\n\t\t\t\t\t<\/div>\n\t\t<\/section>\n\t\t\t\t<section class=\"elementor-section elementor-top-section elementor-element elementor-element-6936593 elementor-section-boxed elementor-section-height-default elementor-section-height-default\" data-id=\"6936593\" data-element_type=\"section\">\n\t\t\t\t\t\t<div class=\"elementor-container elementor-column-gap-default\">\n\t\t\t\t\t<div class=\"elementor-column elementor-col-100 elementor-top-column elementor-element elementor-element-8b43c60\" data-id=\"8b43c60\" data-element_type=\"column\">\n\t\t\t<div class=\"elementor-widget-wrap elementor-element-populated\">\n\t\t\t\t\t\t<div class=\"elementor-element elementor-element-2b8c72a elementor-widget-divider--view-line elementor-widget elementor-widget-divider\" data-id=\"2b8c72a\" data-element_type=\"widget\" data-widget_type=\"divider.default\">\n\t\t\t\t<div class=\"elementor-widget-container\">\n\t\t\t\t\t\t\t<div class=\"elementor-divider\">\n\t\t\t<span class=\"elementor-divider-separator\">\n\t\t\t\t\t\t<\/span>\n\t\t<\/div>\n\t\t\t\t\t\t<\/div>\n\t\t\t\t<\/div>\n\t\t\t\t\t<\/div>\n\t\t<\/div>\n\t\t\t\t\t<\/div>\n\t\t<\/section>\n\t\t\t\t<section class=\"elementor-section elementor-top-section elementor-element elementor-element-375d63d elementor-section-boxed elementor-section-height-default elementor-section-height-default\" data-id=\"375d63d\" data-element_type=\"section\">\n\t\t\t\t\t\t<div class=\"elementor-container elementor-column-gap-default\">\n\t\t\t\t\t<div class=\"elementor-column elementor-col-25 elementor-top-column elementor-element elementor-element-c2d441b\" data-id=\"c2d441b\" data-element_type=\"column\">\n\t\t\t<div class=\"elementor-widget-wrap elementor-element-populated\">\n\t\t\t\t\t\t<div class=\"elementor-element elementor-element-78c0809 elementor-hidden-tablet elementor-hidden-mobile elementor-widget elementor-widget-image\" data-id=\"78c0809\" data-element_type=\"widget\" data-widget_type=\"image.default\">\n\t\t\t\t<div class=\"elementor-widget-container\">\n\t\t\t\t\t\t\t\t\t\t\t\t\t\t\t<img loading=\"lazy\" decoding=\"async\" width=\"696\" height=\"915\" src=\"https:\/\/pc.sc.gov.br\/\/wp-content\/uploads\/2024\/04\/Joao-Alfredo-Dobes-779x1024.jpg\" class=\"attachment-large size-large wp-image-19555\" alt=\"\" srcset=\"https:\/\/pc.sc.gov.br\/\/wp-content\/uploads\/2024\/04\/Joao-Alfredo-Dobes-779x1024.jpg 779w, https:\/\/pc.sc.gov.br\/\/wp-content\/uploads\/2024\/04\/Joao-Alfredo-Dobes-228x300.jpg 228w, https:\/\/pc.sc.gov.br\/\/wp-content\/uploads\/2024\/04\/Joao-Alfredo-Dobes-768x1009.jpg 768w, https:\/\/pc.sc.gov.br\/\/wp-content\/uploads\/2024\/04\/Joao-Alfredo-Dobes.jpg 974w\" sizes=\"(max-width: 696px) 100vw, 696px\" \/>\t\t\t\t\t\t\t\t\t\t\t\t\t\t\t<\/div>\n\t\t\t\t<\/div>\n\t\t\t\t\t<\/div>\n\t\t<\/div>\n\t\t\t\t<div class=\"elementor-column elementor-col-50 elementor-top-column elementor-element elementor-element-2c56f2c\" data-id=\"2c56f2c\" data-element_type=\"column\">\n\t\t\t<div class=\"elementor-widget-wrap elementor-element-populated\">\n\t\t\t\t\t\t<div class=\"elementor-element elementor-element-5ef2700 elementor-hidden-desktop elementor-widget elementor-widget-image\" data-id=\"5ef2700\" data-element_type=\"widget\" data-widget_type=\"image.default\">\n\t\t\t\t<div class=\"elementor-widget-container\">\n\t\t\t\t\t\t\t\t\t\t\t\t\t\t\t<img loading=\"lazy\" decoding=\"async\" width=\"696\" height=\"915\" src=\"https:\/\/pc.sc.gov.br\/\/wp-content\/uploads\/2024\/04\/Joao-Alfredo-Dobes-779x1024.jpg\" class=\"attachment-large size-large wp-image-19555\" alt=\"\" srcset=\"https:\/\/pc.sc.gov.br\/\/wp-content\/uploads\/2024\/04\/Joao-Alfredo-Dobes-779x1024.jpg 779w, https:\/\/pc.sc.gov.br\/\/wp-content\/uploads\/2024\/04\/Joao-Alfredo-Dobes-228x300.jpg 228w, https:\/\/pc.sc.gov.br\/\/wp-content\/uploads\/2024\/04\/Joao-Alfredo-Dobes-768x1009.jpg 768w, https:\/\/pc.sc.gov.br\/\/wp-content\/uploads\/2024\/04\/Joao-Alfredo-Dobes.jpg 974w\" sizes=\"(max-width: 696px) 100vw, 696px\" \/>\t\t\t\t\t\t\t\t\t\t\t\t\t\t\t<\/div>\n\t\t\t\t<\/div>\n\t\t\t\t<div class=\"elementor-element elementor-element-5c438a7 elementor-widget elementor-widget-text-editor\" data-id=\"5c438a7\" data-element_type=\"widget\" data-widget_type=\"text-editor.default\">\n\t\t\t\t<div class=\"elementor-widget-container\">\n\t\t\t\t\t\t\t\t\t<h3><span dir=\"ltr\">Jo\u00e3o Alfredo Dobs<\/span><\/h3><p><span dir=\"ltr\">03\/1977 a 03\/1979<\/span><\/p><p><span dir=\"ltr\">Iniciou sua carreira na Delegacia de Pol\u00edcia <\/span><span dir=\"ltr\">de Blumenau, posteriormente, foi removido para a DPCo de Rio do Sul. Exerceu a <\/span><span dir=\"ltr\">fun\u00e7\u00e3o de Secret\u00e1rio da Corregedoria Policial e foi Superintendente da Pol\u00edcia Civil <\/span><span dir=\"ltr\">entre os anos de 1977\/1979.<\/span><\/p>\t\t\t\t\t\t\t\t<\/div>\n\t\t\t\t<\/div>\n\t\t\t\t\t<\/div>\n\t\t<\/div>\n\t\t\t\t<div class=\"elementor-column elementor-col-25 elementor-top-column elementor-element elementor-element-edf368a\" data-id=\"edf368a\" data-element_type=\"column\">\n\t\t\t<div class=\"elementor-widget-wrap\">\n\t\t\t\t\t\t\t<\/div>\n\t\t<\/div>\n\t\t\t\t\t<\/div>\n\t\t<\/section>\n\t\t\t\t<section class=\"elementor-section elementor-top-section elementor-element elementor-element-880ee8b elementor-section-boxed elementor-section-height-default elementor-section-height-default\" data-id=\"880ee8b\" data-element_type=\"section\">\n\t\t\t\t\t\t<div class=\"elementor-container elementor-column-gap-default\">\n\t\t\t\t\t<div class=\"elementor-column elementor-col-100 elementor-top-column elementor-element elementor-element-648268c\" data-id=\"648268c\" data-element_type=\"column\">\n\t\t\t<div class=\"elementor-widget-wrap elementor-element-populated\">\n\t\t\t\t\t\t<div class=\"elementor-element elementor-element-fb3454f elementor-widget-divider--view-line elementor-widget elementor-widget-divider\" data-id=\"fb3454f\" data-element_type=\"widget\" data-widget_type=\"divider.default\">\n\t\t\t\t<div class=\"elementor-widget-container\">\n\t\t\t\t\t\t\t<div class=\"elementor-divider\">\n\t\t\t<span class=\"elementor-divider-separator\">\n\t\t\t\t\t\t<\/span>\n\t\t<\/div>\n\t\t\t\t\t\t<\/div>\n\t\t\t\t<\/div>\n\t\t\t\t\t<\/div>\n\t\t<\/div>\n\t\t\t\t\t<\/div>\n\t\t<\/section>\n\t\t\t\t<section class=\"elementor-section elementor-top-section elementor-element elementor-element-eec4dfe elementor-section-boxed elementor-section-height-default elementor-section-height-default\" data-id=\"eec4dfe\" data-element_type=\"section\">\n\t\t\t\t\t\t<div class=\"elementor-container elementor-column-gap-default\">\n\t\t\t\t\t<div class=\"elementor-column elementor-col-25 elementor-top-column elementor-element elementor-element-952b970\" data-id=\"952b970\" data-element_type=\"column\">\n\t\t\t<div class=\"elementor-widget-wrap elementor-element-populated\">\n\t\t\t\t\t\t<div class=\"elementor-element elementor-element-837a6c6 elementor-hidden-tablet elementor-hidden-mobile elementor-widget elementor-widget-image\" data-id=\"837a6c6\" data-element_type=\"widget\" data-widget_type=\"image.default\">\n\t\t\t\t<div class=\"elementor-widget-container\">\n\t\t\t\t\t\t\t\t\t\t\t\t\t\t\t<img loading=\"lazy\" decoding=\"async\" width=\"696\" height=\"889\" src=\"https:\/\/pc.sc.gov.br\/\/wp-content\/uploads\/2024\/04\/Vinicio-Luiz-Fiamoncini.jpg\" class=\"attachment-large size-large wp-image-19570\" alt=\"\" srcset=\"https:\/\/pc.sc.gov.br\/\/wp-content\/uploads\/2024\/04\/Vinicio-Luiz-Fiamoncini.jpg 719w, https:\/\/pc.sc.gov.br\/\/wp-content\/uploads\/2024\/04\/Vinicio-Luiz-Fiamoncini-235x300.jpg 235w\" sizes=\"(max-width: 696px) 100vw, 696px\" \/>\t\t\t\t\t\t\t\t\t\t\t\t\t\t\t<\/div>\n\t\t\t\t<\/div>\n\t\t\t\t\t<\/div>\n\t\t<\/div>\n\t\t\t\t<div class=\"elementor-column elementor-col-50 elementor-top-column elementor-element elementor-element-b70d0b3\" data-id=\"b70d0b3\" data-element_type=\"column\">\n\t\t\t<div class=\"elementor-widget-wrap elementor-element-populated\">\n\t\t\t\t\t\t<div class=\"elementor-element elementor-element-70c7d6f elementor-hidden-desktop elementor-widget elementor-widget-image\" data-id=\"70c7d6f\" data-element_type=\"widget\" data-widget_type=\"image.default\">\n\t\t\t\t<div class=\"elementor-widget-container\">\n\t\t\t\t\t\t\t\t\t\t\t\t\t\t\t<img loading=\"lazy\" decoding=\"async\" width=\"696\" height=\"889\" src=\"https:\/\/pc.sc.gov.br\/\/wp-content\/uploads\/2024\/04\/Vinicio-Luiz-Fiamoncini.jpg\" class=\"attachment-large size-large wp-image-19570\" alt=\"\" srcset=\"https:\/\/pc.sc.gov.br\/\/wp-content\/uploads\/2024\/04\/Vinicio-Luiz-Fiamoncini.jpg 719w, https:\/\/pc.sc.gov.br\/\/wp-content\/uploads\/2024\/04\/Vinicio-Luiz-Fiamoncini-235x300.jpg 235w\" sizes=\"(max-width: 696px) 100vw, 696px\" \/>\t\t\t\t\t\t\t\t\t\t\t\t\t\t\t<\/div>\n\t\t\t\t<\/div>\n\t\t\t\t<div class=\"elementor-element elementor-element-a5b7ec5 elementor-widget elementor-widget-text-editor\" data-id=\"a5b7ec5\" data-element_type=\"widget\" data-widget_type=\"text-editor.default\">\n\t\t\t\t<div class=\"elementor-widget-container\">\n\t\t\t\t\t\t\t\t\t<h3><span dir=\"ltr\">Vin\u00edcio Luiz Fiamoncini<\/span><\/h3><p><span dir=\"ltr\">07\/1975 a 03\/1977<\/span><\/p><p><span dir=\"ltr\">Nasceu em Rio dos Cedros. Chegou a <\/span><span dir=\"ltr\">Blumenau em 1970, ano em que foi nomeado para a Delegacia Especializada de <\/span><span dir=\"ltr\">Seguran\u00e7a Pessoal em Florian\u00f3polis. Em 1974 passou a ser titular da Delegacia <\/span><span dir=\"ltr\">Regional de Pol\u00edcia e no ano seguinte foi nomeado superintendente da Pol\u00edcia Civil do <\/span><span dir=\"ltr\">Estado. Retornou a Delegacia Regional de Blumenau em 1977, onde permaneceu at\u00e9 a <\/span><span dir=\"ltr\">sua aposentadoria. Fiamoncini foi presidente da comiss\u00e3o que elaborou o Estatuto da <\/span><span dir=\"ltr\">Pol\u00edcia Civil de Santa Catarina.<\/span><\/p>\t\t\t\t\t\t\t\t<\/div>\n\t\t\t\t<\/div>\n\t\t\t\t\t<\/div>\n\t\t<\/div>\n\t\t\t\t<div class=\"elementor-column elementor-col-25 elementor-top-column elementor-element elementor-element-27d900b\" data-id=\"27d900b\" data-element_type=\"column\">\n\t\t\t<div class=\"elementor-widget-wrap\">\n\t\t\t\t\t\t\t<\/div>\n\t\t<\/div>\n\t\t\t\t\t<\/div>\n\t\t<\/section>\n\t\t\t\t<section class=\"elementor-section elementor-top-section elementor-element elementor-element-8b65560 elementor-section-boxed elementor-section-height-default elementor-section-height-default\" data-id=\"8b65560\" data-element_type=\"section\">\n\t\t\t\t\t\t<div class=\"elementor-container elementor-column-gap-default\">\n\t\t\t\t\t<div class=\"elementor-column elementor-col-100 elementor-top-column elementor-element elementor-element-74b07c3\" data-id=\"74b07c3\" data-element_type=\"column\">\n\t\t\t<div class=\"elementor-widget-wrap elementor-element-populated\">\n\t\t\t\t\t\t<div class=\"elementor-element elementor-element-ff4d300 elementor-widget-divider--view-line elementor-widget elementor-widget-divider\" data-id=\"ff4d300\" data-element_type=\"widget\" data-widget_type=\"divider.default\">\n\t\t\t\t<div class=\"elementor-widget-container\">\n\t\t\t\t\t\t\t<div class=\"elementor-divider\">\n\t\t\t<span class=\"elementor-divider-separator\">\n\t\t\t\t\t\t<\/span>\n\t\t<\/div>\n\t\t\t\t\t\t<\/div>\n\t\t\t\t<\/div>\n\t\t\t\t\t<\/div>\n\t\t<\/div>\n\t\t\t\t\t<\/div>\n\t\t<\/section>\n\t\t\t\t<section class=\"elementor-section elementor-top-section elementor-element elementor-element-ef62bd3 elementor-section-boxed elementor-section-height-default elementor-section-height-default\" data-id=\"ef62bd3\" data-element_type=\"section\">\n\t\t\t\t\t\t<div class=\"elementor-container elementor-column-gap-default\">\n\t\t\t\t\t<div class=\"elementor-column elementor-col-25 elementor-top-column elementor-element elementor-element-4953d0b\" data-id=\"4953d0b\" data-element_type=\"column\">\n\t\t\t<div class=\"elementor-widget-wrap elementor-element-populated\">\n\t\t\t\t\t\t<div class=\"elementor-element elementor-element-4f68fbd elementor-hidden-tablet elementor-hidden-mobile elementor-widget elementor-widget-image\" data-id=\"4f68fbd\" data-element_type=\"widget\" data-widget_type=\"image.default\">\n\t\t\t\t<div class=\"elementor-widget-container\">\n\t\t\t\t\t\t\t\t\t\t\t\t\t\t\t<img loading=\"lazy\" decoding=\"async\" width=\"690\" height=\"1024\" src=\"https:\/\/pc.sc.gov.br\/\/wp-content\/uploads\/2024\/04\/Heitor-Luiz-Sche-690x1024.jpg\" class=\"attachment-large size-large wp-image-19552\" alt=\"\" srcset=\"https:\/\/pc.sc.gov.br\/\/wp-content\/uploads\/2024\/04\/Heitor-Luiz-Sche-690x1024.jpg 690w, https:\/\/pc.sc.gov.br\/\/wp-content\/uploads\/2024\/04\/Heitor-Luiz-Sche-202x300.jpg 202w, https:\/\/pc.sc.gov.br\/\/wp-content\/uploads\/2024\/04\/Heitor-Luiz-Sche-768x1139.jpg 768w, https:\/\/pc.sc.gov.br\/\/wp-content\/uploads\/2024\/04\/Heitor-Luiz-Sche.jpg 863w\" sizes=\"(max-width: 690px) 100vw, 690px\" \/>\t\t\t\t\t\t\t\t\t\t\t\t\t\t\t<\/div>\n\t\t\t\t<\/div>\n\t\t\t\t\t<\/div>\n\t\t<\/div>\n\t\t\t\t<div class=\"elementor-column elementor-col-50 elementor-top-column elementor-element elementor-element-8fe475a\" data-id=\"8fe475a\" data-element_type=\"column\">\n\t\t\t<div class=\"elementor-widget-wrap elementor-element-populated\">\n\t\t\t\t\t\t<div class=\"elementor-element elementor-element-e0edb7a elementor-hidden-desktop elementor-widget elementor-widget-image\" data-id=\"e0edb7a\" data-element_type=\"widget\" data-widget_type=\"image.default\">\n\t\t\t\t<div class=\"elementor-widget-container\">\n\t\t\t\t\t\t\t\t\t\t\t\t\t\t\t<img loading=\"lazy\" decoding=\"async\" width=\"690\" height=\"1024\" src=\"https:\/\/pc.sc.gov.br\/\/wp-content\/uploads\/2024\/04\/Heitor-Luiz-Sche-690x1024.jpg\" class=\"attachment-large size-large wp-image-19552\" alt=\"\" srcset=\"https:\/\/pc.sc.gov.br\/\/wp-content\/uploads\/2024\/04\/Heitor-Luiz-Sche-690x1024.jpg 690w, https:\/\/pc.sc.gov.br\/\/wp-content\/uploads\/2024\/04\/Heitor-Luiz-Sche-202x300.jpg 202w, https:\/\/pc.sc.gov.br\/\/wp-content\/uploads\/2024\/04\/Heitor-Luiz-Sche-768x1139.jpg 768w, https:\/\/pc.sc.gov.br\/\/wp-content\/uploads\/2024\/04\/Heitor-Luiz-Sche.jpg 863w\" sizes=\"(max-width: 690px) 100vw, 690px\" \/>\t\t\t\t\t\t\t\t\t\t\t\t\t\t\t<\/div>\n\t\t\t\t<\/div>\n\t\t\t\t<div class=\"elementor-element elementor-element-4135fd1 elementor-widget elementor-widget-text-editor\" data-id=\"4135fd1\" data-element_type=\"widget\" data-widget_type=\"text-editor.default\">\n\t\t\t\t<div class=\"elementor-widget-container\">\n\t\t\t\t\t\t\t\t\t<h3><span dir=\"ltr\">Heitor Luiz Sch\u00e9<\/span><\/h3><p><span dir=\"ltr\">03\/1975 a 07\/1975<\/span><\/p><p><span dir=\"ltr\">Formou-se em Direito, passou em concurso <\/span><span dir=\"ltr\">p\u00fablico para Delegado da Pol\u00edcia Civil, iniciou a fun\u00e7\u00e3o atuando na \u00e1rea de furtos, <\/span><span dir=\"ltr\">roubos e defrauda\u00e7\u00f5es, em Florian\u00f3polis\/SC. Entre outros importantes cargos <\/span><span dir=\"ltr\">conquistados na Pol\u00edcia Civil, foi Corregedor Geral e Superintendente, al\u00e9m de <\/span><span dir=\"ltr\">Secret\u00e1rio de Estado da Seguran\u00e7a P\u00fablica. Natural de Rio do Sul, Heitor Luiz Sch\u00e9 \u00e9 <\/span><span dir=\"ltr\">advogado e Delegado de Pol\u00edcia Civil. Tamb\u00e9m atuou como Deputado Estadual na <\/span><span dir=\"ltr\">Assembleia Legislativa e foi governador de Santa Catarina, em exerc\u00edcio, em 1991. <\/span><span dir=\"ltr\">Secret\u00e1rio de Estado da Seguran\u00e7a P\u00fablica por tr\u00eas anos no governo de Esperidi\u00e3o <\/span><span dir=\"ltr\">Amin. Foi Delegado-Geral da Pol\u00edcia Civil no per\u00edodo de mar\u00e7o de 1975 at\u00e9 julho de <\/span><span dir=\"ltr\">1975.<\/span><\/p>\t\t\t\t\t\t\t\t<\/div>\n\t\t\t\t<\/div>\n\t\t\t\t\t<\/div>\n\t\t<\/div>\n\t\t\t\t<div class=\"elementor-column elementor-col-25 elementor-top-column elementor-element elementor-element-691d637\" data-id=\"691d637\" data-element_type=\"column\">\n\t\t\t<div class=\"elementor-widget-wrap\">\n\t\t\t\t\t\t\t<\/div>\n\t\t<\/div>\n\t\t\t\t\t<\/div>\n\t\t<\/section>\n\t\t\t\t<section class=\"elementor-section elementor-top-section elementor-element elementor-element-b2c3e04 elementor-section-boxed elementor-section-height-default elementor-section-height-default\" data-id=\"b2c3e04\" data-element_type=\"section\">\n\t\t\t\t\t\t<div class=\"elementor-container elementor-column-gap-default\">\n\t\t\t\t\t<div class=\"elementor-column elementor-col-100 elementor-top-column elementor-element elementor-element-9ad1fbf\" data-id=\"9ad1fbf\" data-element_type=\"column\">\n\t\t\t<div class=\"elementor-widget-wrap elementor-element-populated\">\n\t\t\t\t\t\t<div class=\"elementor-element elementor-element-00c3f12 elementor-widget-divider--view-line elementor-widget elementor-widget-divider\" data-id=\"00c3f12\" data-element_type=\"widget\" data-widget_type=\"divider.default\">\n\t\t\t\t<div class=\"elementor-widget-container\">\n\t\t\t\t\t\t\t<div class=\"elementor-divider\">\n\t\t\t<span class=\"elementor-divider-separator\">\n\t\t\t\t\t\t<\/span>\n\t\t<\/div>\n\t\t\t\t\t\t<\/div>\n\t\t\t\t<\/div>\n\t\t\t\t\t<\/div>\n\t\t<\/div>\n\t\t\t\t\t<\/div>\n\t\t<\/section>\n\t\t\t\t<section class=\"elementor-section elementor-top-section elementor-element elementor-element-42a03e4 elementor-section-boxed elementor-section-height-default elementor-section-height-default\" data-id=\"42a03e4\" data-element_type=\"section\">\n\t\t\t\t\t\t<div class=\"elementor-container elementor-column-gap-default\">\n\t\t\t\t\t<div class=\"elementor-column elementor-col-25 elementor-top-column elementor-element elementor-element-d0ed5f2\" data-id=\"d0ed5f2\" data-element_type=\"column\">\n\t\t\t<div class=\"elementor-widget-wrap elementor-element-populated\">\n\t\t\t\t\t\t<div class=\"elementor-element elementor-element-2426f0b elementor-hidden-tablet elementor-hidden-mobile elementor-widget elementor-widget-image\" data-id=\"2426f0b\" data-element_type=\"widget\" data-widget_type=\"image.default\">\n\t\t\t\t<div class=\"elementor-widget-container\">\n\t\t\t\t\t\t\t\t\t\t\t\t\t\t\t<img loading=\"lazy\" decoding=\"async\" width=\"625\" height=\"847\" src=\"https:\/\/pc.sc.gov.br\/\/wp-content\/uploads\/2024\/04\/Ewaldo-Vilella.png\" class=\"attachment-large size-large wp-image-19551\" alt=\"\" srcset=\"https:\/\/pc.sc.gov.br\/\/wp-content\/uploads\/2024\/04\/Ewaldo-Vilella.png 625w, https:\/\/pc.sc.gov.br\/\/wp-content\/uploads\/2024\/04\/Ewaldo-Vilella-221x300.png 221w\" sizes=\"(max-width: 625px) 100vw, 625px\" \/>\t\t\t\t\t\t\t\t\t\t\t\t\t\t\t<\/div>\n\t\t\t\t<\/div>\n\t\t\t\t\t<\/div>\n\t\t<\/div>\n\t\t\t\t<div class=\"elementor-column elementor-col-50 elementor-top-column elementor-element elementor-element-5ae392c\" data-id=\"5ae392c\" data-element_type=\"column\">\n\t\t\t<div class=\"elementor-widget-wrap elementor-element-populated\">\n\t\t\t\t\t\t<div class=\"elementor-element elementor-element-d0956a3 elementor-hidden-desktop elementor-widget elementor-widget-image\" data-id=\"d0956a3\" data-element_type=\"widget\" data-widget_type=\"image.default\">\n\t\t\t\t<div class=\"elementor-widget-container\">\n\t\t\t\t\t\t\t\t\t\t\t\t\t\t\t<img loading=\"lazy\" decoding=\"async\" width=\"625\" height=\"847\" src=\"https:\/\/pc.sc.gov.br\/\/wp-content\/uploads\/2024\/04\/Ewaldo-Vilella.png\" class=\"attachment-large size-large wp-image-19551\" alt=\"\" srcset=\"https:\/\/pc.sc.gov.br\/\/wp-content\/uploads\/2024\/04\/Ewaldo-Vilella.png 625w, https:\/\/pc.sc.gov.br\/\/wp-content\/uploads\/2024\/04\/Ewaldo-Vilella-221x300.png 221w\" sizes=\"(max-width: 625px) 100vw, 625px\" \/>\t\t\t\t\t\t\t\t\t\t\t\t\t\t\t<\/div>\n\t\t\t\t<\/div>\n\t\t\t\t<div class=\"elementor-element elementor-element-5eca5fe elementor-widget elementor-widget-text-editor\" data-id=\"5eca5fe\" data-element_type=\"widget\" data-widget_type=\"text-editor.default\">\n\t\t\t\t<div class=\"elementor-widget-container\">\n\t\t\t\t\t\t\t\t\t<h3><span dir=\"ltr\">Ewaldo Villela<\/span><\/h3><p><span dir=\"ltr\">09\/1973 a 03\/1975<\/span><\/p><p><span dir=\"ltr\">Nasceu no dia<\/span><span dir=\"ltr\">22.02.1937, na cidade de <\/span><span dir=\"ltr\">Florian\u00f3polis. Come\u00e7ou a trabalhar na Penitenci\u00e1ria de Florian\u00f3polis, conhecida como <\/span><span dir=\"ltr\">&#8220;Penitenci\u00e1ria da Pedra Grande&#8221; (inaugurada em 24.09.1930, ainda no governo Adolpho <\/span><span dir=\"ltr\">Konder &#8211; 1926\/1930), passando a se constituir um dos primeiros servidores daquele <\/span><span dir=\"ltr\">estabelecimento (iniciou como almoxarife &#8211; 1932), depois tesoureiro, chegando a ocupar <\/span><span dir=\"ltr\">o cargo de Diretor. Foi designado para exercer as fun\u00e7\u00f5es de secret\u00e1rio do Conselho <\/span><span dir=\"ltr\">Penitenci\u00e1rio, (1956) , onde permaneceu cerca de quatro anos, aproveitando para <\/span><span dir=\"ltr\">cursar a Faculdade de Direito da UFSC. J\u00e1 formado, no ano de 1960, passou a advogar <\/span><span dir=\"ltr\">na cidade de Capinzal. Foi nomeado Delegado de Pol\u00edcia em Joinville, passando por <\/span><span dir=\"ltr\">diversas cidades no Estado, como Tubar\u00e3o, Lages e Mafra. Foi o segundo <\/span><span dir=\"ltr\">Superintendente da Pol\u00edcia Civil. No ano de 1968 foi o primeiro presidente da <\/span><span dir=\"ltr\">SINDPESC (atual Adepol), quando foi criada a entidade. No ano de 1976 voltou \u00e0 <\/span><span dir=\"ltr\">presid\u00eancia e foi orador do plano de carreiras da Pol\u00edcia Civil (incluindo os Delegados <\/span><span dir=\"ltr\">de Pol\u00edcia).<\/span><\/p>\t\t\t\t\t\t\t\t<\/div>\n\t\t\t\t<\/div>\n\t\t\t\t\t<\/div>\n\t\t<\/div>\n\t\t\t\t<div class=\"elementor-column elementor-col-25 elementor-top-column elementor-element elementor-element-e115eaa\" data-id=\"e115eaa\" data-element_type=\"column\">\n\t\t\t<div class=\"elementor-widget-wrap\">\n\t\t\t\t\t\t\t<\/div>\n\t\t<\/div>\n\t\t\t\t\t<\/div>\n\t\t<\/section>\n\t\t\t\t<section class=\"elementor-section elementor-top-section elementor-element elementor-element-1e65b44 elementor-section-boxed elementor-section-height-default elementor-section-height-default\" data-id=\"1e65b44\" data-element_type=\"section\">\n\t\t\t\t\t\t<div class=\"elementor-container elementor-column-gap-default\">\n\t\t\t\t\t<div class=\"elementor-column elementor-col-100 elementor-top-column elementor-element elementor-element-d9e4314\" data-id=\"d9e4314\" data-element_type=\"column\">\n\t\t\t<div class=\"elementor-widget-wrap elementor-element-populated\">\n\t\t\t\t\t\t<div class=\"elementor-element elementor-element-e920e1e elementor-widget-divider--view-line elementor-widget elementor-widget-divider\" data-id=\"e920e1e\" data-element_type=\"widget\" data-widget_type=\"divider.default\">\n\t\t\t\t<div class=\"elementor-widget-container\">\n\t\t\t\t\t\t\t<div class=\"elementor-divider\">\n\t\t\t<span class=\"elementor-divider-separator\">\n\t\t\t\t\t\t<\/span>\n\t\t<\/div>\n\t\t\t\t\t\t<\/div>\n\t\t\t\t<\/div>\n\t\t\t\t\t<\/div>\n\t\t<\/div>\n\t\t\t\t\t<\/div>\n\t\t<\/section>\n\t\t\t\t<section class=\"elementor-section elementor-top-section elementor-element elementor-element-6a0cba8 elementor-section-boxed elementor-section-height-default elementor-section-height-default\" data-id=\"6a0cba8\" data-element_type=\"section\">\n\t\t\t\t\t\t<div class=\"elementor-container elementor-column-gap-default\">\n\t\t\t\t\t<div class=\"elementor-column elementor-col-25 elementor-top-column elementor-element elementor-element-e5be24c\" data-id=\"e5be24c\" data-element_type=\"column\">\n\t\t\t<div class=\"elementor-widget-wrap elementor-element-populated\">\n\t\t\t\t\t\t<div class=\"elementor-element elementor-element-e5f8eba elementor-hidden-tablet elementor-hidden-mobile elementor-widget elementor-widget-image\" data-id=\"e5f8eba\" data-element_type=\"widget\" data-widget_type=\"image.default\">\n\t\t\t\t<div class=\"elementor-widget-container\">\n\t\t\t\t\t\t\t\t\t\t\t\t\t\t\t<img loading=\"lazy\" decoding=\"async\" width=\"696\" height=\"901\" src=\"https:\/\/pc.sc.gov.br\/\/wp-content\/uploads\/2024\/04\/Jucelio-Costa-791x1024.png\" class=\"attachment-large size-large wp-image-19558\" alt=\"\" srcset=\"https:\/\/pc.sc.gov.br\/\/wp-content\/uploads\/2024\/04\/Jucelio-Costa-791x1024.png 791w, https:\/\/pc.sc.gov.br\/\/wp-content\/uploads\/2024\/04\/Jucelio-Costa-232x300.png 232w, https:\/\/pc.sc.gov.br\/\/wp-content\/uploads\/2024\/04\/Jucelio-Costa-768x994.png 768w, https:\/\/pc.sc.gov.br\/\/wp-content\/uploads\/2024\/04\/Jucelio-Costa-1187x1536.png 1187w, https:\/\/pc.sc.gov.br\/\/wp-content\/uploads\/2024\/04\/Jucelio-Costa.png 1236w\" sizes=\"(max-width: 696px) 100vw, 696px\" \/>\t\t\t\t\t\t\t\t\t\t\t\t\t\t\t<\/div>\n\t\t\t\t<\/div>\n\t\t\t\t\t<\/div>\n\t\t<\/div>\n\t\t\t\t<div class=\"elementor-column elementor-col-50 elementor-top-column elementor-element elementor-element-27c646b\" data-id=\"27c646b\" data-element_type=\"column\">\n\t\t\t<div class=\"elementor-widget-wrap elementor-element-populated\">\n\t\t\t\t\t\t<div class=\"elementor-element elementor-element-751f713 elementor-hidden-desktop elementor-widget elementor-widget-image\" data-id=\"751f713\" data-element_type=\"widget\" data-widget_type=\"image.default\">\n\t\t\t\t<div class=\"elementor-widget-container\">\n\t\t\t\t\t\t\t\t\t\t\t\t\t\t\t<img loading=\"lazy\" decoding=\"async\" width=\"696\" height=\"901\" src=\"https:\/\/pc.sc.gov.br\/\/wp-content\/uploads\/2024\/04\/Jucelio-Costa-791x1024.png\" class=\"attachment-large size-large wp-image-19558\" alt=\"\" srcset=\"https:\/\/pc.sc.gov.br\/\/wp-content\/uploads\/2024\/04\/Jucelio-Costa-791x1024.png 791w, https:\/\/pc.sc.gov.br\/\/wp-content\/uploads\/2024\/04\/Jucelio-Costa-232x300.png 232w, https:\/\/pc.sc.gov.br\/\/wp-content\/uploads\/2024\/04\/Jucelio-Costa-768x994.png 768w, https:\/\/pc.sc.gov.br\/\/wp-content\/uploads\/2024\/04\/Jucelio-Costa-1187x1536.png 1187w, https:\/\/pc.sc.gov.br\/\/wp-content\/uploads\/2024\/04\/Jucelio-Costa.png 1236w\" sizes=\"(max-width: 696px) 100vw, 696px\" \/>\t\t\t\t\t\t\t\t\t\t\t\t\t\t\t<\/div>\n\t\t\t\t<\/div>\n\t\t\t\t<div class=\"elementor-element elementor-element-d4a8e3d elementor-widget elementor-widget-text-editor\" data-id=\"d4a8e3d\" data-element_type=\"widget\" data-widget_type=\"text-editor.default\">\n\t\t\t\t<div class=\"elementor-widget-container\">\n\t\t\t\t\t\t\t\t\t<h3><span dir=\"ltr\">Juc\u00e9lio Costa<\/span><\/h3><p><span dir=\"ltr\">10\/1971 a 09\/1973<\/span><\/p><p><span dir=\"ltr\">Foi Superintendente da Pol\u00edcia Civil de Santa <\/span><span dir=\"ltr\">Catarina no per\u00edodo de outubro de 1971 e setembro de 1973. Durante essa <\/span><span dir=\"ltr\">administra\u00e7\u00e3o foi implantada a Superintend\u00eancia da Pol\u00edcia Civil (substituindo a &#8220;Divis\u00e3o <\/span><span dir=\"ltr\">de Pol\u00edcia Judici\u00e1ria&#8221;), \u00f3rg\u00e3o central de comando de todos os servi\u00e7os policiais civis, <\/span><span dir=\"ltr\">criada por meio da Lei n. 4.547, de 31 de dezembro de 1970, modificada pela Lei n. <\/span><span dir=\"ltr\">4.680, de 22.12.1971, que estabeleceu a estrutura de seus cargos de Dire\u00e7\u00e3o em <\/span><span dir=\"ltr\">substitui\u00e7\u00e3o \u00e0 Divis\u00e3o de Pol\u00edcia Judici\u00e1ria.<\/span><\/p>\t\t\t\t\t\t\t\t<\/div>\n\t\t\t\t<\/div>\n\t\t\t\t\t<\/div>\n\t\t<\/div>\n\t\t\t\t<div class=\"elementor-column elementor-col-25 elementor-top-column elementor-element elementor-element-e79f2d4\" data-id=\"e79f2d4\" data-element_type=\"column\">\n\t\t\t<div class=\"elementor-widget-wrap\">\n\t\t\t\t\t\t\t<\/div>\n\t\t<\/div>\n\t\t\t\t\t<\/div>\n\t\t<\/section>\n\t\t\t\t<section class=\"elementor-section elementor-top-section elementor-element elementor-element-40493f6 elementor-section-boxed elementor-section-height-default elementor-section-height-default\" data-id=\"40493f6\" data-element_type=\"section\">\n\t\t\t\t\t\t<div class=\"elementor-container elementor-column-gap-default\">\n\t\t\t\t\t<div class=\"elementor-column elementor-col-100 elementor-top-column elementor-element elementor-element-2981869\" data-id=\"2981869\" data-element_type=\"column\">\n\t\t\t<div class=\"elementor-widget-wrap elementor-element-populated\">\n\t\t\t\t\t\t<div class=\"elementor-element elementor-element-2c7f872 elementor-widget-divider--view-line elementor-widget elementor-widget-divider\" data-id=\"2c7f872\" data-element_type=\"widget\" data-widget_type=\"divider.default\">\n\t\t\t\t<div class=\"elementor-widget-container\">\n\t\t\t\t\t\t\t<div class=\"elementor-divider\">\n\t\t\t<span class=\"elementor-divider-separator\">\n\t\t\t\t\t\t<\/span>\n\t\t<\/div>\n\t\t\t\t\t\t<\/div>\n\t\t\t\t<\/div>\n\t\t\t\t\t<\/div>\n\t\t<\/div>\n\t\t\t\t\t<\/div>\n\t\t<\/section>\n\t\t\t\t<section class=\"elementor-section elementor-top-section elementor-element elementor-element-44d777f elementor-section-boxed elementor-section-height-default elementor-section-height-default\" data-id=\"44d777f\" data-element_type=\"section\">\n\t\t\t\t\t\t<div class=\"elementor-container elementor-column-gap-default\">\n\t\t\t\t\t<div class=\"elementor-column elementor-col-25 elementor-top-column elementor-element elementor-element-79d93e2\" data-id=\"79d93e2\" data-element_type=\"column\">\n\t\t\t<div class=\"elementor-widget-wrap elementor-element-populated\">\n\t\t\t\t\t\t<div class=\"elementor-element elementor-element-7505e6c elementor-hidden-tablet elementor-hidden-mobile elementor-widget elementor-widget-image\" data-id=\"7505e6c\" data-element_type=\"widget\" data-widget_type=\"image.default\">\n\t\t\t\t<div class=\"elementor-widget-container\">\n\t\t\t\t\t\t\t\t\t\t\t\t\t\t\t<img loading=\"lazy\" decoding=\"async\" width=\"569\" height=\"745\" src=\"https:\/\/pc.sc.gov.br\/\/wp-content\/uploads\/2024\/04\/Ulisses-Marcilio-Longo.jpg\" class=\"attachment-large size-large wp-image-19569\" alt=\"\" srcset=\"https:\/\/pc.sc.gov.br\/\/wp-content\/uploads\/2024\/04\/Ulisses-Marcilio-Longo.jpg 569w, https:\/\/pc.sc.gov.br\/\/wp-content\/uploads\/2024\/04\/Ulisses-Marcilio-Longo-229x300.jpg 229w\" sizes=\"(max-width: 569px) 100vw, 569px\" \/>\t\t\t\t\t\t\t\t\t\t\t\t\t\t\t<\/div>\n\t\t\t\t<\/div>\n\t\t\t\t\t<\/div>\n\t\t<\/div>\n\t\t\t\t<div class=\"elementor-column elementor-col-50 elementor-top-column elementor-element elementor-element-64ae73d\" data-id=\"64ae73d\" data-element_type=\"column\">\n\t\t\t<div class=\"elementor-widget-wrap elementor-element-populated\">\n\t\t\t\t\t\t<div class=\"elementor-element elementor-element-211f44e elementor-hidden-desktop elementor-widget elementor-widget-image\" data-id=\"211f44e\" data-element_type=\"widget\" data-widget_type=\"image.default\">\n\t\t\t\t<div class=\"elementor-widget-container\">\n\t\t\t\t\t\t\t\t\t\t\t\t\t\t\t<img loading=\"lazy\" decoding=\"async\" width=\"569\" height=\"745\" src=\"https:\/\/pc.sc.gov.br\/\/wp-content\/uploads\/2024\/04\/Ulisses-Marcilio-Longo.jpg\" class=\"attachment-large size-large wp-image-19569\" alt=\"\" srcset=\"https:\/\/pc.sc.gov.br\/\/wp-content\/uploads\/2024\/04\/Ulisses-Marcilio-Longo.jpg 569w, https:\/\/pc.sc.gov.br\/\/wp-content\/uploads\/2024\/04\/Ulisses-Marcilio-Longo-229x300.jpg 229w\" sizes=\"(max-width: 569px) 100vw, 569px\" \/>\t\t\t\t\t\t\t\t\t\t\t\t\t\t\t<\/div>\n\t\t\t\t<\/div>\n\t\t\t\t<div class=\"elementor-element elementor-element-e0133a2 elementor-widget elementor-widget-text-editor\" data-id=\"e0133a2\" data-element_type=\"widget\" data-widget_type=\"text-editor.default\">\n\t\t\t\t<div class=\"elementor-widget-container\">\n\t\t\t\t\t\t\t\t\t<h3><span dir=\"ltr\">Ulisses Marc\u00edlio Longo<\/span><\/h3><p><span dir=\"ltr\">11\/1967 a 10\/1971<\/span><\/p><p><span dir=\"ltr\">Formado em Direito, advogou ao longo <\/span><span dir=\"ltr\">da carreira e foi Delegado Regional de Pol\u00edcia em Santa Catarina, inicialmente <\/span><span dir=\"ltr\">nomeado para exercer em Timb\u00f3, na gest\u00e3o do General Vieira da Rosa, de 1966-1970, <\/span><span dir=\"ltr\">Secret\u00e1rio de Seguran\u00e7a P\u00fablica e Diretor da Divis\u00e3o de Pol\u00edcia Judici\u00e1ria (DPJ) no <\/span><span dir=\"ltr\">mesmo munic\u00edpio. <\/span><\/p>\t\t\t\t\t\t\t\t<\/div>\n\t\t\t\t<\/div>\n\t\t\t\t\t<\/div>\n\t\t<\/div>\n\t\t\t\t<div class=\"elementor-column elementor-col-25 elementor-top-column elementor-element elementor-element-741bdd0\" data-id=\"741bdd0\" data-element_type=\"column\">\n\t\t\t<div class=\"elementor-widget-wrap\">\n\t\t\t\t\t\t\t<\/div>\n\t\t<\/div>\n\t\t\t\t\t<\/div>\n\t\t<\/section>\n\t\t\t\t<\/div>\n\t\t","protected":false},"excerpt":{"rendered":"<p>Galeria de Delegados-Gerais da Pol\u00edcia Civil de Santa Catarina \u00a0 \u00a0 Ulisses Gabriel Catarinense de Turvo, casado com Thayni Librelato e pai da Maria Eduarda. Delegado de Pol\u00edcia Civil desde 2007. Delegado-Geral da Pol\u00edcia Civil de Santa Catarina desde 2023. Graduado em Direito pela Universidade do Sul de Santa Catarina &#8211; Unisul. P\u00f3s-Graduado, &#8220;lato sensu&#8221;, [&hellip;]<\/p>\n","protected":false},"author":2,"featured_media":0,"parent":0,"menu_order":0,"comment_status":"closed","ping_status":"closed","template":"","meta":{"_monsterinsights_skip_tracking":false,"_monsterinsights_sitenote_active":false,"_monsterinsights_sitenote_note":"","_monsterinsights_sitenote_category":0,"footnotes":""},"class_list":["post-19535","page","type-page","status-publish","hentry"],"_links":{"self":[{"href":"https:\/\/pc.sc.gov.br\/index.php?rest_route=\/wp\/v2\/pages\/19535","targetHints":{"allow":["GET"]}}],"collection":[{"href":"https:\/\/pc.sc.gov.br\/index.php?rest_route=\/wp\/v2\/pages"}],"about":[{"href":"https:\/\/pc.sc.gov.br\/index.php?rest_route=\/wp\/v2\/types\/page"}],"author":[{"embeddable":true,"href":"https:\/\/pc.sc.gov.br\/index.php?rest_route=\/wp\/v2\/users\/2"}],"replies":[{"embeddable":true,"href":"https:\/\/pc.sc.gov.br\/index.php?rest_route=%2Fwp%2Fv2%2Fcomments&post=19535"}],"version-history":[{"count":37,"href":"https:\/\/pc.sc.gov.br\/index.php?rest_route=\/wp\/v2\/pages\/19535\/revisions"}],"predecessor-version":[{"id":22326,"href":"https:\/\/pc.sc.gov.br\/index.php?rest_route=\/wp\/v2\/pages\/19535\/revisions\/22326"}],"wp:attachment":[{"href":"https:\/\/pc.sc.gov.br\/index.php?rest_route=%2Fwp%2Fv2%2Fmedia&parent=19535"}],"curies":[{"name":"wp","href":"https:\/\/api.w.org\/{rel}","templated":true}]}}