{"id":3623,"date":"2023-01-05T11:10:42","date_gmt":"2023-01-05T14:10:42","guid":{"rendered":"https:\/\/pc.sc.gov.br\/?page_id=3623"},"modified":"2023-08-15T13:37:42","modified_gmt":"2023-08-15T16:37:42","slug":"protecao-animal","status":"publish","type":"page","link":"https:\/\/pc.sc.gov.br\/?page_id=3623","title":{"rendered":"Prote\u00e7\u00e3o Animal"},"content":{"rendered":"\t\t<div data-elementor-type=\"wp-page\" data-elementor-id=\"3623\" class=\"elementor elementor-3623\" data-elementor-post-type=\"page\">\n\t\t\t\t\t\t<section class=\"elementor-section elementor-top-section elementor-element elementor-element-dfd7c96 elementor-section-boxed elementor-section-height-default elementor-section-height-default\" data-id=\"dfd7c96\" data-element_type=\"section\">\n\t\t\t\t\t\t<div class=\"elementor-container elementor-column-gap-default\">\n\t\t\t\t\t<div class=\"elementor-column elementor-col-100 elementor-top-column elementor-element elementor-element-1a51775\" data-id=\"1a51775\" data-element_type=\"column\">\n\t\t\t<div class=\"elementor-widget-wrap elementor-element-populated\">\n\t\t\t\t\t\t<div class=\"elementor-element elementor-element-a5309b0 elementor-widget elementor-widget-heading\" data-id=\"a5309b0\" data-element_type=\"widget\" data-widget_type=\"heading.default\">\n\t\t\t\t<div class=\"elementor-widget-container\">\n\t\t\t\t\t<h2 class=\"elementor-heading-title elementor-size-default\">Delegacia Virtual de Prote\u00e7\u00e3o Animal<\/h2>\t\t\t\t<\/div>\n\t\t\t\t<\/div>\n\t\t\t\t<div class=\"elementor-element elementor-element-dbcaac1 elementor-widget elementor-widget-image\" data-id=\"dbcaac1\" data-element_type=\"widget\" data-widget_type=\"image.default\">\n\t\t\t\t<div class=\"elementor-widget-container\">\n\t\t\t\t\t\t\t\t\t\t\t\t\t\t\t<img fetchpriority=\"high\" decoding=\"async\" width=\"1200\" height=\"300\" src=\"https:\/\/pc.sc.gov.br\/\/wp-content\/uploads\/2023\/01\/banner-maus-tratos-animais.png\" class=\"attachment-2048x2048 size-2048x2048 wp-image-3672\" alt=\"\" srcset=\"https:\/\/pc.sc.gov.br\/\/wp-content\/uploads\/2023\/01\/banner-maus-tratos-animais.png 1200w, https:\/\/pc.sc.gov.br\/\/wp-content\/uploads\/2023\/01\/banner-maus-tratos-animais-300x75.png 300w, https:\/\/pc.sc.gov.br\/\/wp-content\/uploads\/2023\/01\/banner-maus-tratos-animais-1024x256.png 1024w, https:\/\/pc.sc.gov.br\/\/wp-content\/uploads\/2023\/01\/banner-maus-tratos-animais-768x192.png 768w\" sizes=\"(max-width: 1200px) 100vw, 1200px\" \/>\t\t\t\t\t\t\t\t\t\t\t\t\t\t\t<\/div>\n\t\t\t\t<\/div>\n\t\t\t\t\t<\/div>\n\t\t<\/div>\n\t\t\t\t\t<\/div>\n\t\t<\/section>\n\t\t\t\t<section class=\"elementor-section elementor-top-section elementor-element elementor-element-ad47b24 elementor-section-boxed elementor-section-height-default elementor-section-height-default\" data-id=\"ad47b24\" data-element_type=\"section\">\n\t\t\t\t\t\t<div class=\"elementor-container elementor-column-gap-default\">\n\t\t\t\t\t<div class=\"elementor-column elementor-col-100 elementor-top-column elementor-element elementor-element-ba0f9be\" data-id=\"ba0f9be\" data-element_type=\"column\">\n\t\t\t<div class=\"elementor-widget-wrap elementor-element-populated\">\n\t\t\t\t\t\t<div class=\"elementor-element elementor-element-5d0c3db elementor-widget elementor-widget-text-editor\" data-id=\"5d0c3db\" data-element_type=\"widget\" data-widget_type=\"text-editor.default\">\n\t\t\t\t<div class=\"elementor-widget-container\">\n\t\t\t\t\t\t\t\t\t<p>Agora voc\u00ea pode registrar o crime de maus-tratos contra animais pela internet. O novo servi\u00e7o da Pol\u00edcia Civil de Santa Catarina permite que voc\u00ea fa\u00e7a o registro sem sair de casa.<\/p>\t\t\t\t\t\t\t\t<\/div>\n\t\t\t\t<\/div>\n\t\t\t\t<div class=\"elementor-element elementor-element-b2a4213 elementor-widget elementor-widget-text-editor\" data-id=\"b2a4213\" data-element_type=\"widget\" data-widget_type=\"text-editor.default\">\n\t\t\t\t<div class=\"elementor-widget-container\">\n\t\t\t\t\t\t\t\t\t<p>O que \u00e9 considerado crime de maus-tratos?<\/p>\t\t\t\t\t\t\t\t<\/div>\n\t\t\t\t<\/div>\n\t\t\t\t<div class=\"elementor-element elementor-element-a072998 elementor-widget elementor-widget-text-editor\" data-id=\"a072998\" data-element_type=\"widget\" data-widget_type=\"text-editor.default\">\n\t\t\t\t<div class=\"elementor-widget-container\">\n\t\t\t\t\t\t\t\t\t<p>\u00c9 a pr\u00e1tica de qualquer ato que cause dor ou sofrimento a animais silvestres, dom\u00e9sticos ou domesticados, nativos ou ex\u00f3ticos, como:<\/p><ul><li>Ferir, mutilar, envenenar ou fazer rinha<\/li><li>Zoofilia<\/li><li>Abandono de animais<\/li><li>N\u00e3o dar comida ou \u00e1gua diariamente<\/li><li>Manter em locais pequenos sem higiene e\/ou circula\u00e7\u00e3o ou manter o animal desprotegido de condi\u00e7\u00f5es clim\u00e1ticas<\/li><li>Causar sofrimento atrav\u00e9s de m\u00e9todos de puni\u00e7\u00e3o com intuito de treinar ou exibir o animal<\/li><li>Negar assist\u00eancia veterin\u00e1ria<\/li><\/ul>\t\t\t\t\t\t\t\t<\/div>\n\t\t\t\t<\/div>\n\t\t\t\t<div class=\"elementor-element elementor-element-5000209 elementor-widget elementor-widget-text-editor\" data-id=\"5000209\" data-element_type=\"widget\" data-widget_type=\"text-editor.default\">\n\t\t\t\t<div class=\"elementor-widget-container\">\n\t\t\t\t\t\t\t\t\t<p>Qual a pena para o crime?<\/p>\t\t\t\t\t\t\t\t<\/div>\n\t\t\t\t<\/div>\n\t\t\t\t<div class=\"elementor-element elementor-element-2dc0bcf elementor-widget elementor-widget-text-editor\" data-id=\"2dc0bcf\" data-element_type=\"widget\" data-widget_type=\"text-editor.default\">\n\t\t\t\t<div class=\"elementor-widget-container\">\n\t\t\t\t\t\t\t\t\t<p>Os indiv\u00edduos que cometerem crimes contra animais poder\u00e3o pegar pena de reclus\u00e3o, al\u00e9m de multa e proibi\u00e7\u00e3o da guarda do animal.<br \/>Os crimes cometidos contra gatos ou c\u00e3es podem gerar pena de 2 a 5 anos. J\u00e1 contra outros animais, de 3 meses a 1 ano.<\/p>\t\t\t\t\t\t\t\t<\/div>\n\t\t\t\t<\/div>\n\t\t\t\t\t<\/div>\n\t\t<\/div>\n\t\t\t\t\t<\/div>\n\t\t<\/section>\n\t\t\t\t<section class=\"elementor-section elementor-top-section elementor-element elementor-element-c3d7a39 elementor-section-content-middle elementor-section-boxed elementor-section-height-default elementor-section-height-default\" data-id=\"c3d7a39\" data-element_type=\"section\" data-settings=\"{&quot;background_background&quot;:&quot;classic&quot;}\">\n\t\t\t\t\t\t<div class=\"elementor-container elementor-column-gap-default\">\n\t\t\t\t\t<div class=\"elementor-column elementor-col-50 elementor-top-column elementor-element elementor-element-8c72350\" data-id=\"8c72350\" data-element_type=\"column\">\n\t\t\t<div class=\"elementor-widget-wrap elementor-element-populated\">\n\t\t\t\t\t\t<div class=\"elementor-element elementor-element-edb10e1 elementor-widget elementor-widget-text-editor\" data-id=\"edb10e1\" data-element_type=\"widget\" data-widget_type=\"text-editor.default\">\n\t\t\t\t<div class=\"elementor-widget-container\">\n\t\t\t\t\t\t\t\t\t<p>Utilize nossa Delegacia Virtual para abrir um Boletim de Ocorr\u00eancia de Maus Tratos ou registrar uma Den\u00fancia An\u00f4nima<\/p>\t\t\t\t\t\t\t\t<\/div>\n\t\t\t\t<\/div>\n\t\t\t\t\t<\/div>\n\t\t<\/div>\n\t\t\t\t<div class=\"elementor-column elementor-col-50 elementor-top-column elementor-element elementor-element-f3dcfe7\" data-id=\"f3dcfe7\" data-element_type=\"column\">\n\t\t\t<div class=\"elementor-widget-wrap elementor-element-populated\">\n\t\t\t\t\t\t<div class=\"elementor-element elementor-element-fe89960 elementor-widget elementor-widget-sina_dynamic_button\" data-id=\"fe89960\" data-element_type=\"widget\" data-widget_type=\"sina_dynamic_button.default\">\n\t\t\t\t<div class=\"elementor-widget-container\">\n\t\t\t\t\t\t\t<div class=\"sina-dynamic-button\">\r\n\t\t\t<a  class=\"sina-dynamic-btn  sina-anim-left-moving \" href=\"https:\/\/denuncias.pc.sc.gov.br\/\"\r\n\t\t\t\t\t\t\t\t\t\t\t\t>\r\n\t\t\t\t\t\t\t\t<i class=\"icofont icofont-police-cap sina-icon-left\"><\/i>\r\n\t\t\t\tDen\u00fancia An\u00f4nima\t\t\t\t\t<\/a>\r\n\t\t<\/div><!-- .sina-dynamic-button -->\r\n\t\t\t\t\t\t<\/div>\n\t\t\t\t<\/div>\n\t\t\t\t\t<\/div>\n\t\t<\/div>\n\t\t\t\t\t<\/div>\n\t\t<\/section>\n\t\t\t\t<\/div>\n\t\t","protected":false},"excerpt":{"rendered":"<p>Delegacia Virtual de Prote\u00e7\u00e3o Animal Agora voc\u00ea pode registrar o crime de maus-tratos contra animais pela internet. O novo servi\u00e7o da Pol\u00edcia Civil de Santa Catarina permite que voc\u00ea fa\u00e7a o registro sem sair de casa. O que \u00e9 considerado crime de maus-tratos? \u00c9 a pr\u00e1tica de qualquer ato que cause dor ou sofrimento a [&hellip;]<\/p>\n","protected":false},"author":2,"featured_media":0,"parent":0,"menu_order":0,"comment_status":"closed","ping_status":"closed","template":"","meta":{"_monsterinsights_skip_tracking":false,"_monsterinsights_sitenote_active":false,"_monsterinsights_sitenote_note":"","_monsterinsights_sitenote_category":0,"footnotes":""},"class_list":["post-3623","page","type-page","status-publish","hentry"],"_links":{"self":[{"href":"https:\/\/pc.sc.gov.br\/index.php?rest_route=\/wp\/v2\/pages\/3623","targetHints":{"allow":["GET"]}}],"collection":[{"href":"https:\/\/pc.sc.gov.br\/index.php?rest_route=\/wp\/v2\/pages"}],"about":[{"href":"https:\/\/pc.sc.gov.br\/index.php?rest_route=\/wp\/v2\/types\/page"}],"author":[{"embeddable":true,"href":"https:\/\/pc.sc.gov.br\/index.php?rest_route=\/wp\/v2\/users\/2"}],"replies":[{"embeddable":true,"href":"https:\/\/pc.sc.gov.br\/index.php?rest_route=%2Fwp%2Fv2%2Fcomments&post=3623"}],"version-history":[{"count":64,"href":"https:\/\/pc.sc.gov.br\/index.php?rest_route=\/wp\/v2\/pages\/3623\/revisions"}],"predecessor-version":[{"id":12500,"href":"https:\/\/pc.sc.gov.br\/index.php?rest_route=\/wp\/v2\/pages\/3623\/revisions\/12500"}],"wp:attachment":[{"href":"https:\/\/pc.sc.gov.br\/index.php?rest_route=%2Fwp%2Fv2%2Fmedia&parent=3623"}],"curies":[{"name":"wp","href":"https:\/\/api.w.org\/{rel}","templated":true}]}}