{"id":61,"date":"2022-10-14T15:53:40","date_gmt":"2022-10-14T18:53:40","guid":{"rendered":"https:\/\/pc.sc.gov.br\/?page_id=61"},"modified":"2023-01-17T15:46:40","modified_gmt":"2023-01-17T18:46:40","slug":"pc_por_elas","status":"publish","type":"page","link":"https:\/\/pc.sc.gov.br\/?page_id=61","title":{"rendered":"PC por Elas"},"content":{"rendered":"\t\t<div data-elementor-type=\"wp-page\" data-elementor-id=\"61\" class=\"elementor elementor-61\" data-elementor-post-type=\"page\">\n\t\t\t\t\t\t<section class=\"elementor-section elementor-top-section elementor-element elementor-element-4978447 elementor-section-boxed elementor-section-height-default elementor-section-height-default\" data-id=\"4978447\" data-element_type=\"section\">\n\t\t\t\t\t\t<div class=\"elementor-container elementor-column-gap-default\">\n\t\t\t\t\t<div class=\"elementor-column elementor-col-100 elementor-top-column elementor-element elementor-element-3fed61d\" data-id=\"3fed61d\" data-element_type=\"column\">\n\t\t\t<div class=\"elementor-widget-wrap elementor-element-populated\">\n\t\t\t\t\t\t<div class=\"elementor-element elementor-element-099cfac elementor-widget elementor-widget-heading\" data-id=\"099cfac\" data-element_type=\"widget\" data-widget_type=\"heading.default\">\n\t\t\t\t<div class=\"elementor-widget-container\">\n\t\t\t\t\t<h2 class=\"elementor-heading-title elementor-size-default\">Apresenta\u00e7\u00e3o<\/h2>\t\t\t\t<\/div>\n\t\t\t\t<\/div>\n\t\t\t\t\t<\/div>\n\t\t<\/div>\n\t\t\t\t\t<\/div>\n\t\t<\/section>\n\t\t\t\t<section class=\"elementor-section elementor-top-section elementor-element elementor-element-9b3db15 elementor-section-boxed elementor-section-height-default elementor-section-height-default\" data-id=\"9b3db15\" data-element_type=\"section\">\n\t\t\t\t\t\t<div class=\"elementor-container elementor-column-gap-default\">\n\t\t\t\t\t<div class=\"elementor-column elementor-col-50 elementor-top-column elementor-element elementor-element-a5364bc\" data-id=\"a5364bc\" data-element_type=\"column\">\n\t\t\t<div class=\"elementor-widget-wrap elementor-element-populated\">\n\t\t\t\t\t\t<div class=\"elementor-element elementor-element-46e5d91 elementor-hidden-desktop elementor-widget elementor-widget-image\" data-id=\"46e5d91\" data-element_type=\"widget\" data-widget_type=\"image.default\">\n\t\t\t\t<div class=\"elementor-widget-container\">\n\t\t\t\t\t\t\t\t\t\t\t\t\t\t\t\t<a href=\"http:\/\/pcporelas.pc.sc.gov.br\" target=\"_blank\">\n\t\t\t\t\t\t\t<img fetchpriority=\"high\" decoding=\"async\" width=\"696\" height=\"464\" src=\"https:\/\/pc.sc.gov.br\/\/wp-content\/uploads\/2022\/10\/capapcporelas-1024x683.jpg\" class=\"attachment-large size-large wp-image-254\" alt=\"Pol\u00edcia Civil por Elas\" srcset=\"https:\/\/pc.sc.gov.br\/\/wp-content\/uploads\/2022\/10\/capapcporelas-1024x683.jpg 1024w, https:\/\/pc.sc.gov.br\/\/wp-content\/uploads\/2022\/10\/capapcporelas-300x200.jpg 300w, https:\/\/pc.sc.gov.br\/\/wp-content\/uploads\/2022\/10\/capapcporelas-768x512.jpg 768w, https:\/\/pc.sc.gov.br\/\/wp-content\/uploads\/2022\/10\/capapcporelas-1536x1024.jpg 1536w, https:\/\/pc.sc.gov.br\/\/wp-content\/uploads\/2022\/10\/capapcporelas.jpg 1800w\" sizes=\"(max-width: 696px) 100vw, 696px\" \/>\t\t\t\t\t\t\t\t<\/a>\n\t\t\t\t\t\t\t\t\t\t\t\t\t\t\t<\/div>\n\t\t\t\t<\/div>\n\t\t\t\t<div class=\"elementor-element elementor-element-a7ba7d4 elementor-align-center elementor-hidden-desktop elementor-widget elementor-widget-button\" data-id=\"a7ba7d4\" data-element_type=\"widget\" data-widget_type=\"button.default\">\n\t\t\t\t<div class=\"elementor-widget-container\">\n\t\t\t\t\t\t\t\t\t<div class=\"elementor-button-wrapper\">\n\t\t\t\t\t<a class=\"elementor-button elementor-button-link elementor-size-sm\" href=\"http:\/\/pcporelas.pc.sc.gov.br\" target=\"_blank\">\n\t\t\t\t\t\t<span class=\"elementor-button-content-wrapper\">\n\t\t\t\t\t\t\t\t\t<span class=\"elementor-button-text\">Acessar o site<\/span>\n\t\t\t\t\t<\/span>\n\t\t\t\t\t<\/a>\n\t\t\t\t<\/div>\n\t\t\t\t\t\t\t\t<\/div>\n\t\t\t\t<\/div>\n\t\t\t\t<div class=\"elementor-element elementor-element-2de4c3c elementor-widget elementor-widget-text-editor\" data-id=\"2de4c3c\" data-element_type=\"widget\" data-widget_type=\"text-editor.default\">\n\t\t\t\t<div class=\"elementor-widget-container\">\n\t\t\t\t\t\t\t\t\t<p>O Pol\u00edcia Civil por Elas tem como objetivo integrar os servi\u00e7os da institui\u00e7\u00e3o para que atue em diferentes propostas e garanta desde a preven\u00e7\u00e3o at\u00e9 o atendimento adequado \u00e0s mulheres e fam\u00edlias vitimizadas pela viol\u00eancia. O trabalho se materializa atrav\u00e9s de atividades como atendimentos individuais e em grupos para mulheres, grupos de homens, grupos com adolescentes no ambiente escolar, semin\u00e1rios regionalizados, pesquisas institucionais e acad\u00eamicas e capacita\u00e7\u00e3o de policiais civis para lidar com a tem\u00e1tica. Tais medidas possibilitam o acolhimento das v\u00edtimas, a desconstru\u00e7\u00e3o de padr\u00f5es de viol\u00eancia com os autores, a atua\u00e7\u00e3o de forma preventiva com adolescentes, al\u00e9m de capacitar e oferecer suporte emocional aos policiais que realizam atendimento nas delegacias especializadas.<\/p>\t\t\t\t\t\t\t\t<\/div>\n\t\t\t\t<\/div>\n\t\t\t\t\t<\/div>\n\t\t<\/div>\n\t\t\t\t<div class=\"elementor-column elementor-col-50 elementor-top-column elementor-element elementor-element-eeb8436\" data-id=\"eeb8436\" data-element_type=\"column\">\n\t\t\t<div class=\"elementor-widget-wrap elementor-element-populated\">\n\t\t\t\t\t\t<div class=\"elementor-element elementor-element-fb81aed elementor-hidden-tablet elementor-hidden-mobile elementor-widget elementor-widget-image\" data-id=\"fb81aed\" data-element_type=\"widget\" data-widget_type=\"image.default\">\n\t\t\t\t<div class=\"elementor-widget-container\">\n\t\t\t\t\t\t\t\t\t\t\t\t\t\t\t\t<a href=\"http:\/\/pcporelas.pc.sc.gov.br\" target=\"_blank\">\n\t\t\t\t\t\t\t<img fetchpriority=\"high\" decoding=\"async\" width=\"696\" height=\"464\" src=\"https:\/\/pc.sc.gov.br\/\/wp-content\/uploads\/2022\/10\/capapcporelas-1024x683.jpg\" class=\"attachment-large size-large wp-image-254\" alt=\"Pol\u00edcia Civil por Elas\" srcset=\"https:\/\/pc.sc.gov.br\/\/wp-content\/uploads\/2022\/10\/capapcporelas-1024x683.jpg 1024w, https:\/\/pc.sc.gov.br\/\/wp-content\/uploads\/2022\/10\/capapcporelas-300x200.jpg 300w, https:\/\/pc.sc.gov.br\/\/wp-content\/uploads\/2022\/10\/capapcporelas-768x512.jpg 768w, https:\/\/pc.sc.gov.br\/\/wp-content\/uploads\/2022\/10\/capapcporelas-1536x1024.jpg 1536w, https:\/\/pc.sc.gov.br\/\/wp-content\/uploads\/2022\/10\/capapcporelas.jpg 1800w\" sizes=\"(max-width: 696px) 100vw, 696px\" \/>\t\t\t\t\t\t\t\t<\/a>\n\t\t\t\t\t\t\t\t\t\t\t\t\t\t\t<\/div>\n\t\t\t\t<\/div>\n\t\t\t\t<div class=\"elementor-element elementor-element-862454d elementor-align-center elementor-hidden-tablet elementor-hidden-mobile elementor-widget elementor-widget-button\" data-id=\"862454d\" data-element_type=\"widget\" data-widget_type=\"button.default\">\n\t\t\t\t<div class=\"elementor-widget-container\">\n\t\t\t\t\t\t\t\t\t<div class=\"elementor-button-wrapper\">\n\t\t\t\t\t<a class=\"elementor-button elementor-button-link elementor-size-sm\" href=\"http:\/\/pcporelas.pc.sc.gov.br\" target=\"_blank\">\n\t\t\t\t\t\t<span class=\"elementor-button-content-wrapper\">\n\t\t\t\t\t\t\t\t\t<span class=\"elementor-button-text\">Acessar o site<\/span>\n\t\t\t\t\t<\/span>\n\t\t\t\t\t<\/a>\n\t\t\t\t<\/div>\n\t\t\t\t\t\t\t\t<\/div>\n\t\t\t\t<\/div>\n\t\t\t\t\t<\/div>\n\t\t<\/div>\n\t\t\t\t\t<\/div>\n\t\t<\/section>\n\t\t\t\t<section class=\"elementor-section elementor-top-section elementor-element elementor-element-d96da1c elementor-section-boxed elementor-section-height-default elementor-section-height-default\" data-id=\"d96da1c\" data-element_type=\"section\">\n\t\t\t\t\t\t<div class=\"elementor-container elementor-column-gap-default\">\n\t\t\t\t\t<div class=\"elementor-column elementor-col-100 elementor-top-column elementor-element elementor-element-5aad565\" data-id=\"5aad565\" data-element_type=\"column\">\n\t\t\t<div class=\"elementor-widget-wrap elementor-element-populated\">\n\t\t\t\t\t\t<div class=\"elementor-element elementor-element-03e42da elementor-widget elementor-widget-text-editor\" data-id=\"03e42da\" data-element_type=\"widget\" data-widget_type=\"text-editor.default\">\n\t\t\t\t<div class=\"elementor-widget-container\">\n\t\t\t\t\t\t\t\t\t<p>Todas essas atividades v\u00eam sendo articuladas com a rede de prote\u00e7\u00e3o e universidades para que se busque alinhar o discurso (bem como pr\u00e1ticas com as institui\u00e7\u00f5es parceiras. Essas a\u00e7\u00f5es, que incluem a preven\u00e7\u00e3o, a participa\u00e7\u00e3o social e a intersetorialidade, encontram sua fundamenta\u00e7\u00e3o no paradigma da Seguran\u00e7a Cidad\u00e3, compreendendo o fen\u00f4meno da viol\u00eancia de maneira multicausal&nbsp; e heterog\u00eanea. Dentro desse contexto, o Programa Pol\u00edcia Civil Por Elas busca o compartilhamento de a\u00e7\u00f5es que acontecem no Estado e fomento da reflex\u00e3o sobre o enfrentamento a viol\u00eancia contra as mulheres.<\/p>\n<p><strong>Hist\u00f3ria<\/strong><\/p>\n<p>No ano de 2018, a Delegacia Geral de Pol\u00edcia Civil, &nbsp;atrav\u00e9s da Coordenadoria das DPCAMIs e de pol\u00edticas p\u00fablicas voltadas ao p\u00fablico LGBT, &nbsp;lan\u00e7ou o Programa Policia Civil por Elas. O intuito foi ampliar a atua\u00e7\u00e3o da Pol\u00edcia Civil no enfrentamento \u00e0 viol\u00eancia contra as mulheres, visto o crescente n\u00famero de registros em todo o pa\u00eds. Dessa forma, a Delegada Patr\u00edcia Zimmermann D\u2019\u00c1vila e o Psic\u00f3logo Policial Ant\u00f4nio Carlos Jos\u00e9 Britto, articularam as primeiras a\u00e7\u00f5es ap\u00f3s reuni\u00e3o com um grupo de psic\u00f3logos das Delegacias do litoral norte que aceitaram o desafio.<\/p>\n<p>Assim, em mar\u00e7o de 2018, a DPCAMI de Itaja\u00ed iniciou a primeira&nbsp; a\u00e7\u00e3o do programa: o grupo reflexivo de mulheres v\u00edtimas de viol\u00eancia. Logo, as a\u00e7\u00f5es se estenderam para as cidades de Conc\u00f3rdia, Timb\u00f3 e Joinville que, al\u00e9m do grupo de mulheres, criou tamb\u00e9m o grupo reflexivo de autores de viol\u00eancia, ampliando as frentes de a\u00e7\u00e3o do Programa. Hoje, as a\u00e7\u00f5es se estendem para diversas DPCAMIs e DPCos por todo o Estado.<\/p>\t\t\t\t\t\t\t\t<\/div>\n\t\t\t\t<\/div>\n\t\t\t\t<div class=\"elementor-element elementor-element-4aec371 elementor-widget elementor-widget-image\" data-id=\"4aec371\" data-element_type=\"widget\" data-widget_type=\"image.default\">\n\t\t\t\t<div class=\"elementor-widget-container\">\n\t\t\t\t\t\t\t\t\t\t\t\t\t\t\t<img decoding=\"async\" width=\"696\" height=\"391\" src=\"https:\/\/pc.sc.gov.br\/\/wp-content\/uploads\/2022\/10\/grupo_pc-por-elas-1024x575.jpeg\" class=\"attachment-large size-large wp-image-256\" alt=\"\" srcset=\"https:\/\/pc.sc.gov.br\/\/wp-content\/uploads\/2022\/10\/grupo_pc-por-elas-1024x575.jpeg 1024w, https:\/\/pc.sc.gov.br\/\/wp-content\/uploads\/2022\/10\/grupo_pc-por-elas-300x169.jpeg 300w, https:\/\/pc.sc.gov.br\/\/wp-content\/uploads\/2022\/10\/grupo_pc-por-elas-768x431.jpeg 768w, https:\/\/pc.sc.gov.br\/\/wp-content\/uploads\/2022\/10\/grupo_pc-por-elas.jpeg 1280w\" sizes=\"(max-width: 696px) 100vw, 696px\" \/>\t\t\t\t\t\t\t\t\t\t\t\t\t\t\t<\/div>\n\t\t\t\t<\/div>\n\t\t\t\t\t<\/div>\n\t\t<\/div>\n\t\t\t\t\t<\/div>\n\t\t<\/section>\n\t\t\t\t<\/div>\n\t\t","protected":false},"excerpt":{"rendered":"<p>Apresenta\u00e7\u00e3o Acessar o site O Pol\u00edcia Civil por Elas tem como objetivo integrar os servi\u00e7os da institui\u00e7\u00e3o para que atue em diferentes propostas e garanta desde a preven\u00e7\u00e3o at\u00e9 o atendimento adequado \u00e0s mulheres e fam\u00edlias vitimizadas pela viol\u00eancia. O trabalho se materializa atrav\u00e9s de atividades como atendimentos individuais e em grupos para mulheres, grupos [&hellip;]<\/p>\n","protected":false},"author":1,"featured_media":0,"parent":47,"menu_order":0,"comment_status":"closed","ping_status":"closed","template":"elementor_header_footer","meta":{"_monsterinsights_skip_tracking":false,"_monsterinsights_sitenote_active":false,"_monsterinsights_sitenote_note":"","_monsterinsights_sitenote_category":0,"footnotes":""},"class_list":["post-61","page","type-page","status-publish","hentry"],"_links":{"self":[{"href":"https:\/\/pc.sc.gov.br\/index.php?rest_route=\/wp\/v2\/pages\/61","targetHints":{"allow":["GET"]}}],"collection":[{"href":"https:\/\/pc.sc.gov.br\/index.php?rest_route=\/wp\/v2\/pages"}],"about":[{"href":"https:\/\/pc.sc.gov.br\/index.php?rest_route=\/wp\/v2\/types\/page"}],"author":[{"embeddable":true,"href":"https:\/\/pc.sc.gov.br\/index.php?rest_route=\/wp\/v2\/users\/1"}],"replies":[{"embeddable":true,"href":"https:\/\/pc.sc.gov.br\/index.php?rest_route=%2Fwp%2Fv2%2Fcomments&post=61"}],"version-history":[{"count":34,"href":"https:\/\/pc.sc.gov.br\/index.php?rest_route=\/wp\/v2\/pages\/61\/revisions"}],"predecessor-version":[{"id":4079,"href":"https:\/\/pc.sc.gov.br\/index.php?rest_route=\/wp\/v2\/pages\/61\/revisions\/4079"}],"up":[{"embeddable":true,"href":"https:\/\/pc.sc.gov.br\/index.php?rest_route=\/wp\/v2\/pages\/47"}],"wp:attachment":[{"href":"https:\/\/pc.sc.gov.br\/index.php?rest_route=%2Fwp%2Fv2%2Fmedia&parent=61"}],"curies":[{"name":"wp","href":"https:\/\/api.w.org\/{rel}","templated":true}]}}